{"id":609,"date":"2017-01-19T11:13:41","date_gmt":"2017-01-19T10:13:41","guid":{"rendered":"https:\/\/lfsevilla.com\/preguntas-frencuentes-faq\/"},"modified":"2026-03-19T11:39:19","modified_gmt":"2026-03-19T10:39:19","slug":"foire-aux-questions","status":"publish","type":"page","link":"https:\/\/lfsevilla.com\/fr\/foire-aux-questions\/","title":{"rendered":"Foire aux questions"},"content":{"rendered":"<p>[et_pb_section fb_built=&#8221;1&#8243; _builder_version=&#8221;4.16&#8243; global_colors_info=&#8221;{}&#8221;][et_pb_row _builder_version=&#8221;4.16&#8243; background_size=&#8221;initial&#8221; background_position=&#8221;top_left&#8221; background_repeat=&#8221;repeat&#8221; global_colors_info=&#8221;{}&#8221; column_structure=&#8221;3_4,1_4&#8243;][et_pb_column type=&#8221;3_4&#8243; _builder_version=&#8221;4.16&#8243; custom_padding=&#8221;|||&#8221; global_colors_info=&#8221;{}&#8221; custom_padding__hover=&#8221;|||&#8221;][et_pb_accordion _builder_version=&#8221;4.27.6&#8243; hover_enabled=&#8221;0&#8243; global_colors_info=&#8221;{}&#8221; sticky_enabled=&#8221;0&#8243;][et_pb_accordion_item title=&#8221;1. Quel type d\u2019\u00e9cole est le Lyc\u00e9e Fran\u00e7ais International de S\u00e9ville ?&#8221; _builder_version=&#8221;4.27.6&#8243; hover_enabled=&#8221;0&#8243; global_colors_info=&#8221;{}&#8221; open=&#8221;off&#8221; sticky_enabled=&#8221;0&#8243;]<\/p>\n<p style=\"text-align: justify;\"><span style=\"font-weight: 400;\">Le LFIS est une \u00e9cole priv\u00e9e, la\u00efque et internationale, qui suit le syst\u00e8me \u00e9ducatif fran\u00e7ais et propose un parcours complet de la maternelle au lyc\u00e9e. Nous offrons un enseignement trilingue avec le fran\u00e7ais comme langue principale, et un apprentissage renforc\u00e9 de l\u2019espagnol (notre \u00e9tablissement est aussi homologu\u00e9 par la Junta de Andaluc\u00eda) et de l\u2019anglais d\u00e8s la maternelle, dans une logique de plurilinguisme authentique : 60% en fran\u00e7ais et 40% anglais et espagnol. Depuis 2025, nous sommes accr\u00e9dit\u00e9s comme Cambridge International School.<\/span><\/p>\n<p>[\/et_pb_accordion_item][et_pb_accordion_item title=&#8221;2. Quel dipl\u00f4me obtiennent les \u00e9l\u00e8ves et \u00e0 quelles universit\u00e9s peuvent-ils acc\u00e9der ?&#8221; _builder_version=&#8221;4.27.6&#8243; hover_enabled=&#8221;0&#8243; global_colors_info=&#8221;{}&#8221; open=&#8221;off&#8221; sticky_enabled=&#8221;0&#8243;]<\/p>\n<p style=\"text-align: justify;\"><span style=\"font-weight: 400;\">\u00c0 la fin de leur scolarit\u00e9, les \u00e9l\u00e8ves pr\u00e9parent le baccalaur\u00e9at fran\u00e7ais, dipl\u00f4me reconnu dans plus de 120 pays \u00e0 travers le monde. Le parcours permet \u00e9galement l\u2019acc\u00e8s au syst\u00e8me espagnol via un \u00e9quivalent du bachillerato, ouvrant l\u2019acc\u00e8s aux universit\u00e9s en Espagne, en France et \u00e0 l\u2019international.<\/span><\/p>\n<p>[\/et_pb_accordion_item][et_pb_accordion_item title=&#8221;3. Que signifie faire partie d\u2019un r\u00e9seau international ?&#8221; _builder_version=&#8221;4.27.6&#8243; hover_enabled=&#8221;0&#8243; global_colors_info=&#8221;{}&#8221; open=&#8221;off&#8221; sticky_enabled=&#8221;0&#8243;]<\/p>\n<p style=\"text-align: justify;\"><span style=\"font-weight: 400;\">Le LFIS est un \u00e9tablissement du groupe Odyssey \u00c9ducation, groupe scolaire international r\u00e9unissant 12 \u00e9tablissements \u00e0 travers le monde.\u00a0<\/span><\/p>\n<p style=\"text-align: justify;\"><span style=\"font-weight: 400;\">Il est partenaire du r\u00e9seau de l\u2019Agence pour l\u2019enseignement fran\u00e7ais \u00e0 l\u2019\u00e9tranger (AEFE), qui rassemble aujourd\u2019hui 644 lyc\u00e9es fran\u00e7ais r\u00e9partis dans le monde. Cette appartenance garantit une continuit\u00e9 p\u00e9dagogique fond\u00e9e sur les programmes de l\u2019\u00c9ducation nationale fran\u00e7aise. Elle permet ainsi aux familles mobiles, amen\u00e9es \u00e0 changer de pays pour des raisons personnelles ou professionnelles, de retrouver dans chaque \u00e9tablissement du r\u00e9seau un cadre \u00e9ducatif, des m\u00e9thodes d\u2019apprentissage et des rep\u00e8res scolaires communs, assurant aux \u00e9l\u00e8ves un parcours coh\u00e9rent et stable tout au long de leur scolarit\u00e9.<\/span><\/p>\n<p>[\/et_pb_accordion_item][et_pb_accordion_item title=&#8221;4. Proposez-vous un accompagnement pour les \u00e9l\u00e8ves non francophones ?  &#8221; _builder_version=&#8221;4.27.6&#8243; hover_enabled=&#8221;0&#8243; global_colors_info=&#8221;{}&#8221; open=&#8221;off&#8221; sticky_enabled=&#8221;0&#8243;]<\/p>\n<p style=\"text-align: justify;\"><span style=\"font-weight: 400;\">Le Lyc\u00e9e Fran\u00e7ais International de S\u00e9ville accueille une communaut\u00e9 scolaire internationale : plus de 65 % de nos \u00e9l\u00e8ves sont espagnols, 20% sont francophones et 15% de d\u2019autres nationalit\u00e9s (25 nationalit\u00e9s sont repr\u00e9sent\u00e9es au sein de notre \u00e9tablissement).<\/span><\/p>\n<p style=\"text-align: justify;\"><span style=\"font-weight: 400;\">Afin de faciliter l\u2019int\u00e9gration et la r\u00e9ussite de tous, nous mettons en place un accompagnement sp\u00e9cifique pour les \u00e9l\u00e8ves non francophones. Celui-ci prend la forme d\u2019un dispositif de renforcement en fran\u00e7ais langue \u00e9trang\u00e8re (FLE). De la m\u00eame mani\u00e8re, nous proposons \u00e9galement un soutien en espagnol langue \u00e9trang\u00e8re (ELE) lorsque cela est n\u00e9cessaire.<\/span><\/p>\n<p style=\"text-align: justify;\"><span style=\"font-weight: 400;\">Ces s\u00e9ances se d\u00e9roulent en petits groupes, encadr\u00e9es par des enseignants, pendant le temps scolaire. Elles repr\u00e9sentent environ deux heures par semaine et permettent aux \u00e9l\u00e8ves d\u2019acqu\u00e9rir progressivement les comp\u00e9tences linguistiques n\u00e9cessaires pour suivre les apprentissages et rejoindre le niveau du reste de la classe dans les meilleures conditions.<\/span><\/p>\n<p>[\/et_pb_accordion_item][et_pb_accordion_item title=&#8221;5. Quelles sont les caract\u00e9ristiques principales de la p\u00e9dagogie \u00e0 la fran\u00e7aise ?&#8221; _builder_version=&#8221;4.27.6&#8243; hover_enabled=&#8221;0&#8243; global_colors_info=&#8221;{}&#8221; open=&#8221;on&#8221; sticky_enabled=&#8221;0&#8243;]<\/p>\n<p style=\"text-align: justify;\"><span style=\"font-weight: 400;\">Chaque enfant doit ma\u00eetriser un \u00ab Socle Commun de Connaissances et de Comp\u00e9tences \u00bb \u00e0 la fin de la scolarit\u00e9 obligatoire (en classe de 3\u00e8me). Le projet p\u00e9dagogique repose sur une acquisition progressive des comp\u00e9tences de la maternelle au coll\u00e8ge. Une p\u00e9dagogie diff\u00e9renci\u00e9e est propos\u00e9e \u00e0 l\u2019\u00e9l\u00e8ve en fonction de ses besoins. Tout au long de sa scolarit\u00e9, il est amen\u00e9 \u00e0 d\u00e9velopper son autonomie, son sens critique et \u00e0 faire siennes les valeurs humanistes universellement reconnues gr\u00e2ce \u00e0 un enseignement respectueux de la libert\u00e9 de conscience. En primaire, les \u00e9l\u00e8ves sont \u00e9valu\u00e9s tout au long de l\u2019ann\u00e9e. Il s\u2019agit d\u2019une \u00e9valuation positive mesurant les acquis progressifs des enfants. Un livret \u00e9lectronique est remis aux parents \u00e0 la fin de chaque trimestre.<\/span><\/p>\n<p>[\/et_pb_accordion_item][et_pb_accordion_item title=&#8221;6. La cantine propose-t-elle des r\u00e9gimes sp\u00e9ciaux ?&#8221; _builder_version=&#8221;4.27.6&#8243; hover_enabled=&#8221;0&#8243; global_colors_info=&#8221;{}&#8221; open=&#8221;off&#8221; sticky_enabled=&#8221;0&#8243;]<\/p>\n<p style=\"text-align: justify;\"><span style=\"font-weight: 400;\">La cuisine du Lyc\u00e9e Fran\u00e7ais International de S\u00e9ville est \u00e9labor\u00e9e chaque jour dans nos locaux \u00e0 partir de produits frais, dont certains issus de l\u2019agriculture biologique. L\u2019\u00e9tablissement propose \u00e9galement des am\u00e9nagements adapt\u00e9s aux allergies, intol\u00e9rances et r\u00e9gimes alimentaires sp\u00e9cifiques. Par ailleurs, nous travaillons en collaboration avec une di\u00e9t\u00e9ticienne-nutritionniste sp\u00e9cialis\u00e9e en nutrition clinique p\u00e9diatrique, qui \u00e9labore nos menus afin de garantir une alimentation \u00e9quilibr\u00e9e, vari\u00e9e et adapt\u00e9e aux besoins nutritionnels des enfants.<\/span><\/p>\n<p>[\/et_pb_accordion_item][et_pb_accordion_item title=&#8221;7. Quels sont les horaires scolaires ?&#8221; _builder_version=&#8221;4.27.6&#8243; hover_enabled=&#8221;0&#8243; global_colors_info=&#8221;{}&#8221; open=&#8221;off&#8221; body_line_height=&#8221;1.5em&#8221; sticky_enabled=&#8221;0&#8243;]<\/p>\n<p><strong>\u00c9cole maternelle et \u00e9l\u00e9mentaire : <\/strong><\/p>\n<p><span style=\"font-weight: 400;\">Lundi &#8211; mardi &#8211; jeudi et vendredi : 9:00 \u00e0 12:30 et de 14:30 \u00e0 16:30<\/span><\/p>\n<p><span style=\"font-weight: 400;\">Mercredi : 9:00-13h00<\/span><\/p>\n<p><span style=\"font-weight: 400;\"><strong>Secondaire :<\/strong> <\/span><\/p>\n<p><span style=\"font-weight: 400;\">08:30 \u00e0 12:30 et de 13:30 \u00e0 16:30<\/span><\/p>\n<p><span style=\"font-weight: 400;\">*Les classes de 1\u00e8re et Terminale peuvent finir \u00e0 17:30 ou 18:30 pour la section europ\u00e9enne<\/span><\/p>\n<p>[\/et_pb_accordion_item][et_pb_accordion_item title=&#8221;8. Quels sont les crit\u00e8res d\u2019admission pour entrer au Lyc\u00e9e Fran\u00e7ais International de S\u00e9ville ?&#8221; _builder_version=&#8221;4.27.6&#8243; hover_enabled=&#8221;0&#8243; global_colors_info=&#8221;{}&#8221; open=&#8221;off&#8221; sticky_enabled=&#8221;0&#8243;]<\/p>\n<p style=\"text-align: justify;\"><span style=\"font-weight: 400;\">Les crit\u00e8res d\u2019admission pour inscrire votre enfant au LFIS comprennent g\u00e9n\u00e9ralement l\u2019examen du dossier scolaire de l\u2019\u00e9l\u00e8ve. \u00c0 ce titre, il est demand\u00e9 de fournir les derni\u00e8res notes ou bulletins scolaires de l\u2019\u00e9l\u00e8ve afin d\u2019\u00e9valuer son parcours acad\u00e9mique.<\/span><\/p>\n<p style=\"text-align: justify;\"><span style=\"font-weight: 400;\">Par ailleurs, pour les \u00e9l\u00e8ves du secondaire, il est \u00e9galement demand\u00e9 de joindre une lettre de motivation dans laquelle l\u2019\u00e9l\u00e8ve peut pr\u00e9senter son int\u00e9r\u00eat pour l\u2019\u00e9tablissement et expliquer les raisons de sa candidature.<\/span><\/p>\n<p>[\/et_pb_accordion_item][et_pb_accordion_item title=&#8221;9. \u00c0 quel \u00e2ge peut-on inscrire un enfant \u00e0 l\u2019\u00e9cole maternelle ?&#8221; _builder_version=&#8221;4.27.6&#8243; hover_enabled=&#8221;0&#8243; global_colors_info=&#8221;{}&#8221; open=&#8221;off&#8221; sticky_enabled=&#8221;0&#8243;]<\/p>\n<p style=\"text-align: justify;\"><span style=\"font-weight: 400;\">Dans le syst\u00e8me \u00e9ducatif fran\u00e7ais, la scolarit\u00e9 est obligatoire \u00e0 partir de l\u2019\u00e2ge de 3 ans. Au Lyc\u00e9e Fran\u00e7ais International de S\u00e9ville, les enfants peuvent donc int\u00e9grer l\u2019\u00e9cole maternelle d\u00e8s cet \u00e2ge, en classe de Petite Section.<\/span><\/p>\n<p style=\"text-align: justify;\"><span style=\"font-weight: 400;\">Nous recommandons aux familles d\u2019inscrire leurs enfants le plus t\u00f4t possible dans le parcours scolaire. \u00c0 cet \u00e2ge, les enfants apprennent de mani\u00e8re naturelle, par l\u2019exp\u00e9rience, le jeu et l\u2019immersion quotidienne dans l\u2019environnement linguistique et p\u00e9dagogique. Cette immersion pr\u00e9coce favorise non seulement l\u2019acquisition des langues, mais aussi le d\u00e9veloppement de l\u2019autonomie, de la curiosit\u00e9 et du plaisir d\u2019apprendre.<\/span><\/p>\n<p>[\/et_pb_accordion_item][et_pb_accordion_item title=&#8221;10.  Que fait-on pour les enfants ayant des difficult\u00e9s scolaires ?&#8221; _builder_version=&#8221;4.27.6&#8243; hover_enabled=&#8221;0&#8243; global_colors_info=&#8221;{}&#8221; open=&#8221;off&#8221; sticky_enabled=&#8221;0&#8243;]<\/p>\n<p style=\"text-align: justify;\"><span style=\"font-weight: 400;\">Les enseignants mettent en place une p\u00e9dagogie diff\u00e9renci\u00e9e afin de r\u00e9pondre au mieux aux besoins de chaque \u00e9l\u00e8ve. Les contenus et les m\u00e9thodes d\u2019apprentissage sont ainsi adapt\u00e9s en fonction des difficult\u00e9s rencontr\u00e9es, permettant \u00e0 chacun de progresser \u00e0 son rythme.<\/span><\/p>\n<p style=\"text-align: justify;\"><span style=\"font-weight: 400;\">Le LFIS dispose \u00e9galement d\u2019un P\u00f4le Inclusion, compos\u00e9 d\u2019une r\u00e9f\u00e9rente EBEP (<\/span><span style=\"font-weight: 400;\">\u00e9l\u00e8ves \u00e0 besoins \u00e9ducatifs particuliers)<\/span><span style=\"font-weight: 400;\">, d\u2019une psychologue, d\u2019une orthophoniste et d\u2019une nutritionniste. Cette \u00e9quipe pluridisciplinaire \u0153uvre ensemble pour accompagner les \u00e9l\u00e8ves rencontrant des difficult\u00e9s, en proposant un suivi attentif et bienveillant. Leur objectif est de favoriser l\u2019\u00e9panouissement, la confiance en soi et la r\u00e9ussite scolaire de chaque enfant, dans un cadre attentif aux besoins individuels.<\/span><\/p>\n<p>[\/et_pb_accordion_item][\/et_pb_accordion][et_pb_accordion _builder_version=&#8221;4.16&#8243; global_colors_info=&#8221;{}&#8221;][et_pb_accordion_item title=&#8221;Existe-t-il d\u2019autres \u00e9coles fran\u00e7aises en Espagne et dans le monde?&#8221; _builder_version=&#8221;3.0.105&#8243; global_colors_info=&#8221;{}&#8221; open=&#8221;on&#8221;]OUI. Il existe 22 \u00e9tablissements fran\u00e7ais en Espagne. Le Lyc\u00e9e de S\u00e9ville fait partie du r\u00e9seau mondial des \u00e9tablissements fran\u00e7ais \u00e0 l\u2019\u00e9tranger homologu\u00e9s (reconnus) par le gouvernement fran\u00e7ais. Cet ensemble compte 500 centres \u00e0 caract\u00e8re international, r\u00e9partis dans plus de 130 pays, qui permettent aux familles expatri\u00e9es fran\u00e7aises ou \u00e9trang\u00e8res d\u2019offrir \u00e0 leurs enfants une scolarit\u00e9 coh\u00e9rente, homog\u00e8ne malgr\u00e9 les d\u00e9m\u00e9nagements successifs.<br \/>\n[\/et_pb_accordion_item][et_pb_accordion_item title=&#8221;Les \u00e9l\u00e8ves peuvent-ils passer d\u2019un \u00e9tablissement fran\u00e7ais \u00e0 un autre?&#8221; _builder_version=&#8221;3.0.105&#8243; global_colors_info=&#8221;{}&#8221; open=&#8221;off&#8221;]OUI. C\u2019est la force de ce r\u00e9seau unique. Les enfants venant d\u2019un autre \u00e9tablissement fran\u00e7ais sont prioritaires pour int\u00e9grer tout \u00e9tablissement fran\u00e7ais \u00e0 l\u2019\u00e9tranger.<br \/>\n[\/et_pb_accordion_item][et_pb_accordion_item title=&#8221;Existe-t-il des \u00e9changes avec d\u2019autres \u00e9tablissements \u00e9trangers?&#8221; _builder_version=&#8221;3.0.105&#8243; global_colors_info=&#8221;{}&#8221; open=&#8221;off&#8221;]OUI. Des liens se d\u00e9veloppent avec d\u2019autres \u00e9tablissements, notamment pour favoriser les \u00e9changes d\u2019\u00e9l\u00e8ves de courte ou longue dur\u00e9e (une semaine, un mois, un trimestre).<br \/>\n[\/et_pb_accordion_item][\/et_pb_accordion][et_pb_text _builder_version=&#8221;4.16&#8243; global_colors_info=&#8221;{}&#8221;]<\/p>\n<h3>Avez-vous d&#8217;autres questions ?<\/h3>\n<p>Remplissez le formulaire suivant et nous vous r\u00e9pondrons dans les plus brefs d\u00e9lais.<\/p>\n<p>\n<div class=\"wpcf7 no-js\" id=\"wpcf7-f595-o1\" lang=\"es-ES\" dir=\"ltr\" data-wpcf7-id=\"595\">\n<div class=\"screen-reader-response\"><p role=\"status\" aria-live=\"polite\" aria-atomic=\"true\"><\/p> <ul><\/ul><\/div>\n<form action=\"\/fr\/wp-json\/wp\/v2\/pages\/609#wpcf7-f595-o1\" method=\"post\" class=\"wpcf7-form init\" aria-label=\"Formulario de contacto\" novalidate=\"novalidate\" data-status=\"init\">\n<fieldset class=\"hidden-fields-container\"><input type=\"hidden\" name=\"_wpcf7\" value=\"595\" \/><input type=\"hidden\" name=\"_wpcf7_version\" value=\"6.1.5\" \/><input type=\"hidden\" name=\"_wpcf7_locale\" value=\"es_ES\" \/><input type=\"hidden\" name=\"_wpcf7_unit_tag\" value=\"wpcf7-f595-o1\" \/><input type=\"hidden\" name=\"_wpcf7_container_post\" value=\"0\" \/><input type=\"hidden\" name=\"_wpcf7_posted_data_hash\" value=\"\" \/><input type=\"hidden\" name=\"_wpcf7_recaptcha_response\" value=\"\" \/>\n<\/fieldset>\n<p><label> Nom(s) - Pr\u00e9nom (obligatoire)<br \/>\n<span class=\"wpcf7-form-control-wrap\" data-name=\"your-name\"><input size=\"40\" maxlength=\"400\" class=\"wpcf7-form-control wpcf7-text wpcf7-validates-as-required\" aria-required=\"true\" aria-invalid=\"false\" value=\"\" type=\"text\" name=\"your-name\" \/><\/span> <\/label>\n<\/p>\n<p><label> E-mail (obligatoire)<br \/>\n<span class=\"wpcf7-form-control-wrap\" data-name=\"your-email\"><input size=\"40\" maxlength=\"400\" class=\"wpcf7-form-control wpcf7-email wpcf7-validates-as-required wpcf7-text wpcf7-validates-as-email\" aria-required=\"true\" aria-invalid=\"false\" value=\"\" type=\"email\" name=\"your-email\" \/><\/span> <\/label>\n<\/p>\n<p><label> Objet<br \/>\n<span class=\"wpcf7-form-control-wrap\" data-name=\"your-subject\"><input size=\"40\" maxlength=\"400\" class=\"wpcf7-form-control wpcf7-text\" aria-invalid=\"false\" value=\"\" type=\"text\" name=\"your-subject\" \/><\/span> <\/label>\n<\/p>\n<p><label> Message<br \/>\n<span class=\"wpcf7-form-control-wrap\" data-name=\"your-message\"><textarea cols=\"40\" rows=\"4\" maxlength=\"2000\" class=\"wpcf7-form-control wpcf7-textarea\" aria-invalid=\"false\" name=\"your-message\"><\/textarea><\/span> <\/label>\n<\/p>\n\n<p><span class=\"wpcf7-form-control-wrap\" data-name=\"acceptance-657\"><span class=\"wpcf7-form-control wpcf7-acceptance\"><span class=\"wpcf7-list-item\"><label><input type=\"checkbox\" name=\"acceptance-657\" value=\"1\" aria-invalid=\"false\" \/><span class=\"wpcf7-list-item-label\">J'accepte la <a href=\"https:\/\/lfsevilla.com\/normas-de-proteccion-de-datos\/\"> politique de protection des donn\u00e9es<\/a><\/span><\/label><\/span><\/span><\/span><br \/>\n<input class=\"wpcf7-form-control wpcf7-submit has-spinner\" type=\"submit\" value=\"Envoyer\" \/>\n<\/p><p style=\"display: none !important;\" class=\"akismet-fields-container\" data-prefix=\"_wpcf7_ak_\"><label>&#916;<textarea name=\"_wpcf7_ak_hp_textarea\" cols=\"45\" rows=\"8\" maxlength=\"100\"><\/textarea><\/label><input type=\"hidden\" id=\"ak_js_1\" name=\"_wpcf7_ak_js\" value=\"132\"\/><script>document.getElementById( \"ak_js_1\" ).setAttribute( \"value\", ( new Date() ).getTime() );<\/script><\/p><div class=\"wpcf7-response-output\" aria-hidden=\"true\"><\/div>\n<\/form>\n<\/div>\n<br \/>\n[\/et_pb_text][\/et_pb_column][et_pb_column type=&#8221;1_4&#8243; _builder_version=&#8221;4.16&#8243; custom_padding=&#8221;|||&#8221; global_colors_info=&#8221;{}&#8221; custom_padding__hover=&#8221;|||&#8221;][et_pb_sidebar area=&#8221;et_pb_widget_area_6&#8243; _builder_version=&#8221;4.16&#8243; global_colors_info=&#8221;{}&#8221;][\/et_pb_sidebar][\/et_pb_column][\/et_pb_row][\/et_pb_section]<\/p>\n","protected":false},"excerpt":{"rendered":"<p>Le LFIS est une \u00e9cole priv\u00e9e, la\u00efque et internationale, qui suit le syst\u00e8me \u00e9ducatif fran\u00e7ais et propose un parcours complet de la maternelle au lyc\u00e9e. Nous offrons un enseignement trilingue avec le fran\u00e7ais comme langue principale, et un apprentissage renforc\u00e9 de l\u2019espagnol (notre \u00e9tablissement est aussi homologu\u00e9 par la Junta de Andaluc\u00eda) et de l\u2019anglais [&hellip;]<\/p>\n","protected":false},"author":2,"featured_media":1618,"parent":0,"menu_order":0,"comment_status":"closed","ping_status":"closed","template":"","meta":{"_et_pb_use_builder":"on","_et_pb_old_content":"<h1 class=\"faq-question\">FAQ: Inscripciones<\/h1>\r\n<p class=\"faq-question\"><strong>\u00bfEs posible integrar el colegio en primaria o en secundaria?<\/strong><\/p>\r\nS\u00cd. Para los alumnos franc\u00f3fonos, la integraci\u00f3n es relativamente sencilla. Los alumnos no franc\u00f3fonos con 6 a\u00f1os de edad (Cp) o m\u00e1s son evaluados (en matem\u00e1ticas, lengua materna) para asegurarse de que la integraci\u00f3n tenga todas las garant\u00edas de \u00e9xito: el Liceo desea ante todo el \u00e9xito de sus alumnos. La escuela propone a menudo un programa personalizado de acuerdo con las familias.\r\n\r\n<hr \/>\r\n<p class=\"faq-question\"><strong>\u00bfLos padres han de hablar franc\u00e9s?<\/strong><\/p>\r\nNO, no es indispensable tener padres franc\u00f3fonos para seguir con \u00e9xito la escolaridad en un liceo franc\u00e9s. Aproximadamente el 50% de los padres de alumnos del Liceo de Sevilla\u00a0no hablan franc\u00e9s. Este porcentaje es mucho m\u00e1s elevado en otros centros escolares franceses en el extranjero sin tener por ello incidencia en los resultados acad\u00e9micos de los alumnos.\r\n\r\n<hr \/>\r\n<p class=\"faq-question\"><strong>\u00bfEs necesario que uno de los padres sea de nacionalidad francesa?<\/strong><\/p>\r\nNO, el Liceo franc\u00e9s est\u00e1 abierto a todos, sea cu\u00e1l sea la nacionalidad de los padres.\r\n<h1 class=\"faq-question\">FAQ: Ense\u00f1anzas y aprendizaje<\/h1>\r\n<p class=\"faq-question\"><strong>\u00bfPuedo contactar y tener una cita con los profesores de mi hijo?<\/strong><\/p>\r\nLos profesores reciben a los padres tantas veces como sea necesario.\r\n\r\n<hr \/>\r\n<p class=\"faq-question\"><strong>\u00bfLas ense\u00f1anzas se limitan al marco del liceo?<\/strong><\/p>\r\nNo. Gracias a una serie de acuerdos con numerosas instituciones, los alumnos del liceo benefician de una oferta de aprendizaje cultural, art\u00edstico y cient\u00edfico de calidad. Diferentes excursiones y salidas con fines pedag\u00f3gicos son organizadas cada a\u00f1o por los profesores de las diferentes clases.\r\n\r\n<hr \/>\r\n<p class=\"faq-question\"><strong>\u00bfCu\u00e1les son las programaciones aplicadas en el Liceo Franc\u00e9s de Sevilla?<\/strong><\/p>\r\nSon las programaciones del ministerio de educaci\u00f3n nacional franc\u00e9s con unas planificaciones que toman en cuenta la lengua, la cultura, la historia del pa\u00eds de residencia. El eslogan de la Misi\u00f3n laica francesa \u201c2 culturas, 3 idiomas\u201d resume perfectamente el contenido de la formaci\u00f3n impartida a los alumnos.\r\n\r\n<hr \/>\r\n<p class=\"faq-question\"><strong>\u00bfCu\u00e1les son las caracter\u00edsticas principales de la pedagog\u00eda francesa?<\/strong><\/p>\r\nCada ni\u00f1o debe dominar una serie de conocimientos y competencias (socle commun des connaissances et de comp\u00e9tences) al final de la ense\u00f1anza obligatoria (15 a\u00f1os). El proyecto pedag\u00f3gico se basa en la adquisici\u00f3n progresiva de estas competencias desde las clases preescolares hasta el final del coll\u00e8ge (ESO). Se propone una pedagog\u00eda diferenciada al alumno en funci\u00f3n de sus necesidades. A lo largo de su escolaridad, se desarrolla la autonom\u00eda del alumno, su sentido cr\u00edtico y que asimile y haga suyas las ideas humanistas universalmente reconocidas, gracias a una ense\u00f1anza respetuosa de la libertad de conciencia. En primaria, los alumnos son evaluados de forma continua. Se trata de una evaluaci\u00f3n positiva que comprueba los conocimientos y su progresi\u00f3n. Un bolet\u00edn electr\u00f3nico se entrega a los padres cada final de trimestre.\r\n\r\n<hr \/>\r\n<p class=\"faq-question\"><strong>\u00bfQu\u00e9 hacemos para los ni\u00f1os con dificultades escolares?<\/strong><\/p>\r\nLos profesores proponen en estos casos una pedagog\u00eda diferenciada. Adaptan los contenidos y los m\u00e9todos en funci\u00f3n de las dificultades encontradas. El equipo pedag\u00f3gico trabaja con una psic\u00f3loga escolar y una logopeda que aportan una visi\u00f3n diferente sobre el alumno. Aconsejan a las familias. La ense\u00f1anza de idiomas permite numerosas sesiones en grupos reducidos, momentos privilegiados para acompa\u00f1ar y ayudar a los alumnos con dificultades.\r\n\r\n<hr \/>\r\n<p class=\"faq-question\"><strong>\u00bfC\u00f3mo ayudar a mi hijo a hacer sus deberes si no hablo franc\u00e9s?<\/strong><\/p>\r\nLa gran mayor\u00eda de los ni\u00f1os en preescolar dominan lo suficiente la lengua francesa cuando entran a CP (1\u00ba de primaria) para poder hacer sus deberes solos (lectura del d\u00eda, poes\u00eda, palabras invariables\u2026). Cada final de tarde, despu\u00e9s de clase, para quienes lo deseen, se organiza un aula de estudio vigilada que acoge alumnos que hacen sus deberes, y pueden recibir la ayuda de profesores.\r\n\r\n<hr \/>\r\n<p class=\"faq-question\"><strong>\u00bfAcoge el Liceo de Sevilla ni\u00f1os fuera del horario lectivo obligatorio?<\/strong><\/p>\r\nS\u00cd. Actividades extraescolares son propuestas cada tarde. Algunas se imparten en ingl\u00e9s o usualmente en franc\u00e9s o espa\u00f1ol. Estas actividades facultativas completan la escolaridad obligatoria. El servicio de guarder\u00eda funciona todos los d\u00edas. Se organizan campamentos de d\u00eda durante los periodos de vacaciones escolares.\r\n<h1 class=\"faq-question\">FAQ: Despu\u00e9s de BAC<\/h1>\r\n<p class=\"faq-question\"><strong>\u00bfCu\u00e1les son las especialidades propuestas en bachillerato en el Liceo Franc\u00e9s de Sevilla?<\/strong><\/p>\r\nLos alumnos de Lyc\u00e9e (bachillerato) preparan el baccalaur\u00e9at franc\u00e9s ES (econom\u00eda y sociolog\u00eda) o S (cient\u00edfico). Los alumnos aprueban el diploma franc\u00e9s y por equivalencia el bachillerato espa\u00f1ol (acuerdos bilaterales franco espa\u00f1oles).\r\n\r\n<hr \/>\r\n<p class=\"faq-question\"><strong>\u00bfQu\u00e9 hacen los alumnos despu\u00e9s del baccalaur\u00e9at?<\/strong><\/p>\r\nCada a\u00f1o, la mitad de los alumnos se van a estudiar al extranjero (Francia, Reino Unido, Canad\u00e1, Estados Unidos\u2026). Los otros deciden permanecer en Espa\u00f1a.\r\n\r\n<hr \/>\r\n<p class=\"faq-question\"><strong>\u00bfResulta problem\u00e1tico el ingreso en una universidad espa\u00f1ola?<\/strong><\/p>\r\nNO. La mayor\u00eda de los alumnos eligen su carrera gracias a los excelentes resultados que han obtenidos en el baccalaur\u00e9at y en la selectividad, que preparan con sus profesores en el Liceo durante las clases espec\u00edficas suplementarias.\r\n\r\n<hr \/>\r\n<p class=\"faq-question\"><strong>\u00bfHay alumnos que integran grandes escuelas en Francia o en el extranjero?<\/strong><\/p>\r\nS\u00cd. Cada a\u00f1o, alumnos logran entrar en grandes escuelas en Francia o en el extranjero.\r\n\r\n<hr \/>\r\n<p class=\"faq-question\"><strong>\u00bfQu\u00e9 niveles de idioma alcanzan en el Liceo Franc\u00e9s de Sevilla?<\/strong><\/p>\r\nSe proponen a los alumnos certificaciones internacionales en espa\u00f1ol (DELE), en franc\u00e9s (DELF y DALF) y en ingl\u00e9s (University of Cambridge) a lo largo de toda su escolaridad. Las certificaciones en ingl\u00e9s y en franc\u00e9s tienen lugar en liceo, ya que es centro oficial de examen.\r\n<h1 class=\"faq-question\">FAQ: Red mundial<\/h1>\r\n<p class=\"faq-question\"><strong>\u00bfExisten otras escuelas francesas en Espa\u00f1a y en el mundo?<\/strong><\/p>\r\nS\u00cd. Existen 22 centros educativos franceses en Espa\u00f1a.\r\n\r\n<hr \/>\r\n<p class=\"faq-question\"><strong>\u00bfPueden los alumnos pasar de un liceo franc\u00e9s a otro?<\/strong><\/p>\r\nS\u00cd. Es la fuerza de esta red \u00fanica. Los ni\u00f1os que vienen de otro centro franc\u00e9s son prioritarios para integrar todos los centros de ense\u00f1anza francesa en el extranjero.\r\n\r\n<hr \/>\r\n<p class=\"faq-question\"><strong>\u00bfExisten intercambios con otros centros extranjeros?<\/strong><\/p>\r\nS\u00ed. Se desarrollan acuerdos con diferentes centros escolares, en particular para favorecer los intercambios de corta o larga duraci\u00f3n (estancia de alumnos de una semana, un mes, o un trimestre).\r\n<h1 class=\"faq-question\">FAQ: Tarifas<\/h1>\r\n<p class=\"faq-question\"><strong>\u00bfEs posible obtener descuentos?<\/strong><\/p>\r\nToda la informaci\u00f3n en \"<a href=\"https:\/\/lfsevilla.com\/wp-content\/uploads\/2017\/01\/Lyc\u00e9e-Fran\u00e7ais-de-S\u00e9ville-Bourses-Scolaires.pdf\" target=\"_blank\">Bourses-scolaires<\/a>\".\r\n<h1>\u00bfTiene alguna otra pregunta?<\/h1>\r\nRellene el siguiente formulario\u00a0y le responderemos encantados a la mayor brevedad.\r\n\r\n<form class=\"wpcf7-form\" action=\"\/wp\/wp-admin\/admin-ajax.php?_panelsnonce=f1ee185a2f#wpcf7-f225-o1\" method=\"post\" novalidate=\"novalidate\"><input name=\"_wpcf7\" type=\"hidden\" value=\"225\" \/>\r\n<input name=\"_wpcf7_version\" type=\"hidden\" value=\"4.6.1\" \/>\r\n<input name=\"_wpcf7_locale\" type=\"hidden\" value=\"es_ES\" \/>\r\n<input name=\"_wpcf7_unit_tag\" type=\"hidden\" value=\"wpcf7-f225-o1\" \/>\r\n<input name=\"_wpnonce\" type=\"hidden\" value=\"e0ca388e0c\" \/><label> Nombre (requerido)\r\n<span class=\"wpcf7-form-control-wrap your-name\"><input class=\"wpcf7-form-control wpcf7-text wpcf7-validates-as-required\" name=\"your-name\" size=\"40\" type=\"text\" value=\"\" \/><\/span> <\/label>\r\n\r\n<label> Tu correo electr\u00f3nico (requerido)\r\n<span class=\"wpcf7-form-control-wrap your-email\"><input class=\"wpcf7-form-control wpcf7-text wpcf7-email wpcf7-validates-as-required wpcf7-validates-as-email\" name=\"your-email\" size=\"40\" type=\"email\" value=\"\" \/><\/span> <\/label>\r\n\r\n<label> Asunto\r\n<span class=\"wpcf7-form-control-wrap your-subject\"><input class=\"wpcf7-form-control wpcf7-text\" name=\"your-subject\" size=\"40\" type=\"text\" value=\"\" \/><\/span> <\/label>\r\n\r\n<label> Mensaje\r\n<span class=\"wpcf7-form-control-wrap your-message\"><textarea class=\"wpcf7-form-control wpcf7-textarea\" cols=\"40\" name=\"your-message\" rows=\"10\"><\/textarea><\/span> <\/label>\r\n\r\n<noscript>\r\n<div style=\"width: 302px; height: 422px;\">\r\n<div style=\"width: 302px; height: 422px; position: relative;\">\r\n<div style=\"width: 302px; height: 422px; position: absolute;\">\r\n<iframe src=\"https:\/\/www.google.com\/recaptcha\/api\/fallback?k=6LffRRMUAAAAAFLMNqxR5AVaz5VwZHJ7WrEcC_wd\" frameborder=\"0\" scrolling=\"no\" style=\"width: 302px; height:422px; border-style: none;\">\r\n<\/iframe>\r\n<\/div>\r\n<div style=\"width: 300px; height: 60px; border-style: none; bottom: 12px; left: 25px; margin: 0px; padding: 0px; right: 25px; background: #f9f9f9; border: 1px solid #c1c1c1; border-radius: 3px;\">\r\n<textarea id=\"g-recaptcha-response\" name=\"g-recaptcha-response\" class=\"g-recaptcha-response\" style=\"width: 250px; height: 40px; border: 1px solid #c1c1c1; margin: 10px 25px; padding: 0px; resize: none;\">\r\n<\/textarea>\r\n<\/div>\r\n<\/div>\r\n<\/div>\r\n<\/noscript>\r\n\r\n<input class=\"wpcf7-form-control wpcf7-submit\" type=\"submit\" value=\"Enviar\" \/>\r\n\r\n<\/form>","_et_gb_content_width":"","footnotes":""},"class_list":["post-609","page","type-page","status-publish","has-post-thumbnail","hentry"],"yoast_head":"<!-- This site is optimized with the Yoast SEO plugin v27.0 - https:\/\/yoast.com\/product\/yoast-seo-wordpress\/ -->\n<title>Foire aux questions - Lyc\u00e9e Fran\u00e7ais de S\u00e9ville | Colegio privado biling\u00fce en Sevilla<\/title>\n<meta name=\"description\" content=\"Preguntas frecuentes del Liceo de Franc\u00e9s.\" \/>\n<meta name=\"robots\" content=\"index, follow, max-snippet:-1, max-image-preview:large, max-video-preview:-1\" \/>\n<link rel=\"canonical\" href=\"https:\/\/lfsevilla.com\/preguntas-frecuentes-faq\/\" \/>\n<meta property=\"og:locale\" content=\"fr_FR\" \/>\n<meta property=\"og:type\" content=\"article\" \/>\n<meta property=\"og:title\" content=\"Foire aux questions - Lyc\u00e9e Fran\u00e7ais de S\u00e9ville | Colegio privado biling\u00fce en Sevilla\" \/>\n<meta property=\"og:description\" content=\"Preguntas frecuentes del Liceo de Franc\u00e9s.\" \/>\n<meta property=\"og:url\" content=\"https:\/\/lfsevilla.com\/preguntas-frecuentes-faq\/\" \/>\n<meta property=\"og:site_name\" content=\"Lyc\u00e9e Fran\u00e7ais de S\u00e9ville | Colegio privado biling\u00fce en Sevilla\" \/>\n<meta property=\"article:publisher\" content=\"https:\/\/www.facebook.com\/LiceoFrancesSevilla\/\" \/>\n<meta property=\"article:modified_time\" content=\"2026-03-19T10:39:19+00:00\" \/>\n<meta property=\"og:image\" content=\"https:\/\/lfsevilla.com\/wp-content\/uploads\/2018\/03\/faq.jpg\" \/>\n\t<meta property=\"og:image:width\" content=\"1600\" \/>\n\t<meta property=\"og:image:height\" content=\"305\" \/>\n\t<meta property=\"og:image:type\" content=\"image\/jpeg\" \/>\n<meta name=\"twitter:card\" content=\"summary_large_image\" \/>\n<meta name=\"twitter:site\" content=\"@lfsevilla\" \/>\n<meta name=\"twitter:label1\" content=\"Dur\u00e9e de lecture estim\u00e9e\" \/>\n\t<meta name=\"twitter:data1\" content=\"8 minutes\" \/>\n<script type=\"application\/ld+json\" class=\"yoast-schema-graph\">{\"@context\":\"https:\/\/schema.org\",\"@graph\":[{\"@type\":\"WebPage\",\"@id\":\"https:\/\/lfsevilla.com\/preguntas-frecuentes-faq\/\",\"url\":\"https:\/\/lfsevilla.com\/preguntas-frecuentes-faq\/\",\"name\":\"Foire aux questions - Lyc\u00e9e Fran\u00e7ais de S\u00e9ville | Colegio privado biling\u00fce en Sevilla\",\"isPartOf\":{\"@id\":\"https:\/\/lfsevilla.com\/#website\"},\"primaryImageOfPage\":{\"@id\":\"https:\/\/lfsevilla.com\/preguntas-frecuentes-faq\/#primaryimage\"},\"image\":{\"@id\":\"https:\/\/lfsevilla.com\/preguntas-frecuentes-faq\/#primaryimage\"},\"thumbnailUrl\":\"https:\/\/lfsevilla.com\/wp-content\/uploads\/2018\/03\/faq.jpg\",\"datePublished\":\"2017-01-19T10:13:41+00:00\",\"dateModified\":\"2026-03-19T10:39:19+00:00\",\"description\":\"Preguntas frecuentes del Liceo de Franc\u00e9s.\",\"breadcrumb\":{\"@id\":\"https:\/\/lfsevilla.com\/preguntas-frecuentes-faq\/#breadcrumb\"},\"inLanguage\":\"fr-FR\",\"potentialAction\":[{\"@type\":\"ReadAction\",\"target\":[\"https:\/\/lfsevilla.com\/preguntas-frecuentes-faq\/\"]}]},{\"@type\":\"ImageObject\",\"inLanguage\":\"fr-FR\",\"@id\":\"https:\/\/lfsevilla.com\/preguntas-frecuentes-faq\/#primaryimage\",\"url\":\"https:\/\/lfsevilla.com\/wp-content\/uploads\/2018\/03\/faq.jpg\",\"contentUrl\":\"https:\/\/lfsevilla.com\/wp-content\/uploads\/2018\/03\/faq.jpg\",\"width\":1600,\"height\":305},{\"@type\":\"BreadcrumbList\",\"@id\":\"https:\/\/lfsevilla.com\/preguntas-frecuentes-faq\/#breadcrumb\",\"itemListElement\":[{\"@type\":\"ListItem\",\"position\":1,\"name\":\"Portada\",\"item\":\"https:\/\/lfsevilla.com\/fr\/\"},{\"@type\":\"ListItem\",\"position\":2,\"name\":\"Foire aux questions\"}]},{\"@type\":\"WebSite\",\"@id\":\"https:\/\/lfsevilla.com\/#website\",\"url\":\"https:\/\/lfsevilla.com\/\",\"name\":\"Lyc\u00e9e Fran\u00e7ais de S\u00e9ville | Colegio privado internacional triling\u00fce en Sevilla\",\"description\":\"El Liceo franc\u00e9s de Sevilla ofrece una ense\u00f1anza pluriling\u00fce (ingl\u00e9s, franc\u00e9s y espa\u00f1ol), multicultural y respetuosa con las libertades individuales.\",\"publisher\":{\"@id\":\"https:\/\/lfsevilla.com\/#organization\"},\"potentialAction\":[{\"@type\":\"SearchAction\",\"target\":{\"@type\":\"EntryPoint\",\"urlTemplate\":\"https:\/\/lfsevilla.com\/?s={search_term_string}\"},\"query-input\":{\"@type\":\"PropertyValueSpecification\",\"valueRequired\":true,\"valueName\":\"search_term_string\"}}],\"inLanguage\":\"fr-FR\"},{\"@type\":\"Organization\",\"@id\":\"https:\/\/lfsevilla.com\/#organization\",\"name\":\"Lyc\u00e9e Fran\u00e7ais International de S\u00e9ville\",\"url\":\"https:\/\/lfsevilla.com\/\",\"logo\":{\"@type\":\"ImageObject\",\"inLanguage\":\"fr-FR\",\"@id\":\"https:\/\/lfsevilla.com\/#\/schema\/logo\/image\/\",\"url\":\"https:\/\/lfsevilla.com\/wp-content\/uploads\/2023\/05\/Logo-Liceo-Frances-de-Sevilla-223x223-1.jpg\",\"contentUrl\":\"https:\/\/lfsevilla.com\/wp-content\/uploads\/2023\/05\/Logo-Liceo-Frances-de-Sevilla-223x223-1.jpg\",\"width\":223,\"height\":223,\"caption\":\"Lyc\u00e9e Fran\u00e7ais International de S\u00e9ville\"},\"image\":{\"@id\":\"https:\/\/lfsevilla.com\/#\/schema\/logo\/image\/\"},\"sameAs\":[\"https:\/\/www.facebook.com\/LiceoFrancesSevilla\/\",\"https:\/\/x.com\/lfsevilla\",\"https:\/\/www.linkedin.com\/company\/liceo-francs-internacional-de-sevilla\/\",\"https:\/\/www.instagram.com\/liceofrancessevilla\/\",\"https:\/\/www.youtube.com\/@liceofrancessevilla1124\"]}]}<\/script>\n<!-- \/ Yoast SEO plugin. -->","yoast_head_json":{"title":"Foire aux questions - Lyc\u00e9e Fran\u00e7ais de S\u00e9ville | Colegio privado biling\u00fce en Sevilla","description":"Preguntas frecuentes del Liceo de Franc\u00e9s.","robots":{"index":"index","follow":"follow","max-snippet":"max-snippet:-1","max-image-preview":"max-image-preview:large","max-video-preview":"max-video-preview:-1"},"canonical":"https:\/\/lfsevilla.com\/preguntas-frecuentes-faq\/","og_locale":"fr_FR","og_type":"article","og_title":"Foire aux questions - Lyc\u00e9e Fran\u00e7ais de S\u00e9ville | Colegio privado biling\u00fce en Sevilla","og_description":"Preguntas frecuentes del Liceo de Franc\u00e9s.","og_url":"https:\/\/lfsevilla.com\/preguntas-frecuentes-faq\/","og_site_name":"Lyc\u00e9e Fran\u00e7ais de S\u00e9ville | Colegio privado biling\u00fce en Sevilla","article_publisher":"https:\/\/www.facebook.com\/LiceoFrancesSevilla\/","article_modified_time":"2026-03-19T10:39:19+00:00","og_image":[{"width":1600,"height":305,"url":"https:\/\/lfsevilla.com\/wp-content\/uploads\/2018\/03\/faq.jpg","type":"image\/jpeg"}],"twitter_card":"summary_large_image","twitter_site":"@lfsevilla","twitter_misc":{"Dur\u00e9e de lecture estim\u00e9e":"8 minutes"},"schema":{"@context":"https:\/\/schema.org","@graph":[{"@type":"WebPage","@id":"https:\/\/lfsevilla.com\/preguntas-frecuentes-faq\/","url":"https:\/\/lfsevilla.com\/preguntas-frecuentes-faq\/","name":"Foire aux questions - Lyc\u00e9e Fran\u00e7ais de S\u00e9ville | Colegio privado biling\u00fce en Sevilla","isPartOf":{"@id":"https:\/\/lfsevilla.com\/#website"},"primaryImageOfPage":{"@id":"https:\/\/lfsevilla.com\/preguntas-frecuentes-faq\/#primaryimage"},"image":{"@id":"https:\/\/lfsevilla.com\/preguntas-frecuentes-faq\/#primaryimage"},"thumbnailUrl":"https:\/\/lfsevilla.com\/wp-content\/uploads\/2018\/03\/faq.jpg","datePublished":"2017-01-19T10:13:41+00:00","dateModified":"2026-03-19T10:39:19+00:00","description":"Preguntas frecuentes del Liceo de Franc\u00e9s.","breadcrumb":{"@id":"https:\/\/lfsevilla.com\/preguntas-frecuentes-faq\/#breadcrumb"},"inLanguage":"fr-FR","potentialAction":[{"@type":"ReadAction","target":["https:\/\/lfsevilla.com\/preguntas-frecuentes-faq\/"]}]},{"@type":"ImageObject","inLanguage":"fr-FR","@id":"https:\/\/lfsevilla.com\/preguntas-frecuentes-faq\/#primaryimage","url":"https:\/\/lfsevilla.com\/wp-content\/uploads\/2018\/03\/faq.jpg","contentUrl":"https:\/\/lfsevilla.com\/wp-content\/uploads\/2018\/03\/faq.jpg","width":1600,"height":305},{"@type":"BreadcrumbList","@id":"https:\/\/lfsevilla.com\/preguntas-frecuentes-faq\/#breadcrumb","itemListElement":[{"@type":"ListItem","position":1,"name":"Portada","item":"https:\/\/lfsevilla.com\/fr\/"},{"@type":"ListItem","position":2,"name":"Foire aux questions"}]},{"@type":"WebSite","@id":"https:\/\/lfsevilla.com\/#website","url":"https:\/\/lfsevilla.com\/","name":"Lyc\u00e9e Fran\u00e7ais de S\u00e9ville | Colegio privado internacional triling\u00fce en Sevilla","description":"El Liceo franc\u00e9s de Sevilla ofrece una ense\u00f1anza pluriling\u00fce (ingl\u00e9s, franc\u00e9s y espa\u00f1ol), multicultural y respetuosa con las libertades individuales.","publisher":{"@id":"https:\/\/lfsevilla.com\/#organization"},"potentialAction":[{"@type":"SearchAction","target":{"@type":"EntryPoint","urlTemplate":"https:\/\/lfsevilla.com\/?s={search_term_string}"},"query-input":{"@type":"PropertyValueSpecification","valueRequired":true,"valueName":"search_term_string"}}],"inLanguage":"fr-FR"},{"@type":"Organization","@id":"https:\/\/lfsevilla.com\/#organization","name":"Lyc\u00e9e Fran\u00e7ais International de S\u00e9ville","url":"https:\/\/lfsevilla.com\/","logo":{"@type":"ImageObject","inLanguage":"fr-FR","@id":"https:\/\/lfsevilla.com\/#\/schema\/logo\/image\/","url":"https:\/\/lfsevilla.com\/wp-content\/uploads\/2023\/05\/Logo-Liceo-Frances-de-Sevilla-223x223-1.jpg","contentUrl":"https:\/\/lfsevilla.com\/wp-content\/uploads\/2023\/05\/Logo-Liceo-Frances-de-Sevilla-223x223-1.jpg","width":223,"height":223,"caption":"Lyc\u00e9e Fran\u00e7ais International de S\u00e9ville"},"image":{"@id":"https:\/\/lfsevilla.com\/#\/schema\/logo\/image\/"},"sameAs":["https:\/\/www.facebook.com\/LiceoFrancesSevilla\/","https:\/\/x.com\/lfsevilla","https:\/\/www.linkedin.com\/company\/liceo-francs-internacional-de-sevilla\/","https:\/\/www.instagram.com\/liceofrancessevilla\/","https:\/\/www.youtube.com\/@liceofrancessevilla1124"]}]}},"_links":{"self":[{"href":"https:\/\/lfsevilla.com\/fr\/wp-json\/wp\/v2\/pages\/609","targetHints":{"allow":["GET"]}}],"collection":[{"href":"https:\/\/lfsevilla.com\/fr\/wp-json\/wp\/v2\/pages"}],"about":[{"href":"https:\/\/lfsevilla.com\/fr\/wp-json\/wp\/v2\/types\/page"}],"author":[{"embeddable":true,"href":"https:\/\/lfsevilla.com\/fr\/wp-json\/wp\/v2\/users\/2"}],"replies":[{"embeddable":true,"href":"https:\/\/lfsevilla.com\/fr\/wp-json\/wp\/v2\/comments?post=609"}],"version-history":[{"count":36,"href":"https:\/\/lfsevilla.com\/fr\/wp-json\/wp\/v2\/pages\/609\/revisions"}],"predecessor-version":[{"id":16602,"href":"https:\/\/lfsevilla.com\/fr\/wp-json\/wp\/v2\/pages\/609\/revisions\/16602"}],"wp:featuredmedia":[{"embeddable":true,"href":"https:\/\/lfsevilla.com\/fr\/wp-json\/wp\/v2\/media\/1618"}],"wp:attachment":[{"href":"https:\/\/lfsevilla.com\/fr\/wp-json\/wp\/v2\/media?parent=609"}],"curies":[{"name":"wp","href":"https:\/\/api.w.org\/{rel}","templated":true}]}}