{"id":12363,"date":"2023-02-22T19:51:25","date_gmt":"2023-02-22T18:51:25","guid":{"rendered":"https:\/\/lfsevilla.com\/rejoignez-le-lfs\/"},"modified":"2026-01-22T14:44:52","modified_gmt":"2026-01-22T13:44:52","slug":"rejoignez-le-lfs","status":"publish","type":"page","link":"https:\/\/lfsevilla.com\/fr\/rejoignez-le-lfs\/","title":{"rendered":"Rejoignez Le LFS"},"content":{"rendered":"<p>[et_pb_section fb_built=&#8221;1&#8243; admin_label=&#8221;bot\u00f3n admisi\u00f3n fijo&#8221; _builder_version=&#8221;4.19.4&#8243; _module_preset=&#8221;default&#8221; vertical_offset_tablet=&#8221;0&#8243; horizontal_offset_tablet=&#8221;0&#8243; min_height=&#8221;0px&#8221; height=&#8221;0px&#8221; custom_margin=&#8221;0px||||false|false&#8221; custom_padding=&#8221;0px||0px||true|false&#8221; custom_css_main_element=&#8221;z-index:9;&#8221; box_shadow_horizontal_tablet=&#8221;0px&#8221; box_shadow_vertical_tablet=&#8221;0px&#8221; box_shadow_blur_tablet=&#8221;40px&#8221; box_shadow_spread_tablet=&#8221;0px&#8221; global_module=&#8221;12568&#8243; locked=&#8221;off&#8221; collapsed=&#8221;off&#8221; global_colors_info=&#8221;{}&#8221;][et_pb_row _builder_version=&#8221;4.19.4&#8243; _module_preset=&#8221;default&#8221; vertical_offset_tablet=&#8221;0&#8243; horizontal_offset_tablet=&#8221;0&#8243; custom_margin=&#8221;0px|||&#8221; custom_padding=&#8221;0px|||&#8221; z_index_tablet=&#8221;0&#8243; box_shadow_horizontal_tablet=&#8221;0px&#8221; box_shadow_vertical_tablet=&#8221;0px&#8221; box_shadow_blur_tablet=&#8221;40px&#8221; box_shadow_spread_tablet=&#8221;0px&#8221; global_colors_info=&#8221;{}&#8221;][et_pb_column type=&#8221;4_4&#8243; _builder_version=&#8221;4.19.4&#8243; _module_preset=&#8221;default&#8221; global_colors_info=&#8221;{}&#8221;][et_pb_button button_url=&#8221;\/fr\/rejoignez-le-lfs#inscriptions&#8221; button_text=&#8221;Inscriptions&#8221; module_class=&#8221;btnAdmision&#8221; _builder_version=&#8221;4.23.1&#8243; _module_preset=&#8221;default&#8221; custom_button=&#8221;on&#8221; button_icon=&#8221;&#x68;||divi||400&#8243; button_icon_placement=&#8221;left&#8221; button_on_hover=&#8221;off&#8221; vertical_offset_tablet=&#8221;0&#8243; horizontal_offset_tablet=&#8221;0&#8243; custom_margin=&#8221;0px|||&#8221; z_index_tablet=&#8221;0&#8243; button_text_shadow_horizontal_length_tablet=&#8221;0px&#8221; button_text_shadow_vertical_length_tablet=&#8221;0px&#8221; button_text_shadow_blur_strength_tablet=&#8221;1px&#8221; box_shadow_horizontal_tablet=&#8221;0px&#8221; box_shadow_vertical_tablet=&#8221;0px&#8221; box_shadow_blur_tablet=&#8221;40px&#8221; box_shadow_spread_tablet=&#8221;0px&#8221; global_colors_info=&#8221;{}&#8221;][\/et_pb_button][\/et_pb_column][\/et_pb_row][\/et_pb_section][et_pb_section fb_built=&#8221;1&#8243; admin_label=&#8221;Rejoignez LFS&#8221; module_id=&#8221;mision-valores&#8221; _builder_version=&#8221;4.19.4&#8243; background_enable_color=&#8221;off&#8221; custom_padding=&#8221;0px||0px||true|false&#8221; locked=&#8221;off&#8221; collapsed=&#8221;on&#8221; global_colors_info=&#8221;{}&#8221;][et_pb_row column_structure=&#8221;1_2,1_2&#8243; use_custom_gutter=&#8221;on&#8221; gutter_width=&#8221;1&#8243; make_equal=&#8221;on&#8221; _builder_version=&#8221;4.19.4&#8243; _module_preset=&#8221;default&#8221; width=&#8221;100%&#8221; max_width=&#8221;100%&#8221; custom_padding=&#8221;0px||0px||true|false&#8221; global_colors_info=&#8221;{}&#8221;][et_pb_column type=&#8221;1_2&#8243; _builder_version=&#8221;4.19.4&#8243; _module_preset=&#8221;default&#8221; use_background_color_gradient=&#8221;on&#8221; background_color_gradient_direction=&#8221;90deg&#8221; background_color_gradient_stops=&#8221;#f76b2e 0%|#9e3136 100%&#8221; custom_padding=&#8221;5%|5%|5%|5%|true|true&#8221; global_colors_info=&#8221;{}&#8221;][et_pb_text admin_label=&#8221;Text&#8221; _builder_version=&#8221;4.19.4&#8243; text_text_color=&#8221;#FFFFFF&#8221; text_font_size=&#8221;30px&#8221; header_font=&#8221;Antonio||||||||&#8221; header_text_color=&#8221;#000000&#8243; header_font_size=&#8221;25px&#8221; header_2_text_color=&#8221;#FFFFFF&#8221; background_enable_color=&#8221;off&#8221; background_size=&#8221;initial&#8221; background_position=&#8221;top_left&#8221; background_repeat=&#8221;repeat&#8221; custom_margin=&#8221;||10px||false|false&#8221; header_font_size_tablet=&#8221;57px&#8221; header_font_size_phone=&#8221;44px&#8221; header_font_size_last_edited=&#8221;on|phone&#8221; global_colors_info=&#8221;{}&#8221;]<\/p>\n<h1>Lyc\u00e9e Fran\u00e7ais International Sevilla<\/h1>\n<p>[\/et_pb_text][et_pb_text admin_label=&#8221;Text&#8221; _builder_version=&#8221;4.19.4&#8243; text_text_color=&#8221;#FFFFFF&#8221; text_font_size=&#8221;30px&#8221; header_font=&#8221;Antonio||||||||&#8221; header_text_color=&#8221;#FFFFFF&#8221; header_font_size=&#8221;57px&#8221; header_2_text_color=&#8221;#FFFFFF&#8221; background_enable_color=&#8221;off&#8221; background_size=&#8221;initial&#8221; background_position=&#8221;top_left&#8221; background_repeat=&#8221;repeat&#8221; custom_margin=&#8221;||20px||false|false&#8221; header_font_size_tablet=&#8221;57px&#8221; header_font_size_phone=&#8221;44px&#8221; header_font_size_last_edited=&#8221;on|phone&#8221; global_colors_info=&#8221;{}&#8221;]<\/p>\n<h2 class=\"tituloh2\">REJOIGNEZ LE LFS<\/h2>\n<p>[\/et_pb_text][et_pb_divider show_divider=&#8221;off&#8221; _builder_version=&#8221;4.19.1&#8243; _module_preset=&#8221;default&#8221; height=&#8221;30px&#8221; global_colors_info=&#8221;{}&#8221;][\/et_pb_divider][\/et_pb_column][et_pb_column type=&#8221;1_2&#8243; _builder_version=&#8221;4.19.4&#8243; _module_preset=&#8221;default&#8221; background_image=&#8221;https:\/\/lfsevilla.com\/wp-content\/uploads\/2022\/11\/10_razones-2.jpg&#8221; parallax=&#8221;on&#8221; global_colors_info=&#8221;{}&#8221;][\/et_pb_column][\/et_pb_row][\/et_pb_section][et_pb_section fb_built=&#8221;1&#8243; admin_label=&#8221;10 bonnes raisons de choisir le LFS&#8221; module_id=&#8221;10-bonnes-raisons&#8221; _builder_version=&#8221;4.19.4&#8243; _module_preset=&#8221;default&#8221; custom_padding=&#8221;||0px||false|false&#8221; collapsed=&#8221;on&#8221; global_colors_info=&#8221;{}&#8221;][et_pb_row _builder_version=&#8221;4.19.4&#8243; _module_preset=&#8221;default&#8221; custom_padding=&#8221;||0px||false|false&#8221; locked=&#8221;off&#8221; collapsed=&#8221;off&#8221; global_colors_info=&#8221;{}&#8221;][et_pb_column type=&#8221;4_4&#8243; _builder_version=&#8221;4.19.4&#8243; _module_preset=&#8221;default&#8221; background_enable_color=&#8221;off&#8221; custom_padding=&#8221;|5%|3%|5%|false|true&#8221; global_colors_info=&#8221;{}&#8221;][et_pb_text admin_label=&#8221;Text&#8221; _builder_version=&#8221;4.19.4&#8243; text_font_size=&#8221;30px&#8221; background_enable_color=&#8221;off&#8221; background_size=&#8221;initial&#8221; background_position=&#8221;top_left&#8221; background_repeat=&#8221;repeat&#8221; text_orientation=&#8221;center&#8221; custom_margin=&#8221;||20px||false|false&#8221; global_colors_info=&#8221;{}&#8221;]<\/p>\n<h2>10 BONNES RAISONS POUR NOUS REJOINDRE<\/h2>\n<p>[\/et_pb_text][\/et_pb_column][\/et_pb_row][et_pb_row column_structure=&#8221;1_2,1_2&#8243; use_custom_gutter=&#8221;on&#8221; gutter_width=&#8221;1&#8243; make_equal=&#8221;on&#8221; admin_label=&#8221;\u00c9l\u00e9mentaire &#8221; _builder_version=&#8221;4.19.4&#8243; _module_preset=&#8221;default&#8221; width=&#8221;100%&#8221; max_width=&#8221;100%&#8221; custom_padding=&#8221;0px||0px||true|false&#8221; locked=&#8221;off&#8221; collapsed=&#8221;off&#8221; global_colors_info=&#8221;{}&#8221;][et_pb_column type=&#8221;1_2&#8243; _builder_version=&#8221;4.19.4&#8243; _module_preset=&#8221;default&#8221; background_enable_color=&#8221;off&#8221; use_background_color_gradient=&#8221;on&#8221; background_color_gradient_direction=&#8221;90deg&#8221; background_color_gradient_stops=&#8221;#d698c1 0%|#82357e 100%&#8221; custom_padding=&#8221;5%|5%|5%|5%|true|true&#8221; custom_css_before=&#8221;content:%221%22;||position: absolute;||color: #000;||font-size: 320px;||font-family: Arial;||left: 0;||opacity: 0.6;&#8221; custom_css_main_element=&#8221;display: flex;||flex-direction: column;||justify-content: center;&#8221; global_colors_info=&#8221;{}&#8221;][et_pb_text admin_label=&#8221;Text&#8221; _builder_version=&#8221;4.19.4&#8243; text_text_color=&#8221;#FFFFFF&#8221; header_2_font=&#8221;||||||||&#8221; header_2_text_color=&#8221;#FFFFFF&#8221; header_3_text_align=&#8221;left&#8221; header_3_text_color=&#8221;#FFFFFF&#8221; background_enable_color=&#8221;off&#8221; background_size=&#8221;initial&#8221; background_position=&#8221;top_left&#8221; background_repeat=&#8221;repeat&#8221; custom_margin=&#8221;30px||20px||false|false&#8221; locked=&#8221;off&#8221; global_colors_info=&#8221;{}&#8221;]<\/p>\n<h3>DOUBLE DIPL\u00d4ME BACCALAUREAT ET SELECTIVIDAD<\/h3>\n<p>[\/et_pb_text][et_pb_text _builder_version=&#8221;4.19.4&#8243; _module_preset=&#8221;default&#8221; text_text_color=&#8221;#FFFFFF&#8221; header_2_text_color=&#8221;#000000&#8243; header_2_font_size=&#8221;48px&#8221; header_3_text_color=&#8221;#FFFFFF&#8221; header_3_font_size=&#8221;42px&#8221; header_4_text_color=&#8221;#FFFFFF&#8221; header_4_font_size=&#8221;19px&#8221; header_4_line_height=&#8221;1.5em&#8221; custom_margin=&#8221;||||false|false&#8221; custom_padding=&#8221;||||false|false&#8221; header_2_font_size_tablet=&#8221;48px&#8221; header_2_font_size_phone=&#8221;34px&#8221; header_2_font_size_last_edited=&#8221;on|phone&#8221; header_3_font_size_tablet=&#8221;42px&#8221; header_3_font_size_phone=&#8221;30px&#8221; header_3_font_size_last_edited=&#8221;on|phone&#8221; global_colors_info=&#8221;{}&#8221;]<\/p>\n<p><span>A la fin de sa scolarit\u00e9 l\u2019\u00e9l\u00e8ve sort de l\u2019\u00e9tablissement avec un dipl\u00f4me fran\u00e7ais et espagnol et \u00e0 acc\u00e8s aux universit\u00e9s de chacun des pays.<\/span><\/p>\n<p>[\/et_pb_text][et_pb_button button_url=&#8221;https:\/\/lfsevilla.com\/doble-diploma\/&#8221; url_new_window=&#8221;on&#8221; button_text=&#8221;en savoir plus&#8221; button_alignment=&#8221;right&#8221; _builder_version=&#8221;4.19.4&#8243; _module_preset=&#8221;default&#8221; custom_button=&#8221;on&#8221; button_text_size=&#8221;19px&#8221; button_text_color=&#8221;#FFFFFF&#8221; button_bg_color=&#8221;RGBA(255,255,255,0)&#8221; button_border_width=&#8221;2px&#8221; button_border_color=&#8221;#FFFFFF&#8221; button_icon=&#8221;&#x68;||divi||400&#8243; button_on_hover=&#8221;off&#8221; custom_margin=&#8221;60px||||false|false&#8221; global_colors_info=&#8221;{}&#8221;][\/et_pb_button][\/et_pb_column][et_pb_column type=&#8221;1_2&#8243; _builder_version=&#8221;4.19.1&#8243; _module_preset=&#8221;default&#8221; background_image=&#8221;https:\/\/lfsevilla.com\/wp-content\/uploads\/2022\/11\/10_razones-1-1.jpg&#8221; parallax=&#8221;on&#8221; global_colors_info=&#8221;{}&#8221;][\/et_pb_column][\/et_pb_row][et_pb_row column_structure=&#8221;1_3,1_3,1_3&#8243; use_custom_gutter=&#8221;on&#8221; gutter_width=&#8221;1&#8243; make_equal=&#8221;on&#8221; _builder_version=&#8221;4.19.4&#8243; _module_preset=&#8221;default&#8221; width=&#8221;100%&#8221; max_width=&#8221;100%&#8221; custom_padding=&#8221;0px||0px||true|false&#8221; global_colors_info=&#8221;{}&#8221;][et_pb_column type=&#8221;1_3&#8243; _builder_version=&#8221;4.19.1&#8243; _module_preset=&#8221;default&#8221; use_background_color_gradient=&#8221;on&#8221; background_color_gradient_direction=&#8221;90deg&#8221; background_color_gradient_stops=&#8221;#77abd8 0%|#2073bc 100%&#8221; custom_padding=&#8221;3%|3%|3%|3%|true|true&#8221; custom_css_before=&#8221;content:%222%22;||position: absolute;||color: #000;||font-size: 320px;||font-family: Arial;||left: 0;||opacity: 0.6;&#8221; custom_css_main_element=&#8221;display: flex;||flex-direction: column;||justify-content: center;||position: relative;&#8221; global_colors_info=&#8221;{}&#8221;][et_pb_text admin_label=&#8221;Text&#8221; _builder_version=&#8221;4.19.4&#8243; text_text_color=&#8221;#FFFFFF&#8221; header_2_font=&#8221;||||||||&#8221; header_2_text_color=&#8221;#FFFFFF&#8221; header_3_text_align=&#8221;left&#8221; header_3_text_color=&#8221;#FFFFFF&#8221; background_enable_color=&#8221;off&#8221; background_size=&#8221;initial&#8221; background_position=&#8221;top_left&#8221; background_repeat=&#8221;repeat&#8221; custom_margin=&#8221;30px||20px||false|false&#8221; locked=&#8221;off&#8221; global_colors_info=&#8221;{}&#8221;]<\/p>\n<h3>ENSEIGNEMENT PLURILINGUE<\/h3>\n<p>[\/et_pb_text][et_pb_text _builder_version=&#8221;4.19.4&#8243; _module_preset=&#8221;default&#8221; text_text_color=&#8221;#FFFFFF&#8221; header_2_text_color=&#8221;#000000&#8243; header_2_font_size=&#8221;48px&#8221; header_3_text_color=&#8221;#FFFFFF&#8221; header_3_font_size=&#8221;42px&#8221; header_4_text_color=&#8221;#FFFFFF&#8221; header_4_font_size=&#8221;19px&#8221; header_4_line_height=&#8221;1.5em&#8221; custom_margin=&#8221;||||false|false&#8221; custom_padding=&#8221;||||false|false&#8221; header_2_font_size_tablet=&#8221;48px&#8221; header_2_font_size_phone=&#8221;34px&#8221; header_2_font_size_last_edited=&#8221;on|phone&#8221; header_3_font_size_tablet=&#8221;42px&#8221; header_3_font_size_phone=&#8221;30px&#8221; header_3_font_size_last_edited=&#8221;on|phone&#8221; global_colors_info=&#8221;{}&#8221;]<\/p>\n<p>Un enseignement totalement plurilingue d\u00e8s l\u2019\u00e2ge de 2 ou 3 ans.<\/p>\n<p>La partie fran\u00e7aise de l\u2019enseignement assur\u00e9e \u00e0 100% par des natifs fran\u00e7ais dont un pourcentage \u00e9lev\u00e9 de fonctionnaires titulaires du minist\u00e8re de l\u2019\u00e9ducation nationale fran\u00e7aise<\/p>\n<p>[\/et_pb_text][\/et_pb_column][et_pb_column type=&#8221;1_3&#8243; _builder_version=&#8221;4.19.4&#8243; _module_preset=&#8221;default&#8221; background_image=&#8221;https:\/\/lfsevilla.com\/wp-content\/uploads\/2022\/11\/10_razones-5.jpg&#8221; parallax=&#8221;on&#8221; global_colors_info=&#8221;{}&#8221;][\/et_pb_column][et_pb_column type=&#8221;1_3&#8243; _builder_version=&#8221;4.19.4&#8243; _module_preset=&#8221;default&#8221; use_background_color_gradient=&#8221;on&#8221; background_color_gradient_direction=&#8221;90deg&#8221; background_color_gradient_stops=&#8221;#99796b 0%|#47332f 98%&#8221; custom_padding=&#8221;3%|3%|3%|3%|true|true&#8221; custom_css_before=&#8221;content:%223%22;||position: absolute;||color: #000;||font-size: 320px;||font-family: Arial;||left: 0;||opacity: 0.6;&#8221; custom_css_main_element=&#8221;display: flex;||flex-direction: column;||justify-content: center;||position: relative;&#8221; global_colors_info=&#8221;{}&#8221;][et_pb_text admin_label=&#8221;Text&#8221; _builder_version=&#8221;4.19.4&#8243; text_text_color=&#8221;#FFFFFF&#8221; header_2_font=&#8221;||||||||&#8221; header_2_text_color=&#8221;#FFFFFF&#8221; header_3_text_align=&#8221;left&#8221; header_3_text_color=&#8221;#FFFFFF&#8221; background_enable_color=&#8221;off&#8221; background_size=&#8221;initial&#8221; background_position=&#8221;top_left&#8221; background_repeat=&#8221;repeat&#8221; custom_margin=&#8221;30px||20px||false|false&#8221; locked=&#8221;off&#8221; global_colors_info=&#8221;{}&#8221;]<\/p>\n<h3>ANGLAIS D\u00c8S L\u2019AGE DE TROIS ANS<\/h3>\n<p>[\/et_pb_text][et_pb_text _builder_version=&#8221;4.19.4&#8243; _module_preset=&#8221;default&#8221; text_text_color=&#8221;#FFFFFF&#8221; header_2_text_color=&#8221;#000000&#8243; header_2_font_size=&#8221;48px&#8221; header_3_text_color=&#8221;#FFFFFF&#8221; header_3_font_size=&#8221;42px&#8221; header_4_text_color=&#8221;#FFFFFF&#8221; header_4_font_size=&#8221;19px&#8221; header_4_line_height=&#8221;1.5em&#8221; custom_margin=&#8221;||||false|false&#8221; custom_padding=&#8221;||||false|false&#8221; header_2_font_size_tablet=&#8221;48px&#8221; header_2_font_size_phone=&#8221;34px&#8221; header_2_font_size_last_edited=&#8221;on|phone&#8221; header_3_font_size_tablet=&#8221;42px&#8221; header_3_font_size_phone=&#8221;30px&#8221; header_3_font_size_last_edited=&#8221;on|phone&#8221; global_colors_info=&#8221;{}&#8221;]<\/p>\n<p>L\u2019anglais est introduit d\u00e8s l\u2019\u00e9cole maternelle.<\/p>\n<p>A l\u2019issue de leur scolarit\u00e9 au LFS, les \u00e9l\u00e8ves sont certifi\u00e9s \u00e0 travers le Cambridge en ayant acquis le niveau B2\/C1 d\u2019anglais.<\/p>\n<p>Le Lyc\u00e9e fran\u00e7ais de S\u00e9ville est un centre agr\u00e9\u00e9 Cambridge.<\/p>\n<p>L\u2019apprentissage des langues vivantes est au centre du projet de l\u2019\u00e9tablissement, et nos \u00e9l\u00e8ves d\u00e8s la maternelle b\u00e9n\u00e9ficient d\u2019un enseignement en anglais pens\u00e9 et r\u00e9fl\u00e9chi en parcours d\u2019apprentissage.<\/p>\n<p>[\/et_pb_text][\/et_pb_column][\/et_pb_row][et_pb_row column_structure=&#8221;3_5,2_5&#8243; use_custom_gutter=&#8221;on&#8221; gutter_width=&#8221;1&#8243; make_equal=&#8221;on&#8221; _builder_version=&#8221;4.19.4&#8243; _module_preset=&#8221;default&#8221; width=&#8221;100%&#8221; max_width=&#8221;100%&#8221; custom_padding=&#8221;0px||0px||true|false&#8221; locked=&#8221;off&#8221; collapsed=&#8221;on&#8221; global_colors_info=&#8221;{}&#8221;][et_pb_column type=&#8221;3_5&#8243; module_class=&#8221;btnPersona&#8221; _builder_version=&#8221;4.19.4&#8243; _module_preset=&#8221;default&#8221; background_image=&#8221;https:\/\/lfsevilla.com\/wp-content\/uploads\/2023\/01\/lycee-francais-international-Sevilla.jpg&#8221; parallax=&#8221;on&#8221; global_colors_info=&#8221;{}&#8221;][\/et_pb_column][et_pb_column type=&#8221;2_5&#8243; _builder_version=&#8221;4.19.1&#8243; _module_preset=&#8221;default&#8221; background_enable_color=&#8221;off&#8221; use_background_color_gradient=&#8221;on&#8221; background_color_gradient_direction=&#8221;90deg&#8221; background_color_gradient_stops=&#8221;#a3666e 0%|#931d2b 100%&#8221; custom_padding=&#8221;3%|3%|3%|3%|true|true&#8221; custom_css_before=&#8221;content:%224%22;||position: absolute;||color: #000;||font-size: 320px;||font-family: Arial;||left: 0;||opacity: 0.6;&#8221; custom_css_main_element=&#8221;display: flex;||flex-direction: column;||justify-content: center;||position: relative;&#8221; global_colors_info=&#8221;{}&#8221;][et_pb_text admin_label=&#8221;Text&#8221; _builder_version=&#8221;4.19.4&#8243; text_text_color=&#8221;#FFFFFF&#8221; header_2_font=&#8221;||||||||&#8221; header_3_font=&#8221;||||||||&#8221; header_3_text_align=&#8221;left&#8221; header_3_text_color=&#8221;#FFFFFF&#8221; background_enable_color=&#8221;off&#8221; background_size=&#8221;initial&#8221; background_position=&#8221;top_left&#8221; background_repeat=&#8221;repeat&#8221; custom_margin=&#8221;30px||20px||false|false&#8221; locked=&#8221;off&#8221; global_colors_info=&#8221;{}&#8221;]<\/p>\n<h3>SE FORMER \u00c0 L\u2019ESPRIT CRITIQUE<\/h3>\n<p>[\/et_pb_text][et_pb_text _builder_version=&#8221;4.19.4&#8243; _module_preset=&#8221;default&#8221; text_text_color=&#8221;#FFFFFF&#8221; header_2_text_color=&#8221;#000000&#8243; header_2_font_size=&#8221;48px&#8221; header_3_text_color=&#8221;#FFFFFF&#8221; header_3_font_size=&#8221;42px&#8221; header_4_text_color=&#8221;#FFFFFF&#8221; header_4_font_size=&#8221;19px&#8221; header_4_line_height=&#8221;1.5em&#8221; custom_margin=&#8221;||||false|false&#8221; custom_padding=&#8221;||||false|false&#8221; header_2_font_size_tablet=&#8221;48px&#8221; header_2_font_size_phone=&#8221;34px&#8221; header_2_font_size_last_edited=&#8221;on|phone&#8221; header_3_font_size_tablet=&#8221;42px&#8221; header_3_font_size_phone=&#8221;30px&#8221; header_3_font_size_last_edited=&#8221;on|phone&#8221; global_colors_info=&#8221;{}&#8221;]Le d\u00e9veloppement de l\u2019esprit critique est au centre de la mission assign\u00e9e au syst\u00e8me \u00e9ducatif fran\u00e7ais. L\u2019attention d\u00e9sormais port\u00e9e \u00e0 l\u2019\u00e9ducation aux m\u00e9dias et \u00e0 l\u2019information, le travail de formation des \u00e9l\u00e8ves au d\u00e9cryptage du r\u00e9el et \u00e0 la construction, progressive, d\u2019un esprit \u00e9clair\u00e9, autonome, et critique est une ambition majeure du lyc\u00e9e fran\u00e7ais de S\u00e9ville.[\/et_pb_text][\/et_pb_column][\/et_pb_row][et_pb_row column_structure=&#8221;1_3,1_3,1_3&#8243; use_custom_gutter=&#8221;on&#8221; gutter_width=&#8221;1&#8243; make_equal=&#8221;on&#8221; _builder_version=&#8221;4.19.4&#8243; _module_preset=&#8221;default&#8221; width=&#8221;100%&#8221; max_width=&#8221;100%&#8221; custom_padding=&#8221;0px||0px||true|false&#8221; locked=&#8221;off&#8221; global_colors_info=&#8221;{}&#8221;][et_pb_column type=&#8221;1_3&#8243; _builder_version=&#8221;4.19.4&#8243; _module_preset=&#8221;default&#8221; use_background_color_gradient=&#8221;on&#8221; background_color_gradient_direction=&#8221;90deg&#8221; background_color_gradient_stops=&#8221;#748c4d 0%|#535b1c 100%&#8221; custom_padding=&#8221;3%|3%|3%|3%|true|true&#8221; custom_css_before=&#8221;content:%225%22;||position: absolute;||color: #000;||font-size: 320px;||font-family: Arial;||left: 0;||opacity: 0.6;&#8221; custom_css_main_element=&#8221;display: flex;||flex-direction: column;||justify-content: center;||position: relative;&#8221; global_colors_info=&#8221;{}&#8221;][et_pb_text admin_label=&#8221;Text&#8221; _builder_version=&#8221;4.19.4&#8243; text_text_color=&#8221;#FFFFFF&#8221; header_2_font=&#8221;||||||||&#8221; header_3_font=&#8221;||||||||&#8221; header_3_text_align=&#8221;left&#8221; header_3_text_color=&#8221;#FFFFFF&#8221; background_enable_color=&#8221;off&#8221; background_size=&#8221;initial&#8221; background_position=&#8221;top_left&#8221; background_repeat=&#8221;repeat&#8221; custom_margin=&#8221;30px||20px||false|false&#8221; locked=&#8221;off&#8221; global_colors_info=&#8221;{}&#8221;]<\/p>\n<h3>DES \u00c9CHANGES SCOLAIRES \u00c0 TRAVERS LE R\u00c9SEAU DES LYC\u00c9ES FRAN\u00c7AIS \u00c0 L\u2019\u00c9TRANGER<\/h3>\n<p>[\/et_pb_text][et_pb_text _builder_version=&#8221;4.19.4&#8243; _module_preset=&#8221;default&#8221; text_text_color=&#8221;#FFFFFF&#8221; header_2_text_color=&#8221;#000000&#8243; header_2_font_size=&#8221;48px&#8221; header_3_text_color=&#8221;#FFFFFF&#8221; header_3_font_size=&#8221;42px&#8221; header_4_text_color=&#8221;#FFFFFF&#8221; header_4_font_size=&#8221;19px&#8221; header_4_line_height=&#8221;1.5em&#8221; custom_margin=&#8221;||||false|false&#8221; custom_padding=&#8221;||||false|false&#8221; header_2_font_size_tablet=&#8221;48px&#8221; header_2_font_size_phone=&#8221;34px&#8221; header_2_font_size_last_edited=&#8221;on|phone&#8221; header_3_font_size_tablet=&#8221;42px&#8221; header_3_font_size_phone=&#8221;30px&#8221; header_3_font_size_last_edited=&#8221;on|phone&#8221; global_colors_info=&#8221;{}&#8221;]<\/p>\n<p>\u00c0 partir de la classe de 3\u00e8me, un \u00e9change avec le Coll\u00e8ge Bernard Palissy de Par\u00eds qui permet \u00e0 nos \u00e9l\u00e8ves de poursuivre leur scolarit\u00e9 tout en \u00e9tant en immersion totale dans une famille fran\u00e7aise.<\/p>\n<p>De plus, nous faisons aussi des \u00e9changes scolaires avec le lyc\u00e9e fran\u00e7ais de Dallas aux Etats-Unis et nos \u00e9l\u00e8ves de seconde participent au programme ADN de l\u2019AEFE.<\/p>\n<p>[\/et_pb_text][\/et_pb_column][et_pb_column type=&#8221;1_3&#8243; _builder_version=&#8221;4.19.1&#8243; _module_preset=&#8221;default&#8221; use_background_color_gradient=&#8221;on&#8221; background_color_gradient_direction=&#8221;90deg&#8221; background_color_gradient_stops=&#8221;#79acd8 0%|#236ca8 99%&#8221; background_enable_image=&#8221;off&#8221; parallax=&#8221;on&#8221; custom_padding=&#8221;3%|3%|3%|3%|true|true&#8221; custom_css_before=&#8221;content:%226%22;||position: absolute;||color: #000;||font-size: 320px;||font-family: Arial;||left: 0;||opacity: 0.6;&#8221; custom_css_main_element=&#8221;display: flex;||flex-direction: column;||justify-content: center;||position: relative;&#8221; global_colors_info=&#8221;{}&#8221;][et_pb_text admin_label=&#8221;Text&#8221; _builder_version=&#8221;4.19.4&#8243; text_text_color=&#8221;#FFFFFF&#8221; header_2_font=&#8221;||||||||&#8221; header_3_font=&#8221;||||||||&#8221; header_3_text_align=&#8221;left&#8221; header_3_text_color=&#8221;#FFFFFF&#8221; background_enable_color=&#8221;off&#8221; background_size=&#8221;initial&#8221; background_position=&#8221;top_left&#8221; background_repeat=&#8221;repeat&#8221; custom_margin=&#8221;30px||20px||false|false&#8221; locked=&#8221;off&#8221; global_colors_info=&#8221;{}&#8221;]<\/p>\n<h3>CONTINUIT\u00c9 P\u00c9DAGOGIQUE<\/h3>\n<p>[\/et_pb_text][et_pb_text _builder_version=&#8221;4.19.4&#8243; _module_preset=&#8221;default&#8221; text_text_color=&#8221;#FFFFFF&#8221; header_2_text_color=&#8221;#000000&#8243; header_2_font_size=&#8221;48px&#8221; header_3_text_color=&#8221;#FFFFFF&#8221; header_3_font_size=&#8221;42px&#8221; header_4_text_color=&#8221;#FFFFFF&#8221; header_4_font_size=&#8221;19px&#8221; header_4_line_height=&#8221;1.5em&#8221; custom_margin=&#8221;||||false|false&#8221; custom_padding=&#8221;||||false|false&#8221; header_2_font_size_tablet=&#8221;48px&#8221; header_2_font_size_phone=&#8221;34px&#8221; header_2_font_size_last_edited=&#8221;on|phone&#8221; header_3_font_size_tablet=&#8221;42px&#8221; header_3_font_size_phone=&#8221;30px&#8221; header_3_font_size_last_edited=&#8221;on|phone&#8221; global_colors_info=&#8221;{}&#8221;]Les \u00e9l\u00e8ves sont scolaris\u00e9s au LFS de 2 \u00e0 18 ans dans le m\u00eame \u00e9tablissement. Nous leur proposons ainsi un suivi et un accompagnement personnalis\u00e9. L\u2019ensemble de l\u2019\u00e9quipe p\u00e9dagogique de la maternelle au lyc\u00e9e travail en parfaite collaboration pour r\u00e9pondre aux attentes de tous les \u00e9l\u00e8ves[\/et_pb_text][\/et_pb_column][et_pb_column type=&#8221;1_3&#8243; _builder_version=&#8221;4.19.4&#8243; _module_preset=&#8221;default&#8221; background_image=&#8221;https:\/\/lfsevilla.com\/wp-content\/uploads\/2023\/02\/lycee-sevilla-libros.jpg&#8221; parallax=&#8221;on&#8221; custom_padding=&#8221;3%|3%|3%|3%|true|true&#8221; global_colors_info=&#8221;{}&#8221;][\/et_pb_column][\/et_pb_row][et_pb_row column_structure=&#8221;3_5,2_5&#8243; use_custom_gutter=&#8221;on&#8221; gutter_width=&#8221;1&#8243; make_equal=&#8221;on&#8221; _builder_version=&#8221;4.19.4&#8243; _module_preset=&#8221;default&#8221; width=&#8221;100%&#8221; max_width=&#8221;100%&#8221; custom_padding=&#8221;0px||0px||true|false&#8221; locked=&#8221;off&#8221; collapsed=&#8221;on&#8221; global_colors_info=&#8221;{}&#8221;][et_pb_column type=&#8221;3_5&#8243; module_class=&#8221;btnPersona&#8221; _builder_version=&#8221;4.19.4&#8243; _module_preset=&#8221;default&#8221; background_image=&#8221;https:\/\/lfsevilla.com\/wp-content\/uploads\/2023\/01\/CFTI_sevilla-2.jpg&#8221; parallax=&#8221;on&#8221; global_colors_info=&#8221;{}&#8221;][\/et_pb_column][et_pb_column type=&#8221;2_5&#8243; _builder_version=&#8221;4.19.1&#8243; _module_preset=&#8221;default&#8221; background_enable_color=&#8221;off&#8221; use_background_color_gradient=&#8221;on&#8221; background_color_gradient_direction=&#8221;90deg&#8221; background_color_gradient_stops=&#8221;#72b58f 0%|#1c8c5b 99%&#8221; custom_padding=&#8221;3%|3%|3%|3%|true|true&#8221; custom_css_before=&#8221;content:%227%22;||position: absolute;||color: #000;||font-size: 320px;||font-family: Arial;||left: 0;||opacity: 0.6;&#8221; custom_css_main_element=&#8221;display: flex;||flex-direction: column;||justify-content: center;||position: relative;&#8221; global_colors_info=&#8221;{}&#8221;][et_pb_text admin_label=&#8221;Text&#8221; _builder_version=&#8221;4.19.4&#8243; text_text_color=&#8221;#FFFFFF&#8221; header_2_font=&#8221;||||||||&#8221; header_3_font=&#8221;||||||||&#8221; header_3_text_align=&#8221;left&#8221; header_3_text_color=&#8221;#FFFFFF&#8221; background_enable_color=&#8221;off&#8221; background_size=&#8221;initial&#8221; background_position=&#8221;top_left&#8221; background_repeat=&#8221;repeat&#8221; custom_margin=&#8221;30px||20px||false|false&#8221; locked=&#8221;off&#8221; global_colors_info=&#8221;{}&#8221;]<\/p>\n<h3>LES \u00c9L\u00c8VES INT\u00c8GRERONT EN 2027, LE CENTRE FRAN\u00c7AIS DE TECHNOLOGIE ET D\u2019INNOVATION<\/h3>\n<p>[\/et_pb_text][et_pb_text _builder_version=&#8221;4.19.4&#8243; _module_preset=&#8221;default&#8221; text_text_color=&#8221;#FFFFFF&#8221; header_2_text_color=&#8221;#000000&#8243; header_2_font_size=&#8221;48px&#8221; header_3_text_color=&#8221;#FFFFFF&#8221; header_3_font_size=&#8221;42px&#8221; header_4_text_color=&#8221;#FFFFFF&#8221; header_4_font_size=&#8221;19px&#8221; header_4_line_height=&#8221;1.5em&#8221; custom_margin=&#8221;||||false|false&#8221; custom_padding=&#8221;||||false|false&#8221; header_2_font_size_tablet=&#8221;48px&#8221; header_2_font_size_phone=&#8221;34px&#8221; header_2_font_size_last_edited=&#8221;on|phone&#8221; header_3_font_size_tablet=&#8221;42px&#8221; header_3_font_size_phone=&#8221;30px&#8221; header_3_font_size_last_edited=&#8221;on|phone&#8221; global_colors_info=&#8221;{}&#8221;]<\/p>\n<p>Le Centre fran\u00e7ais de technologie et d\u2019innovation ouvrira ses portes en septembre 2027. Il sera un espace d\u00e9di\u00e9 non seulement \u00e0 l\u2019innovation \u00e9ducative mais aussi marqu\u00e9 d\u2019un fort caract\u00e8re d\u2019entreprenariat technologique.<\/p>\n<p>Ce nouveau projet comprendra le nouveau si\u00e8ge du Lyc\u00e9e international de S\u00e9ville, un \u00e9tablissement plurilingue innovant centr\u00e9 sur les comp\u00e9tences du 21\u00e8me si\u00e8cle et sur l\u2019agenda 2030, unique sur l\u2019Isle de la Cartuja.<\/p>\n<p>Au-del\u00e0 de sa section europ\u00e9enne unique en Andalousie, ce centre sera d\u00e9di\u00e9 \u00e0 l\u2019innovation technologique et \u00e0 la collaboration avec des entreprises, Startup pr\u00e9sents sur le parc technologique de la Cartuja.<\/p>\n<p>[\/et_pb_text][\/et_pb_column][\/et_pb_row][et_pb_row column_structure=&#8221;1_3,1_3,1_3&#8243; use_custom_gutter=&#8221;on&#8221; gutter_width=&#8221;1&#8243; make_equal=&#8221;on&#8221; _builder_version=&#8221;4.19.4&#8243; _module_preset=&#8221;default&#8221; width=&#8221;100%&#8221; max_width=&#8221;100%&#8221; custom_padding=&#8221;0px||0px||true|false&#8221; locked=&#8221;off&#8221; global_colors_info=&#8221;{}&#8221;][et_pb_column type=&#8221;1_3&#8243; _builder_version=&#8221;4.19.4&#8243; _module_preset=&#8221;default&#8221; background_image=&#8221;https:\/\/lfsevilla.com\/wp-content\/uploads\/2023\/02\/sciences.jpg&#8221; parallax=&#8221;on&#8221; global_colors_info=&#8221;{}&#8221;][\/et_pb_column][et_pb_column type=&#8221;1_3&#8243; _builder_version=&#8221;4.19.1&#8243; _module_preset=&#8221;default&#8221; use_background_color_gradient=&#8221;on&#8221; background_color_gradient_direction=&#8221;90deg&#8221; background_color_gradient_stops=&#8221;#7a7adb 0%|#5225b2 100%&#8221; background_enable_image=&#8221;off&#8221; parallax=&#8221;on&#8221; custom_padding=&#8221;3%|3%|3%|3%|true|true&#8221; custom_css_before=&#8221;content:%228%22;||position: absolute;||color: #000;||font-size: 320px;||font-family: Arial;||left: 0;||opacity: 0.6;&#8221; custom_css_main_element=&#8221;display: flex;||flex-direction: column;||justify-content: center;||position: relative;&#8221; global_colors_info=&#8221;{}&#8221;][et_pb_text admin_label=&#8221;Text&#8221; _builder_version=&#8221;4.19.4&#8243; text_text_color=&#8221;#FFFFFF&#8221; header_2_font=&#8221;||||||||&#8221; header_3_font=&#8221;||||||||&#8221; header_3_text_align=&#8221;left&#8221; header_3_text_color=&#8221;#FFFFFF&#8221; background_enable_color=&#8221;off&#8221; background_size=&#8221;initial&#8221; background_position=&#8221;top_left&#8221; background_repeat=&#8221;repeat&#8221; custom_margin=&#8221;30px||20px||false|false&#8221; locked=&#8221;off&#8221; global_colors_info=&#8221;{}&#8221;]<\/p>\n<h3>CERTIFICATIONS<\/h3>\n<p>[\/et_pb_text][et_pb_text _builder_version=&#8221;4.19.4&#8243; _module_preset=&#8221;default&#8221; text_text_color=&#8221;#FFFFFF&#8221; header_2_text_color=&#8221;#000000&#8243; header_2_font_size=&#8221;48px&#8221; header_3_text_color=&#8221;#FFFFFF&#8221; header_3_font_size=&#8221;42px&#8221; header_4_text_color=&#8221;#FFFFFF&#8221; header_4_font_size=&#8221;19px&#8221; header_4_line_height=&#8221;1.5em&#8221; custom_margin=&#8221;||||false|false&#8221; custom_padding=&#8221;||||false|false&#8221; header_2_font_size_tablet=&#8221;48px&#8221; header_2_font_size_phone=&#8221;34px&#8221; header_2_font_size_last_edited=&#8221;on|phone&#8221; header_3_font_size_tablet=&#8221;42px&#8221; header_3_font_size_phone=&#8221;30px&#8221; header_3_font_size_last_edited=&#8221;on|phone&#8221; global_colors_info=&#8221;{}&#8221;]Les certifications dans les 3 langues (fran\u00e7ais DELF, anglais CAMBRIDGE, espagnol CERVANTES) font partie du parcours de l\u2019\u00e9l\u00e8ve. Ainsi chacun d\u2019entre eux peuvent valoriser leur excellent niveau de langues pour leur entrer \u00e0 l\u2019universit\u00e9.[\/et_pb_text][\/et_pb_column][et_pb_column type=&#8221;1_3&#8243; _builder_version=&#8221;4.19.4&#8243; _module_preset=&#8221;default&#8221; use_background_color_gradient=&#8221;on&#8221; background_color_gradient_direction=&#8221;90deg&#8221; background_color_gradient_stops=&#8221;#4e5d6b 0%|#133482 100%&#8221; background_enable_image=&#8221;off&#8221; parallax=&#8221;on&#8221; custom_padding=&#8221;3%|3%|3%|3%|true|true&#8221; custom_css_before=&#8221;content:%229%22;||position: absolute;||color: #000;||font-size: 320px;||font-family: Arial;||left: 0;||opacity: 0.6;&#8221; custom_css_main_element=&#8221;display: flex;||flex-direction: column;||justify-content: center;||position: relative;&#8221; global_colors_info=&#8221;{}&#8221;][et_pb_text admin_label=&#8221;Text&#8221; _builder_version=&#8221;4.19.4&#8243; text_text_color=&#8221;#FFFFFF&#8221; header_2_font=&#8221;||||||||&#8221; header_3_font=&#8221;||||||||&#8221; header_3_text_align=&#8221;left&#8221; header_3_text_color=&#8221;#FFFFFF&#8221; background_enable_color=&#8221;off&#8221; background_size=&#8221;initial&#8221; background_position=&#8221;top_left&#8221; background_repeat=&#8221;repeat&#8221; custom_margin=&#8221;30px||20px||false|false&#8221; locked=&#8221;off&#8221; global_colors_info=&#8221;{}&#8221;]<\/p>\n<h3>ACC\u00c8S \u00c0 L\u2019UNIVERSIT\u00c9<\/h3>\n<p>[\/et_pb_text][et_pb_text _builder_version=&#8221;4.19.4&#8243; _module_preset=&#8221;default&#8221; text_text_color=&#8221;#FFFFFF&#8221; header_2_text_color=&#8221;#000000&#8243; header_2_font_size=&#8221;48px&#8221; header_3_text_color=&#8221;#FFFFFF&#8221; header_3_font_size=&#8221;42px&#8221; header_4_text_color=&#8221;#FFFFFF&#8221; header_4_font_size=&#8221;19px&#8221; header_4_line_height=&#8221;1.5em&#8221; custom_margin=&#8221;||||false|false&#8221; custom_padding=&#8221;||||false|false&#8221; header_2_font_size_tablet=&#8221;48px&#8221; header_2_font_size_phone=&#8221;34px&#8221; header_2_font_size_last_edited=&#8221;on|phone&#8221; header_3_font_size_tablet=&#8221;42px&#8221; header_3_font_size_phone=&#8221;30px&#8221; header_3_font_size_last_edited=&#8221;on|phone&#8221; global_colors_info=&#8221;{}&#8221;]<\/p>\n<p>Chaque \u00e9l\u00e8ve est accompagn\u00e9 tout au long de sa scolarit\u00e9 du second degr\u00e9 pour \u00e9laborer son projet personnel. L\u2019accompagnement des \u00e9l\u00e8ves en mati\u00e8re d\u2019orientation est l\u2019affaire de toute la communaut\u00e9 \u00e9ducative. Une orientation r\u00e9ussie dans l\u2019enseignement sup\u00e9rieur aussi bien en France, en Espagne ou dans les pays anglo-saxons.<\/p>\n<p>[\/et_pb_text][\/et_pb_column][\/et_pb_row][et_pb_row column_structure=&#8221;1_2,1_2&#8243; use_custom_gutter=&#8221;on&#8221; gutter_width=&#8221;1&#8243; make_equal=&#8221;on&#8221; admin_label=&#8221;\u00c9l\u00e9mentaire &#8221; _builder_version=&#8221;4.19.4&#8243; _module_preset=&#8221;default&#8221; width=&#8221;100%&#8221; max_width=&#8221;100%&#8221; custom_padding=&#8221;0px||0px||true|false&#8221; locked=&#8221;off&#8221; collapsed=&#8221;off&#8221; global_colors_info=&#8221;{}&#8221;][et_pb_column type=&#8221;1_2&#8243; _builder_version=&#8221;4.19.4&#8243; _module_preset=&#8221;default&#8221; background_enable_color=&#8221;off&#8221; use_background_color_gradient=&#8221;on&#8221; background_color_gradient_direction=&#8221;90deg&#8221; background_color_gradient_stops=&#8221;#7eb3b5 0%|#3f6b6d 100%&#8221; custom_padding=&#8221;5%|5%|5%|5%|true|true&#8221; custom_css_before=&#8221;content:%2210%22;||position: absolute;||color: #000;||font-size: 320px;||font-family: Arial;||left: 0;||opacity: 0.6;&#8221; custom_css_main_element=&#8221;display: flex;||flex-direction: column;||justify-content: center;&#8221; global_colors_info=&#8221;{}&#8221;][et_pb_text admin_label=&#8221;Text&#8221; _builder_version=&#8221;4.19.4&#8243; text_text_color=&#8221;#FFFFFF&#8221; header_2_font=&#8221;||||||||&#8221; header_3_font=&#8221;||||||||&#8221; header_3_text_align=&#8221;left&#8221; header_3_text_color=&#8221;#FFFFFF&#8221; background_enable_color=&#8221;off&#8221; background_size=&#8221;initial&#8221; background_position=&#8221;top_left&#8221; background_repeat=&#8221;repeat&#8221; custom_margin=&#8221;30px||20px||false|false&#8221; locked=&#8221;off&#8221; global_colors_info=&#8221;{}&#8221;]<\/p>\n<h3>UN R\u00c9SEAU D\u2019ANCIENS \u00c9L\u00c8VES<\/h3>\n<p>[\/et_pb_text][et_pb_text _builder_version=&#8221;4.19.4&#8243; _module_preset=&#8221;default&#8221; text_text_color=&#8221;#FFFFFF&#8221; header_2_text_color=&#8221;#000000&#8243; header_2_font_size=&#8221;48px&#8221; header_3_text_color=&#8221;#FFFFFF&#8221; header_3_font_size=&#8221;42px&#8221; header_4_text_color=&#8221;#FFFFFF&#8221; header_4_font_size=&#8221;19px&#8221; header_4_line_height=&#8221;1.5em&#8221; custom_margin=&#8221;||||false|false&#8221; custom_padding=&#8221;||||false|false&#8221; header_2_font_size_tablet=&#8221;48px&#8221; header_2_font_size_phone=&#8221;34px&#8221; header_2_font_size_last_edited=&#8221;on|phone&#8221; header_3_font_size_tablet=&#8221;42px&#8221; header_3_font_size_phone=&#8221;30px&#8221; header_3_font_size_last_edited=&#8221;on|phone&#8221; global_colors_info=&#8221;{}&#8221;]<\/p>\n<p>Le LFIS a mis en place l\u2019association des anciens \u00e9l\u00e8ves du Lyc\u00e9e Fran\u00e7ais International de S\u00e9ville. Ces anciens \u00e9l\u00e8ves constituent un r\u00e9seau mondial de professionnels qui peuvent venir en aide \u00e0 nos \u00e9l\u00e8ves dans leurs choix d\u2019orientation. Ils sont aussi une aide pr\u00e9cieuse pour entrer dans un r\u00e9seau du monde du travail.<\/p>\n<p>[\/et_pb_text][\/et_pb_column][et_pb_column type=&#8221;1_2&#8243; _builder_version=&#8221;4.19.4&#8243; _module_preset=&#8221;default&#8221; background_image=&#8221;https:\/\/lfsevilla.com\/wp-content\/uploads\/2023\/02\/lycee-sevilla-clase.jpg&#8221; parallax=&#8221;on&#8221; global_colors_info=&#8221;{}&#8221;][\/et_pb_column][\/et_pb_row][\/et_pb_section][et_pb_section fb_built=&#8221;1&#8243; _builder_version=&#8221;4.23.1&#8243; _module_preset=&#8221;default&#8221; global_colors_info=&#8221;{}&#8221;][et_pb_row column_structure=&#8221;1_4,1_4,1_4,1_4&#8243; use_custom_gutter=&#8221;on&#8221; gutter_width=&#8221;1&#8243; _builder_version=&#8221;4.21.0&#8243; _module_preset=&#8221;default&#8221; width=&#8221;95%&#8221; locked=&#8221;off&#8221; global_colors_info=&#8221;{}&#8221;][et_pb_column type=&#8221;1_4&#8243; _builder_version=&#8221;4.21.0&#8243; _module_preset=&#8221;default&#8221; background_enable_color=&#8221;off&#8221; custom_padding=&#8221;1%|1%|1%|1%|true|true&#8221; global_colors_info=&#8221;{}&#8221;][\/et_pb_column][et_pb_column type=&#8221;1_4&#8243; _builder_version=&#8221;4.21.0&#8243; _module_preset=&#8221;default&#8221; background_enable_color=&#8221;off&#8221; custom_padding=&#8221;1%|1%|1%|1%|true|true&#8221; global_colors_info=&#8221;{}&#8221;][et_pb_blurb use_icon=&#8221;on&#8221; font_icon=&#8221;&#x68;||divi||400&#8243; image_icon_width=&#8221;50px&#8221; _builder_version=&#8221;4.23.1&#8243; _module_preset=&#8221;default&#8221; header_text_align=&#8221;center&#8221; body_text_align=&#8221;center&#8221; body_font_size=&#8221;17px&#8221; image_icon_custom_margin=&#8221;||||false|false&#8221; image_icon_custom_padding=&#8221;||||false|false&#8221; custom_margin_tablet=&#8221;&#8221; custom_margin_phone=&#8221;30px||||false|false&#8221; custom_margin_last_edited=&#8221;on|desktop&#8221; link_option_url=&#8221;\/wp-content\/uploads\/2022\/12\/REGLEMENT-INTERIEUR-LFS_2021.pdf&#8221; link_option_url_new_window=&#8221;on&#8221; global_colors_info=&#8221;{}&#8221;]<\/p>\n<p>R\u00e8glement int\u00e9rieur<\/p>\n<p>[\/et_pb_blurb][\/et_pb_column][et_pb_column type=&#8221;1_4&#8243; _builder_version=&#8221;4.21.0&#8243; _module_preset=&#8221;default&#8221; background_enable_color=&#8221;off&#8221; custom_padding=&#8221;1%|1%|1%|1%|true|true&#8221; global_colors_info=&#8221;{}&#8221;][et_pb_blurb use_icon=&#8221;on&#8221; font_icon=&#8221;&#x68;||divi||400&#8243; image_icon_width=&#8221;50px&#8221; _builder_version=&#8221;4.23.1&#8243; _module_preset=&#8221;default&#8221; header_text_align=&#8221;center&#8221; body_text_align=&#8221;center&#8221; body_font_size=&#8221;17px&#8221; image_icon_custom_margin=&#8221;||||false|false&#8221; image_icon_custom_padding=&#8221;||||false|false&#8221; custom_margin_tablet=&#8221;&#8221; custom_margin_phone=&#8221;30px||||false|false&#8221; custom_margin_last_edited=&#8221;on|phone&#8221; link_option_url=&#8221;https:\/\/lfsevilla.com\/wp-content\/uploads\/2023\/05\/Reglamento-financiero-FR-2023-2024.pdf&#8221; link_option_url_new_window=&#8221;on&#8221; global_colors_info=&#8221;{}&#8221;]<\/p>\n<p>R\u00e8glement financier<\/p>\n<p>[\/et_pb_blurb][\/et_pb_column][et_pb_column type=&#8221;1_4&#8243; _builder_version=&#8221;4.21.0&#8243; _module_preset=&#8221;default&#8221; background_enable_color=&#8221;off&#8221; custom_padding=&#8221;1%|1%|1%|1%|true|true&#8221; global_colors_info=&#8221;{}&#8221;][\/et_pb_column][\/et_pb_row][\/et_pb_section][et_pb_section fb_built=&#8221;1&#8243; admin_label=&#8221;Inscriptions&#8221; module_id=&#8221;inscriptions&#8221; _builder_version=&#8221;4.19.4&#8243; _module_preset=&#8221;default&#8221; use_background_color_gradient=&#8221;on&#8221; background_color_gradient_stops=&#8221;#afc5d8 0%|#c3f4eb 100%&#8221; custom_margin=&#8221;0px||||false|false&#8221; locked=&#8221;off&#8221; collapsed=&#8221;off&#8221; global_colors_info=&#8221;{}&#8221;][et_pb_row column_structure=&#8221;1_2,1_2&#8243; use_custom_gutter=&#8221;on&#8221; gutter_width=&#8221;4&#8243; _builder_version=&#8221;4.19.4&#8243; _module_preset=&#8221;default&#8221; global_colors_info=&#8221;{}&#8221;][et_pb_column type=&#8221;1_2&#8243; _builder_version=&#8221;4.19.1&#8243; _module_preset=&#8221;default&#8221; global_colors_info=&#8221;{}&#8221;][et_pb_text admin_label=&#8221;Text&#8221; _builder_version=&#8221;4.19.4&#8243; text_text_color=&#8221;#FFFFFF&#8221; header_2_font=&#8221;||||||||&#8221; background_enable_color=&#8221;off&#8221; background_size=&#8221;initial&#8221; background_position=&#8221;top_left&#8221; background_repeat=&#8221;repeat&#8221; custom_margin=&#8221;||20px||false|false&#8221; locked=&#8221;off&#8221; global_colors_info=&#8221;{}&#8221;]<\/p>\n<h2>INSCRIPTIONS<\/h2>\n<p>[\/et_pb_text][et_pb_text _builder_version=&#8221;4.27.4&#8243; _module_preset=&#8221;default&#8221; text_line_height=&#8221;1.5em&#8221; global_colors_info=&#8221;{}&#8221;]<\/p>\n<p>Nous commen\u00e7ons les inscriptions pour l\u2019ann\u00e9e scolaire 2026\/2027 au Lyc\u00e9e fran\u00e7ais de S\u00e9ville. Demandez une <a href=\"#visites-personalisees\">visite personnalis\u00e9e<\/a> et vous aurez l\u2019occasion de voir comment fonctionne notre \u00e9tablissement et d\u2019en apprendre davantage sur notre projet \u00e9ducatif.<\/p>\n<p>Envoyez-nous vos coordonn\u00e9es et nous prendrons contact avec vous, ou composez le <a href=\"tel:+34954907604\">954 907 604<\/a> pour vous guider \u00e0 travers chaque \u00e9tape de l\u2019inscription au lyc\u00e9e et \u00e0 organiser une visite personnalis\u00e9e.<\/p>\n<p>[\/et_pb_text][\/et_pb_column][et_pb_column type=&#8221;1_2&#8243; _builder_version=&#8221;4.19.1&#8243; _module_preset=&#8221;default&#8221; global_colors_info=&#8221;{}&#8221;][et_pb_code module_class=&#8221;formNaranja&#8221; _builder_version=&#8221;4.19.4&#8243; _module_preset=&#8221;default&#8221; global_colors_info=&#8221;{}&#8221;]\n<div class=\"wpcf7 no-js\" id=\"wpcf7-f619-o1\" lang=\"es-ES\" dir=\"ltr\" data-wpcf7-id=\"619\">\n<div class=\"screen-reader-response\"><p role=\"status\" aria-live=\"polite\" aria-atomic=\"true\"><\/p> <ul><\/ul><\/div>\n<form action=\"\/fr\/wp-json\/wp\/v2\/pages\/12363#wpcf7-f619-o1\" method=\"post\" class=\"wpcf7-form init\" aria-label=\"Formulario de contacto\" novalidate=\"novalidate\" data-status=\"init\">\n<fieldset class=\"hidden-fields-container\"><input type=\"hidden\" name=\"_wpcf7\" value=\"619\" \/><input type=\"hidden\" name=\"_wpcf7_version\" value=\"6.1.5\" \/><input type=\"hidden\" name=\"_wpcf7_locale\" value=\"es_ES\" \/><input type=\"hidden\" name=\"_wpcf7_unit_tag\" value=\"wpcf7-f619-o1\" \/><input type=\"hidden\" name=\"_wpcf7_container_post\" value=\"0\" \/><input type=\"hidden\" name=\"_wpcf7_posted_data_hash\" value=\"\" \/><input type=\"hidden\" name=\"_wpcf7_recaptcha_response\" value=\"\" \/>\n<\/fieldset>\n<p><label> Nom(s) du p\u00e8re, de la m\u00e8re ou du repr\u00e9sentant l\u00e9gal (obligatoire)<br \/>\n<span class=\"wpcf7-form-control-wrap\" data-name=\"your-name\"><input size=\"40\" maxlength=\"400\" class=\"wpcf7-form-control wpcf7-text wpcf7-validates-as-required\" aria-required=\"true\" aria-invalid=\"false\" value=\"\" type=\"text\" name=\"your-name\" \/><\/span> <\/label>\n<\/p>\n<p><label> Nom(s) de l'enfant (obligatoire)<br \/>\n<span class=\"wpcf7-form-control-wrap\" data-name=\"child-name\"><input size=\"40\" maxlength=\"400\" class=\"wpcf7-form-control wpcf7-text wpcf7-validates-as-required\" aria-required=\"true\" aria-invalid=\"false\" value=\"\" type=\"text\" name=\"child-name\" \/><\/span> <\/label>\n<\/p>\n<p><label> Nationalit\u00e9 (obligatoire)<br \/>\n<span class=\"wpcf7-form-control-wrap\" data-name=\"nacionalidad\"><input size=\"40\" maxlength=\"400\" class=\"wpcf7-form-control wpcf7-text wpcf7-validates-as-required\" aria-required=\"true\" aria-invalid=\"false\" value=\"\" type=\"text\" name=\"nacionalidad\" \/><\/span> <\/label>\n<\/p>\n<p><label> Date de naissance de l'enfant (obligatoire)<br \/>\n<span class=\"wpcf7-form-control-wrap\" data-name=\"date-117\"><input class=\"wpcf7-form-control wpcf7-date wpcf7-validates-as-required wpcf7-validates-as-date\" aria-required=\"true\" aria-invalid=\"false\" value=\"\" type=\"date\" name=\"date-117\" \/><\/span> <\/label>\n<\/p>\n<p><label> N\u00ba de t\u00e9l\u00e9phone (obligatoire)<br \/>\n<span class=\"wpcf7-form-control-wrap\" data-name=\"tel-137\"><input size=\"40\" maxlength=\"400\" class=\"wpcf7-form-control wpcf7-tel wpcf7-text wpcf7-validates-as-tel\" aria-invalid=\"false\" value=\"\" type=\"tel\" name=\"tel-137\" \/><\/span> <\/label>\n<\/p>\n<p><label> E-mail (obligatoire)<br \/>\n<span class=\"wpcf7-form-control-wrap\" data-name=\"your-email\"><input size=\"40\" maxlength=\"400\" class=\"wpcf7-form-control wpcf7-email wpcf7-validates-as-required wpcf7-text wpcf7-validates-as-email\" aria-required=\"true\" aria-invalid=\"false\" value=\"\" type=\"email\" name=\"your-email\" \/><\/span> <\/label>\n<\/p>\n<p><label> Commentaires<br \/>\n<span class=\"wpcf7-form-control-wrap\" data-name=\"your-message\"><textarea cols=\"40\" rows=\"10\" maxlength=\"2000\" class=\"wpcf7-form-control wpcf7-textarea\" aria-invalid=\"false\" name=\"your-message\"><\/textarea><\/span> <\/label>\n<\/p>\n\n<p><span class=\"wpcf7-form-control-wrap\" data-name=\"acceptance-376\"><span class=\"wpcf7-form-control wpcf7-acceptance\"><span class=\"wpcf7-list-item\"><label><input type=\"checkbox\" name=\"acceptance-376\" value=\"1\" aria-invalid=\"false\" \/><span class=\"wpcf7-list-item-label\">J'accepte la <a href=\"https:\/\/lfsevilla.com\/normas-de-proteccion-de-datos\/\"> politique de protection des donn\u00e9es<\/a><\/span><\/label><\/span><\/span><\/span>\n<\/p>\n<p><input class=\"wpcf7-form-control wpcf7-submit has-spinner\" type=\"submit\" value=\"Envoyer\" \/>\n<\/p><p style=\"display: none !important;\" class=\"akismet-fields-container\" data-prefix=\"_wpcf7_ak_\"><label>&#916;<textarea name=\"_wpcf7_ak_hp_textarea\" cols=\"45\" rows=\"8\" maxlength=\"100\"><\/textarea><\/label><input type=\"hidden\" id=\"ak_js_1\" name=\"_wpcf7_ak_js\" value=\"160\"\/><script>document.getElementById( \"ak_js_1\" ).setAttribute( \"value\", ( new Date() ).getTime() );<\/script><\/p><div class=\"wpcf7-response-output\" aria-hidden=\"true\"><\/div>\n<\/form>\n<\/div>\n[\/et_pb_code][\/et_pb_column][\/et_pb_row][\/et_pb_section][et_pb_section fb_built=&#8221;1&#8243; admin_label=&#8221;Visites personalis\u00e9es&#8221; module_id=&#8221;visites-personnalisees&#8221; _builder_version=&#8221;4.23.1&#8243; _module_preset=&#8221;default&#8221; collapsed=&#8221;on&#8221; global_colors_info=&#8221;{}&#8221;][et_pb_row column_structure=&#8221;1_2,1_2&#8243; _builder_version=&#8221;4.19.4&#8243; _module_preset=&#8221;default&#8221; global_colors_info=&#8221;{}&#8221;][et_pb_column type=&#8221;1_2&#8243; _builder_version=&#8221;4.19.1&#8243; _module_preset=&#8221;default&#8221; global_colors_info=&#8221;{}&#8221;][et_pb_text admin_label=&#8221;Text&#8221; _builder_version=&#8221;4.19.4&#8243; text_text_color=&#8221;#FFFFFF&#8221; header_2_font=&#8221;||||||||&#8221; background_enable_color=&#8221;off&#8221; background_size=&#8221;initial&#8221; background_position=&#8221;top_left&#8221; background_repeat=&#8221;repeat&#8221; custom_margin=&#8221;||20px||false|false&#8221; locked=&#8221;off&#8221; global_colors_info=&#8221;{}&#8221;]<\/p>\n<h2>VISITES PERSONNALIS\u00c9ES<\/h2>\n<p>[\/et_pb_text][et_pb_text _builder_version=&#8221;4.19.4&#8243; _module_preset=&#8221;default&#8221; text_line_height=&#8221;1.5em&#8221; global_colors_info=&#8221;{}&#8221;]<\/p>\n<h4>DEMANDEZ VOTRE VISITE<\/h4>\n<p>[\/et_pb_text][et_pb_button button_url=&#8221;mailto:info@lfsevilla.com&#8221; button_text=&#8221;info@lfsevilla.com&#8221; _builder_version=&#8221;4.19.1&#8243; _module_preset=&#8221;default&#8221; custom_button=&#8221;on&#8221; button_border_width=&#8221;3px&#8221; button_icon=&#8221;&#xe010;||divi||400&#8243; button_icon_placement=&#8221;left&#8221; button_on_hover=&#8221;off&#8221; global_colors_info=&#8221;{}&#8221;][\/et_pb_button][et_pb_button button_url=&#8221;tel:+34954907224&#8243; button_text=&#8221;+34 954 907 224&#8243; _builder_version=&#8221;4.19.1&#8243; _module_preset=&#8221;default&#8221; custom_button=&#8221;on&#8221; button_border_width=&#8221;3px&#8221; button_icon=&#8221;&#xe090;||divi||400&#8243; button_icon_placement=&#8221;left&#8221; button_on_hover=&#8221;off&#8221; global_colors_info=&#8221;{}&#8221;][\/et_pb_button][\/et_pb_column][et_pb_column type=&#8221;1_2&#8243; _builder_version=&#8221;4.19.1&#8243; _module_preset=&#8221;default&#8221; global_colors_info=&#8221;{}&#8221;][et_pb_code module_class=&#8221;formNaranja&#8221; _builder_version=&#8221;4.19.4&#8243; _module_preset=&#8221;default&#8221; global_colors_info=&#8221;{}&#8221;]\n<div class=\"wpcf7 no-js\" id=\"wpcf7-f11954-o2\" lang=\"es-ES\" dir=\"ltr\" data-wpcf7-id=\"11954\">\n<div class=\"screen-reader-response\"><p role=\"status\" aria-live=\"polite\" aria-atomic=\"true\"><\/p> <ul><\/ul><\/div>\n<form action=\"\/fr\/wp-json\/wp\/v2\/pages\/12363#wpcf7-f11954-o2\" method=\"post\" class=\"wpcf7-form init\" aria-label=\"Formulario de contacto\" novalidate=\"novalidate\" data-status=\"init\">\n<fieldset class=\"hidden-fields-container\"><input type=\"hidden\" name=\"_wpcf7\" value=\"11954\" \/><input type=\"hidden\" name=\"_wpcf7_version\" value=\"6.1.5\" \/><input type=\"hidden\" name=\"_wpcf7_locale\" value=\"es_ES\" \/><input type=\"hidden\" name=\"_wpcf7_unit_tag\" value=\"wpcf7-f11954-o2\" \/><input type=\"hidden\" name=\"_wpcf7_container_post\" value=\"0\" \/><input type=\"hidden\" name=\"_wpcf7_posted_data_hash\" value=\"\" \/><input type=\"hidden\" name=\"_wpcf7_recaptcha_response\" value=\"\" \/>\n<\/fieldset>\n<p><label> Nom(s) - Pr\u00e9nom (obligatoire)<br \/>\n<span class=\"wpcf7-form-control-wrap\" data-name=\"your-name\"><input size=\"40\" maxlength=\"400\" class=\"wpcf7-form-control wpcf7-text wpcf7-validates-as-required\" aria-required=\"true\" aria-invalid=\"false\" value=\"\" type=\"text\" name=\"your-name\" \/><\/span> <\/label>\n<\/p>\n<p><label> E-mail (obligatoire)<br \/>\n<span class=\"wpcf7-form-control-wrap\" data-name=\"your-email\"><input size=\"40\" maxlength=\"400\" class=\"wpcf7-form-control wpcf7-email wpcf7-validates-as-required wpcf7-text wpcf7-validates-as-email\" aria-required=\"true\" aria-invalid=\"false\" value=\"\" type=\"email\" name=\"your-email\" \/><\/span> <\/label>\n<\/p>\n<p><label> Objet<br \/>\n<span class=\"wpcf7-form-control-wrap\" data-name=\"your-subject\"><input size=\"40\" maxlength=\"400\" class=\"wpcf7-form-control wpcf7-text\" aria-invalid=\"false\" value=\"\" type=\"text\" name=\"your-subject\" \/><\/span> <\/label>\n<\/p>\n<p><label> Message (Indiquez \u00e0 quelle date et heure souhaitez-vous\u00a0venir)<br \/>\n<span class=\"wpcf7-form-control-wrap\" data-name=\"your-message\"><textarea cols=\"40\" rows=\"4\" maxlength=\"2000\" class=\"wpcf7-form-control wpcf7-textarea\" aria-invalid=\"false\" name=\"your-message\"><\/textarea><\/span> <\/label>\n<\/p>\n\n<p><span class=\"wpcf7-form-control-wrap\" data-name=\"acceptance-657\"><span class=\"wpcf7-form-control wpcf7-acceptance\"><span class=\"wpcf7-list-item\"><label><input type=\"checkbox\" name=\"acceptance-657\" value=\"1\" aria-invalid=\"false\" \/><span class=\"wpcf7-list-item-label\">J'accepte la <a href=\"https:\/\/lfsevilla.com\/normas-de-proteccion-de-datos\/\"> politique de protection des donn\u00e9es<\/a><\/span><\/label><\/span><\/span><\/span><br \/>\n<input class=\"wpcf7-form-control wpcf7-submit has-spinner\" type=\"submit\" value=\"Envoyer\" \/>\n<\/p><p style=\"display: none !important;\" class=\"akismet-fields-container\" data-prefix=\"_wpcf7_ak_\"><label>&#916;<textarea name=\"_wpcf7_ak_hp_textarea\" cols=\"45\" rows=\"8\" maxlength=\"100\"><\/textarea><\/label><input type=\"hidden\" id=\"ak_js_2\" name=\"_wpcf7_ak_js\" value=\"231\"\/><script>document.getElementById( \"ak_js_2\" ).setAttribute( \"value\", ( new Date() ).getTime() );<\/script><\/p><div class=\"wpcf7-response-output\" aria-hidden=\"true\"><\/div>\n<\/form>\n<\/div>\n[\/et_pb_code][\/et_pb_column][\/et_pb_row][\/et_pb_section]<\/p>\n","protected":false},"excerpt":{"rendered":"<p>Lyc\u00e9e Fran\u00e7ais International SevillaREJOIGNEZ LE LFS10 BONNES RAISONS POUR NOUS REJOINDREDOUBLE DIPL\u00d4ME BACCALAUREAT ET SELECTIVIDADA la fin de sa scolarit\u00e9 l\u2019\u00e9l\u00e8ve sort de l\u2019\u00e9tablissement avec un dipl\u00f4me fran\u00e7ais et espagnol et \u00e0 acc\u00e8s aux universit\u00e9s de chacun des pays.ENSEIGNEMENT PLURILINGUEUn enseignement totalement plurilingue d\u00e8s l\u2019\u00e2ge de 2 ou 3 ans. La partie fran\u00e7aise de l\u2019enseignement [&hellip;]<\/p>\n","protected":false},"author":5,"featured_media":0,"parent":0,"menu_order":0,"comment_status":"closed","ping_status":"closed","template":"","meta":{"_et_pb_use_builder":"on","_et_pb_old_content":"","_et_gb_content_width":"","footnotes":""},"class_list":["post-12363","page","type-page","status-publish","hentry"],"yoast_head":"<!-- This site is optimized with the Yoast SEO plugin v27.0 - https:\/\/yoast.com\/product\/yoast-seo-wordpress\/ -->\n<title>Rejoignez Le LFS - Lyc\u00e9e Fran\u00e7ais de S\u00e9ville | Colegio privado biling\u00fce en Sevilla<\/title>\n<meta name=\"robots\" content=\"index, follow, max-snippet:-1, max-image-preview:large, max-video-preview:-1\" \/>\n<link rel=\"canonical\" href=\"https:\/\/lfsevilla.com\/unete-al-liceo\/\" \/>\n<meta property=\"og:locale\" content=\"fr_FR\" \/>\n<meta property=\"og:type\" content=\"article\" \/>\n<meta property=\"og:title\" content=\"Rejoignez Le LFS - Lyc\u00e9e Fran\u00e7ais de S\u00e9ville | Colegio privado biling\u00fce en Sevilla\" \/>\n<meta property=\"og:description\" content=\"Lyc\u00e9e Fran\u00e7ais International SevillaREJOIGNEZ LE LFS10 BONNES RAISONS POUR NOUS REJOINDREDOUBLE DIPL\u00d4ME BACCALAUREAT ET SELECTIVIDADA la fin de sa scolarit\u00e9 l\u2019\u00e9l\u00e8ve sort de l\u2019\u00e9tablissement avec un dipl\u00f4me fran\u00e7ais et espagnol et \u00e0 acc\u00e8s aux universit\u00e9s de chacun des pays.ENSEIGNEMENT PLURILINGUEUn enseignement totalement plurilingue d\u00e8s l\u2019\u00e2ge de 2 ou 3 ans. La partie fran\u00e7aise de l\u2019enseignement [&hellip;]\" \/>\n<meta property=\"og:url\" content=\"https:\/\/lfsevilla.com\/unete-al-liceo\/\" \/>\n<meta property=\"og:site_name\" content=\"Lyc\u00e9e Fran\u00e7ais de S\u00e9ville | Colegio privado biling\u00fce en Sevilla\" \/>\n<meta property=\"article:publisher\" content=\"https:\/\/www.facebook.com\/LiceoFrancesSevilla\/\" \/>\n<meta property=\"article:modified_time\" content=\"2026-01-22T13:44:52+00:00\" \/>\n<meta property=\"og:image\" content=\"https:\/\/lfsevilla.com\/wp-content\/uploads\/2023\/05\/Logo-Liceo-Frances-de-Sevilla.jpg\" \/>\n\t<meta property=\"og:image:width\" content=\"326\" \/>\n\t<meta property=\"og:image:height\" content=\"158\" \/>\n\t<meta property=\"og:image:type\" content=\"image\/jpeg\" \/>\n<meta name=\"twitter:card\" content=\"summary_large_image\" \/>\n<meta name=\"twitter:site\" content=\"@lfsevilla\" \/>\n<meta name=\"twitter:label1\" content=\"Dur\u00e9e de lecture estim\u00e9e\" \/>\n\t<meta name=\"twitter:data1\" content=\"24 minutes\" \/>\n<script type=\"application\/ld+json\" class=\"yoast-schema-graph\">{\"@context\":\"https:\/\/schema.org\",\"@graph\":[{\"@type\":\"WebPage\",\"@id\":\"https:\/\/lfsevilla.com\/unete-al-liceo\/\",\"url\":\"https:\/\/lfsevilla.com\/unete-al-liceo\/\",\"name\":\"Rejoignez Le LFS - Lyc\u00e9e Fran\u00e7ais de S\u00e9ville | Colegio privado biling\u00fce en Sevilla\",\"isPartOf\":{\"@id\":\"https:\/\/lfsevilla.com\/#website\"},\"datePublished\":\"2023-02-22T18:51:25+00:00\",\"dateModified\":\"2026-01-22T13:44:52+00:00\",\"breadcrumb\":{\"@id\":\"https:\/\/lfsevilla.com\/unete-al-liceo\/#breadcrumb\"},\"inLanguage\":\"fr-FR\",\"potentialAction\":[{\"@type\":\"ReadAction\",\"target\":[\"https:\/\/lfsevilla.com\/unete-al-liceo\/\"]}]},{\"@type\":\"BreadcrumbList\",\"@id\":\"https:\/\/lfsevilla.com\/unete-al-liceo\/#breadcrumb\",\"itemListElement\":[{\"@type\":\"ListItem\",\"position\":1,\"name\":\"Portada\",\"item\":\"https:\/\/lfsevilla.com\/fr\/\"},{\"@type\":\"ListItem\",\"position\":2,\"name\":\"Rejoignez Le LFS\"}]},{\"@type\":\"WebSite\",\"@id\":\"https:\/\/lfsevilla.com\/#website\",\"url\":\"https:\/\/lfsevilla.com\/\",\"name\":\"Lyc\u00e9e Fran\u00e7ais de S\u00e9ville | Colegio privado internacional triling\u00fce en Sevilla\",\"description\":\"El Liceo franc\u00e9s de Sevilla ofrece una ense\u00f1anza pluriling\u00fce (ingl\u00e9s, franc\u00e9s y espa\u00f1ol), multicultural y respetuosa con las libertades individuales.\",\"publisher\":{\"@id\":\"https:\/\/lfsevilla.com\/#organization\"},\"potentialAction\":[{\"@type\":\"SearchAction\",\"target\":{\"@type\":\"EntryPoint\",\"urlTemplate\":\"https:\/\/lfsevilla.com\/?s={search_term_string}\"},\"query-input\":{\"@type\":\"PropertyValueSpecification\",\"valueRequired\":true,\"valueName\":\"search_term_string\"}}],\"inLanguage\":\"fr-FR\"},{\"@type\":\"Organization\",\"@id\":\"https:\/\/lfsevilla.com\/#organization\",\"name\":\"Lyc\u00e9e Fran\u00e7ais International de S\u00e9ville\",\"url\":\"https:\/\/lfsevilla.com\/\",\"logo\":{\"@type\":\"ImageObject\",\"inLanguage\":\"fr-FR\",\"@id\":\"https:\/\/lfsevilla.com\/#\/schema\/logo\/image\/\",\"url\":\"https:\/\/lfsevilla.com\/wp-content\/uploads\/2023\/05\/Logo-Liceo-Frances-de-Sevilla-223x223-1.jpg\",\"contentUrl\":\"https:\/\/lfsevilla.com\/wp-content\/uploads\/2023\/05\/Logo-Liceo-Frances-de-Sevilla-223x223-1.jpg\",\"width\":223,\"height\":223,\"caption\":\"Lyc\u00e9e Fran\u00e7ais International de S\u00e9ville\"},\"image\":{\"@id\":\"https:\/\/lfsevilla.com\/#\/schema\/logo\/image\/\"},\"sameAs\":[\"https:\/\/www.facebook.com\/LiceoFrancesSevilla\/\",\"https:\/\/x.com\/lfsevilla\",\"https:\/\/www.linkedin.com\/company\/liceo-francs-internacional-de-sevilla\/\",\"https:\/\/www.instagram.com\/liceofrancessevilla\/\",\"https:\/\/www.youtube.com\/@liceofrancessevilla1124\"]}]}<\/script>\n<!-- \/ Yoast SEO plugin. -->","yoast_head_json":{"title":"Rejoignez Le LFS - Lyc\u00e9e Fran\u00e7ais de S\u00e9ville | Colegio privado biling\u00fce en Sevilla","robots":{"index":"index","follow":"follow","max-snippet":"max-snippet:-1","max-image-preview":"max-image-preview:large","max-video-preview":"max-video-preview:-1"},"canonical":"https:\/\/lfsevilla.com\/unete-al-liceo\/","og_locale":"fr_FR","og_type":"article","og_title":"Rejoignez Le LFS - Lyc\u00e9e Fran\u00e7ais de S\u00e9ville | Colegio privado biling\u00fce en Sevilla","og_description":"Lyc\u00e9e Fran\u00e7ais International SevillaREJOIGNEZ LE LFS10 BONNES RAISONS POUR NOUS REJOINDREDOUBLE DIPL\u00d4ME BACCALAUREAT ET SELECTIVIDADA la fin de sa scolarit\u00e9 l\u2019\u00e9l\u00e8ve sort de l\u2019\u00e9tablissement avec un dipl\u00f4me fran\u00e7ais et espagnol et \u00e0 acc\u00e8s aux universit\u00e9s de chacun des pays.ENSEIGNEMENT PLURILINGUEUn enseignement totalement plurilingue d\u00e8s l\u2019\u00e2ge de 2 ou 3 ans. La partie fran\u00e7aise de l\u2019enseignement [&hellip;]","og_url":"https:\/\/lfsevilla.com\/unete-al-liceo\/","og_site_name":"Lyc\u00e9e Fran\u00e7ais de S\u00e9ville | Colegio privado biling\u00fce en Sevilla","article_publisher":"https:\/\/www.facebook.com\/LiceoFrancesSevilla\/","article_modified_time":"2026-01-22T13:44:52+00:00","og_image":[{"width":326,"height":158,"url":"https:\/\/lfsevilla.com\/wp-content\/uploads\/2023\/05\/Logo-Liceo-Frances-de-Sevilla.jpg","type":"image\/jpeg"}],"twitter_card":"summary_large_image","twitter_site":"@lfsevilla","twitter_misc":{"Dur\u00e9e de lecture estim\u00e9e":"24 minutes"},"schema":{"@context":"https:\/\/schema.org","@graph":[{"@type":"WebPage","@id":"https:\/\/lfsevilla.com\/unete-al-liceo\/","url":"https:\/\/lfsevilla.com\/unete-al-liceo\/","name":"Rejoignez Le LFS - Lyc\u00e9e Fran\u00e7ais de S\u00e9ville | Colegio privado biling\u00fce en Sevilla","isPartOf":{"@id":"https:\/\/lfsevilla.com\/#website"},"datePublished":"2023-02-22T18:51:25+00:00","dateModified":"2026-01-22T13:44:52+00:00","breadcrumb":{"@id":"https:\/\/lfsevilla.com\/unete-al-liceo\/#breadcrumb"},"inLanguage":"fr-FR","potentialAction":[{"@type":"ReadAction","target":["https:\/\/lfsevilla.com\/unete-al-liceo\/"]}]},{"@type":"BreadcrumbList","@id":"https:\/\/lfsevilla.com\/unete-al-liceo\/#breadcrumb","itemListElement":[{"@type":"ListItem","position":1,"name":"Portada","item":"https:\/\/lfsevilla.com\/fr\/"},{"@type":"ListItem","position":2,"name":"Rejoignez Le LFS"}]},{"@type":"WebSite","@id":"https:\/\/lfsevilla.com\/#website","url":"https:\/\/lfsevilla.com\/","name":"Lyc\u00e9e Fran\u00e7ais de S\u00e9ville | Colegio privado internacional triling\u00fce en Sevilla","description":"El Liceo franc\u00e9s de Sevilla ofrece una ense\u00f1anza pluriling\u00fce (ingl\u00e9s, franc\u00e9s y espa\u00f1ol), multicultural y respetuosa con las libertades individuales.","publisher":{"@id":"https:\/\/lfsevilla.com\/#organization"},"potentialAction":[{"@type":"SearchAction","target":{"@type":"EntryPoint","urlTemplate":"https:\/\/lfsevilla.com\/?s={search_term_string}"},"query-input":{"@type":"PropertyValueSpecification","valueRequired":true,"valueName":"search_term_string"}}],"inLanguage":"fr-FR"},{"@type":"Organization","@id":"https:\/\/lfsevilla.com\/#organization","name":"Lyc\u00e9e Fran\u00e7ais International de S\u00e9ville","url":"https:\/\/lfsevilla.com\/","logo":{"@type":"ImageObject","inLanguage":"fr-FR","@id":"https:\/\/lfsevilla.com\/#\/schema\/logo\/image\/","url":"https:\/\/lfsevilla.com\/wp-content\/uploads\/2023\/05\/Logo-Liceo-Frances-de-Sevilla-223x223-1.jpg","contentUrl":"https:\/\/lfsevilla.com\/wp-content\/uploads\/2023\/05\/Logo-Liceo-Frances-de-Sevilla-223x223-1.jpg","width":223,"height":223,"caption":"Lyc\u00e9e Fran\u00e7ais International de S\u00e9ville"},"image":{"@id":"https:\/\/lfsevilla.com\/#\/schema\/logo\/image\/"},"sameAs":["https:\/\/www.facebook.com\/LiceoFrancesSevilla\/","https:\/\/x.com\/lfsevilla","https:\/\/www.linkedin.com\/company\/liceo-francs-internacional-de-sevilla\/","https:\/\/www.instagram.com\/liceofrancessevilla\/","https:\/\/www.youtube.com\/@liceofrancessevilla1124"]}]}},"_links":{"self":[{"href":"https:\/\/lfsevilla.com\/fr\/wp-json\/wp\/v2\/pages\/12363","targetHints":{"allow":["GET"]}}],"collection":[{"href":"https:\/\/lfsevilla.com\/fr\/wp-json\/wp\/v2\/pages"}],"about":[{"href":"https:\/\/lfsevilla.com\/fr\/wp-json\/wp\/v2\/types\/page"}],"author":[{"embeddable":true,"href":"https:\/\/lfsevilla.com\/fr\/wp-json\/wp\/v2\/users\/5"}],"replies":[{"embeddable":true,"href":"https:\/\/lfsevilla.com\/fr\/wp-json\/wp\/v2\/comments?post=12363"}],"version-history":[{"count":22,"href":"https:\/\/lfsevilla.com\/fr\/wp-json\/wp\/v2\/pages\/12363\/revisions"}],"predecessor-version":[{"id":16140,"href":"https:\/\/lfsevilla.com\/fr\/wp-json\/wp\/v2\/pages\/12363\/revisions\/16140"}],"wp:attachment":[{"href":"https:\/\/lfsevilla.com\/fr\/wp-json\/wp\/v2\/media?parent=12363"}],"curies":[{"name":"wp","href":"https:\/\/api.w.org\/{rel}","templated":true}]}}