{"id":10957,"date":"2022-11-23T15:21:38","date_gmt":"2022-11-23T14:21:38","guid":{"rendered":"https:\/\/lfsevilla.com\/?page_id=10957"},"modified":"2026-03-11T14:26:38","modified_gmt":"2026-03-11T13:26:38","slug":"notre-etablissement","status":"publish","type":"page","link":"https:\/\/lfsevilla.com\/fr\/notre-etablissement\/","title":{"rendered":"Notre \u00e9tablissement"},"content":{"rendered":"<p>[et_pb_section fb_built=&#8221;1&#8243; admin_label=&#8221;bot\u00f3n admisi\u00f3n fijo&#8221; _builder_version=&#8221;4.19.4&#8243; _module_preset=&#8221;default&#8221; vertical_offset_tablet=&#8221;0&#8243; horizontal_offset_tablet=&#8221;0&#8243; min_height=&#8221;0px&#8221; height=&#8221;0px&#8221; custom_margin=&#8221;0px||||false|false&#8221; custom_padding=&#8221;0px||0px||true|false&#8221; custom_css_main_element=&#8221;z-index:9;&#8221; box_shadow_horizontal_tablet=&#8221;0px&#8221; box_shadow_vertical_tablet=&#8221;0px&#8221; box_shadow_blur_tablet=&#8221;40px&#8221; box_shadow_spread_tablet=&#8221;0px&#8221; global_module=&#8221;12568&#8243; locked=&#8221;off&#8221; collapsed=&#8221;off&#8221; global_colors_info=&#8221;{}&#8221;][et_pb_row _builder_version=&#8221;4.19.4&#8243; _module_preset=&#8221;default&#8221; vertical_offset_tablet=&#8221;0&#8243; horizontal_offset_tablet=&#8221;0&#8243; custom_margin=&#8221;0px|||&#8221; custom_padding=&#8221;0px|||&#8221; z_index_tablet=&#8221;0&#8243; box_shadow_horizontal_tablet=&#8221;0px&#8221; box_shadow_vertical_tablet=&#8221;0px&#8221; box_shadow_blur_tablet=&#8221;40px&#8221; box_shadow_spread_tablet=&#8221;0px&#8221; global_colors_info=&#8221;{}&#8221;][et_pb_column type=&#8221;4_4&#8243; _builder_version=&#8221;4.19.4&#8243; _module_preset=&#8221;default&#8221; global_colors_info=&#8221;{}&#8221;][et_pb_button button_url=&#8221;\/fr\/rejoignez-le-lfs#inscriptions&#8221; button_text=&#8221;Inscriptions&#8221; module_class=&#8221;btnAdmision&#8221; _builder_version=&#8221;4.23.1&#8243; _module_preset=&#8221;default&#8221; custom_button=&#8221;on&#8221; button_icon=&#8221;&#x68;||divi||400&#8243; button_icon_placement=&#8221;left&#8221; button_on_hover=&#8221;off&#8221; vertical_offset_tablet=&#8221;0&#8243; horizontal_offset_tablet=&#8221;0&#8243; custom_margin=&#8221;0px|||&#8221; z_index_tablet=&#8221;0&#8243; button_text_shadow_horizontal_length_tablet=&#8221;0px&#8221; button_text_shadow_vertical_length_tablet=&#8221;0px&#8221; button_text_shadow_blur_strength_tablet=&#8221;1px&#8221; box_shadow_horizontal_tablet=&#8221;0px&#8221; box_shadow_vertical_tablet=&#8221;0px&#8221; box_shadow_blur_tablet=&#8221;40px&#8221; box_shadow_spread_tablet=&#8221;0px&#8221; global_colors_info=&#8221;{}&#8221;][\/et_pb_button][\/et_pb_column][\/et_pb_row][\/et_pb_section][et_pb_section fb_built=&#8221;1&#8243; admin_label=&#8221;qui\u00e9nes somos&#8221; module_id=&#8221;mision-valores&#8221; _builder_version=&#8221;4.19.4&#8243; background_enable_color=&#8221;off&#8221; custom_padding=&#8221;0px||0px||true|false&#8221; locked=&#8221;off&#8221; collapsed=&#8221;off&#8221; global_colors_info=&#8221;{}&#8221;][et_pb_row column_structure=&#8221;1_2,1_2&#8243; use_custom_gutter=&#8221;on&#8221; gutter_width=&#8221;1&#8243; make_equal=&#8221;on&#8221; _builder_version=&#8221;4.23.1&#8243; _module_preset=&#8221;default&#8221; width=&#8221;100%&#8221; max_width=&#8221;100%&#8221; custom_padding=&#8221;0px||0px||true|false&#8221; locked=&#8221;off&#8221; global_colors_info=&#8221;{}&#8221;][et_pb_column type=&#8221;1_2&#8243; _builder_version=&#8221;4.19.4&#8243; _module_preset=&#8221;default&#8221; use_background_color_gradient=&#8221;on&#8221; background_color_gradient_direction=&#8221;90deg&#8221; background_color_gradient_stops=&#8221;#e8a294 0%|rgba(132,95,121,0.85) 100%&#8221; custom_padding=&#8221;5%|5%|5%|5%|true|true&#8221; global_colors_info=&#8221;{}&#8221;][et_pb_text admin_label=&#8221;Text&#8221; _builder_version=&#8221;4.23.1&#8243; text_text_color=&#8221;#FFFFFF&#8221; text_font_size=&#8221;30px&#8221; header_font=&#8221;Antonio||||||||&#8221; header_text_color=&#8221;#000000&#8243; header_font_size=&#8221;25px&#8221; header_2_text_color=&#8221;#FFFFFF&#8221; background_enable_color=&#8221;off&#8221; background_size=&#8221;initial&#8221; background_position=&#8221;top_left&#8221; background_repeat=&#8221;repeat&#8221; custom_margin=&#8221;||10px||false|false&#8221; header_font_size_tablet=&#8221;57px&#8221; header_font_size_phone=&#8221;44px&#8221; header_font_size_last_edited=&#8221;on|phone&#8221; locked=&#8221;off&#8221; global_colors_info=&#8221;{}&#8221;]<\/p>\n<h1>Notre Lyc\u00e9e<\/h1>\n<p>[\/et_pb_text][et_pb_text admin_label=&#8221;Text&#8221; _builder_version=&#8221;4.19.4&#8243; text_text_color=&#8221;#FFFFFF&#8221; text_font_size=&#8221;30px&#8221; header_font=&#8221;Antonio|||on|||||&#8221; header_text_color=&#8221;#FFFFFF&#8221; header_font_size=&#8221;57px&#8221; header_2_text_color=&#8221;#FFFFFF&#8221; header_2_font_size=&#8221;68px&#8221; background_enable_color=&#8221;off&#8221; background_size=&#8221;initial&#8221; background_position=&#8221;top_left&#8221; background_repeat=&#8221;repeat&#8221; custom_margin=&#8221;||20px||false|false&#8221; header_font_size_tablet=&#8221;57px&#8221; header_font_size_phone=&#8221;44px&#8221; header_font_size_last_edited=&#8221;on|phone&#8221; header_2_font_size_tablet=&#8221;47px&#8221; header_2_font_size_phone=&#8221;47px&#8221; header_2_font_size_last_edited=&#8221;on|phone&#8221; global_colors_info=&#8221;{}&#8221;]<\/p>\n<h1>LYC\u00c9E FRAN\u00c7AIS<br \/>international de S\u00e9ville<\/h1>\n<p>[\/et_pb_text][et_pb_text admin_label=&#8221;Text&#8221; _builder_version=&#8221;4.27.6&#8243; text_font=&#8221;||||||||&#8221; text_text_color=&#8221;#000000&#8243; text_font_size=&#8221;22px&#8221; text_line_height=&#8221;1.4em&#8221; header_font=&#8221;Antonio||||||||&#8221; header_text_color=&#8221;#000000&#8243; header_font_size=&#8221;25px&#8221; header_2_font=&#8221;Antonio||||||||&#8221; header_2_text_color=&#8221;#FFFFFF&#8221; header_2_font_size=&#8221;10px&#8221; header_3_font=&#8221;||||||||&#8221; background_enable_color=&#8221;off&#8221; background_size=&#8221;initial&#8221; background_position=&#8221;top_left&#8221; background_repeat=&#8221;repeat&#8221; custom_margin=&#8221;||10px||false|false&#8221; header_font_size_tablet=&#8221;57px&#8221; header_font_size_phone=&#8221;44px&#8221; header_font_size_last_edited=&#8221;on|phone&#8221; global_colors_info=&#8221;{}&#8221;]<\/p>\n<p>Le Lyc\u00e9e Fran\u00e7ais International de S\u00e9ville appartient au grand r\u00e9seau mondial de l\u2019enseignement fran\u00e7ais \u00e0 l\u2019\u00e9tranger. Il est g\u00e9r\u00e9 le groupe \u00e9ducatif <a href=\"https:\/\/odyssey.education\/\">Odyssey \u00e9ducation<\/a>.<\/p>\n<p>Odyssey Education est un groupe fran\u00e7ais d\u2019\u00e9ducation internationale dont les \u00e9tablissements \u00e0 travers le monde offrent, de la maternelle au lyc\u00e9e, une scolarit\u00e9 d\u2019excellence alliant aux programmes scolaires fran\u00e7ais une p\u00e9dagogie innovante et une ouverture internationale. Les \u00e9tablissements du groupe mettent en \u0153uvre des enseignements acad\u00e9miques en fran\u00e7ais, en anglais et dans la langue nationale du pays h\u00f4te d\u00e8s la maternelle.<\/p>\n<ul><\/ul>\n<p>Le projet du Lyc\u00e9e Fran\u00e7ais International de S\u00e9ville s\u2019appuie sur 4 piliers :<\/p>\n<p>&nbsp;<\/p>\n<ul>\n<ul>\n<li>Un projet \u00e9ducatif international homologu\u00e9 par la France et l\u2019Espagne<\/li>\n<\/ul>\n<ul>\n<li>Un environnement \u00e9panouissant avec une communaut\u00e9 unie et bienveillante<\/li>\n<\/ul>\n<ul>\n<li>Un environnement plurilingue et multiculturel avec plus de 25 nationalit\u00e9s<\/li>\n<\/ul>\n<ul>\n<li>Une p\u00e9dagogie personnalis\u00e9e et active<\/li>\n<\/ul>\n<\/ul>\n<p>[\/et_pb_text][et_pb_divider show_divider=&#8221;off&#8221; _builder_version=&#8221;4.19.1&#8243; _module_preset=&#8221;default&#8221; height=&#8221;30px&#8221; global_colors_info=&#8221;{}&#8221;][\/et_pb_divider][\/et_pb_column][et_pb_column type=&#8221;1_2&#8243; _builder_version=&#8221;4.19.4&#8243; _module_preset=&#8221;default&#8221; background_image=&#8221;https:\/\/lfsevilla.com\/wp-content\/uploads\/2023\/01\/nouveau-batiment-lfseville.jpg&#8221; scroll_horizontal_motion=&#8221;0|50|50|100|0|0|2&#8243; global_colors_info=&#8221;{}&#8221;][et_pb_text _builder_version=&#8221;4.19.4&#8243; _module_preset=&#8221;default&#8221; text_font=&#8221;Antonio||||||||&#8221; text_text_color=&#8221;#FFFFFF&#8221; text_font_size=&#8221;31px&#8221; text_line_height=&#8221;1.5em&#8221; background_color=&#8221;#466389&#8243; max_width=&#8221;60%&#8221; module_alignment=&#8221;right&#8221; custom_margin=&#8221;250px|0px|||false|false&#8221; custom_padding=&#8221;30px|30px|30px|30px|true|true&#8221; animation_style=&#8221;fade&#8221; animation_delay=&#8221;350ms&#8221; global_colors_info=&#8221;{}&#8221;]<\/p>\n<p>L\u2019\u00e9ducation fran\u00e7aise : L\u2019excellence et la qualit\u00e9<\/p>\n<p>[\/et_pb_text][\/et_pb_column][\/et_pb_row][et_pb_row module_id=&#8221;mision&#8221; _builder_version=&#8221;4.23.1&#8243; _module_preset=&#8221;default&#8221; custom_margin=&#8221;55px||||false|false&#8221; locked=&#8221;off&#8221; global_colors_info=&#8221;{}&#8221;][et_pb_column type=&#8221;4_4&#8243; _builder_version=&#8221;4.23.1&#8243; _module_preset=&#8221;default&#8221; global_colors_info=&#8221;{}&#8221;][et_pb_text admin_label=&#8221;Text&#8221; _builder_version=&#8221;4.23.1&#8243; text_font_size=&#8221;30px&#8221; background_enable_color=&#8221;off&#8221; background_size=&#8221;initial&#8221; background_position=&#8221;top_left&#8221; background_repeat=&#8221;repeat&#8221; text_orientation=&#8221;center&#8221; custom_margin=&#8221;||20px||false|false&#8221; custom_padding=&#8221;||0px||false|false&#8221; header_3_font_size_tablet=&#8221;53px&#8221; header_3_font_size_phone=&#8221;45px&#8221; header_3_font_size_last_edited=&#8221;off|desktop&#8221; locked=&#8221;off&#8221; global_colors_info=&#8221;{}&#8221;]<\/p>\n<h2>Mission et valeurs<\/h2>\n<p>[\/et_pb_text][\/et_pb_column][\/et_pb_row][\/et_pb_section][et_pb_section fb_built=&#8221;1&#8243; admin_label=&#8221;1-\tMISSION ET VALEURS&#8221; _builder_version=&#8221;4.19.1&#8243; background_enable_color=&#8221;off&#8221; custom_padding=&#8221;0px||0px||true|false&#8221; collapsed=&#8221;on&#8221; global_colors_info=&#8221;{}&#8221;][et_pb_row column_structure=&#8221;1_3,2_3&#8243; use_custom_gutter=&#8221;on&#8221; gutter_width=&#8221;1&#8243; make_equal=&#8221;on&#8221; disabled_on=&#8221;on|on|off&#8221; _builder_version=&#8221;4.23.1&#8243; _module_preset=&#8221;default&#8221; width=&#8221;100%&#8221; max_width=&#8221;100%&#8221; custom_margin=&#8221;||||false|false&#8221; custom_padding=&#8221;0px||0px||true|false&#8221; collapsed=&#8221;off&#8221; global_colors_info=&#8221;{}&#8221;][et_pb_column type=&#8221;1_3&#8243; module_class=&#8221;btnPersona&#8221; _builder_version=&#8221;4.23.1&#8243; _module_preset=&#8221;default&#8221; background_color=&#8221;#efefef&#8221; background_enable_image=&#8221;off&#8221; custom_padding=&#8221;5%|3%|5%|5%|true|false&#8221; global_colors_info=&#8221;{}&#8221;][et_pb_text admin_label=&#8221;Text&#8221; _builder_version=&#8221;4.27.6&#8243; background_enable_color=&#8221;off&#8221; background_size=&#8221;initial&#8221; background_position=&#8221;top_left&#8221; background_repeat=&#8221;repeat&#8221; custom_margin=&#8221;|50px|20px||false|false&#8221; global_colors_info=&#8221;{}&#8221;]<\/p>\n<h3>UN ACCOMPAGNEMENT PERSONNALIS\u00c9 DES \u00c9L\u00c8VES<\/h3>\n<p style=\"text-align: left;\">Au Lyc\u00e9e Fran\u00e7ais International de S\u00e9ville, chaque \u00e9l\u00e8ve progresse \u00e0 son rythme et vit des exp\u00e9riences qui enrichissent son parcours. Il d\u00e9veloppe ses comp\u00e9tences, son esprit critique et sa libert\u00e9 de jugement, tout en refnor\u00e7ant son sens de l&#8217;initiative et sa cr\u00e9ativit\u00e9.<\/p>\n<p style=\"text-align: left;\">Dans un environnement social et interculturel, o\u00f9 chacun trouve sa place, l&#8217;\u00e9l\u00e8ve construit son identit\u00e9 et se pr\u00e9pare aux d\u00e9fis du XXIe si\u00e8cle.<\/p>\n<p>[\/et_pb_text][\/et_pb_column][et_pb_column type=&#8221;2_3&#8243; module_class=&#8221;btnPersona&#8221; _builder_version=&#8221;4.19.1&#8243; _module_preset=&#8221;default&#8221; background_color=&#8221;#d3ac8f&#8221; background_enable_color=&#8221;off&#8221; use_background_color_gradient=&#8221;on&#8221; background_color_gradient_direction=&#8221;90deg&#8221; background_color_gradient_stops=&#8221;#e3ea98 0%|#a2bf54 100%&#8221; background_enable_image=&#8221;off&#8221; custom_padding=&#8221;5%|3%|5%|3%|true|true&#8221; global_colors_info=&#8221;{}&#8221;][et_pb_text _builder_version=&#8221;4.27.6&#8243; _module_preset=&#8221;default&#8221; background_enable_color=&#8221;off&#8221; background_size=&#8221;initial&#8221; background_position=&#8221;top_left&#8221; background_repeat=&#8221;repeat&#8221; custom_margin=&#8221;|60px|20px|50px|false|false&#8221; locked=&#8221;off&#8221; global_colors_info=&#8221;{}&#8221;]<\/p>\n<h3>VALEURS : LA\u00cfCIT\u00c9, PLURILINGUISME, CITOYENNET\u00c9 ET HUMANISME<\/h3>\n<p>Au sein du r\u00e9seau du groupe<a href=\"https:\/\/odyssey.education\/\"><strong> Odyssey Education<\/strong><\/a>, nous accueillons des \u00e9l\u00e8ves de toutes origines et de toutes cultures. La la\u00efcit\u00e9 est au c\u0153ur de notre projet : elle permet une \u00e9ducation fond\u00e9e sur la rencontre entre les cultures et le respect de chacun.<\/p>\n<p>Notre enseignement s\u2019appuie sur le trilinguisme. Les \u00e9l\u00e8ves sont scolaris\u00e9s en fran\u00e7ais, renforcent leur ma\u00eetrise de l\u2019espagnol et apprennent l\u2019anglais d\u00e8s la maternelle.<\/p>\n<p>Nous visons la r\u00e9ussite scolaire et l\u2019\u00e9panouissement personnel, tout en d\u00e9veloppant l\u2019esprit critique, le libre jugement, le respect de l\u2019autre et l\u2019ouverture au monde. Un travail d\u00e9di\u00e9 aux comp\u00e9tences psychosociales (soft skills) accompagne cet apprentissage.<\/p>\n<p>[\/et_pb_text][\/et_pb_column][\/et_pb_row][et_pb_row column_structure=&#8221;1_2,1_2&#8243; use_custom_gutter=&#8221;on&#8221; gutter_width=&#8221;1&#8243; make_equal=&#8221;on&#8221; admin_label=&#8221;Projet d\u2019\u00e9tablissement&#8221; _builder_version=&#8221;4.23.1&#8243; _module_preset=&#8221;default&#8221; width=&#8221;100%&#8221; max_width=&#8221;100%&#8221; custom_margin=&#8221;|auto|-70px|auto||&#8221; custom_padding=&#8221;0px||0px||true|false&#8221; collapsed=&#8221;off&#8221; global_colors_info=&#8221;{}&#8221;][et_pb_column type=&#8221;1_2&#8243; _builder_version=&#8221;4.19.4&#8243; _module_preset=&#8221;default&#8221; background_color=&#8221;#41a596&#8243; background_enable_color=&#8221;off&#8221; use_background_color_gradient=&#8221;on&#8221; background_color_gradient_direction=&#8221;90deg&#8221; background_color_gradient_stops=&#8221;#f2e576 1%|#f3f972 100%&#8221; custom_padding=&#8221;5%|5%|5%|5%|true|true&#8221; global_colors_info=&#8221;{}&#8221;][et_pb_text admin_label=&#8221;Text&#8221; _builder_version=&#8221;4.19.1&#8243; text_text_color=&#8221;#FFFFFF&#8221; header_2_font=&#8221;||||||||&#8221; header_2_text_color=&#8221;#FFFFFF&#8221; header_3_text_color=&#8221;#000000&#8243; background_enable_color=&#8221;off&#8221; background_size=&#8221;initial&#8221; background_position=&#8221;top_left&#8221; background_repeat=&#8221;repeat&#8221; custom_margin=&#8221;||20px||false|false&#8221; global_colors_info=&#8221;{}&#8221;]<\/p>\n<h3>Projet d\u2019\u00e9tablissement<\/h3>\n<p>[\/et_pb_text][et_pb_text admin_label=&#8221;Text&#8221; _builder_version=&#8221;4.27.6&#8243; text_text_color=&#8221;#000000&#8243; header_2_text_color=&#8221;#FFFFFF&#8221; header_2_font_size=&#8221;30px&#8221; background_enable_color=&#8221;off&#8221; background_size=&#8221;initial&#8221; background_position=&#8221;top_left&#8221; background_repeat=&#8221;repeat&#8221; width=&#8221;100%&#8221; custom_margin=&#8221;|30px|20px||false|false&#8221; global_colors_info=&#8221;{}&#8221;]<\/p>\n<p>Le projet p\u00e9dagogique du Lyc\u00e9e Fran\u00e7ais International de S\u00e9ville s&#8217;appuie sur les programmes nationaux fran\u00e7ais et traduit les choix p\u00e9dagogiques et \u00e9ducatifs de la communaut\u00e9 \u00e9ducative.<\/p>\n<p>La construction du nouveau Lyc\u00e9e en 2028 est une opportunit\u00e9 pour faire \u00e9voluer ce projet tet pr\u00e9parer d\u00e8s aujourd&#8217;hui l&#8217;\u00e9cole de 2040.<\/p>\n<p>Le Lyc\u00e9e Fran\u00e7ais Intternational de S\u00e9ville propose un climat serein pour mieux apprendre ensemble et s&#8217;attache particuli\u00e8rement \u00e0 la construction d&#8217;une citoyenne\u00e9 \u00e9clair\u00e9e, \u00e9mancipatrice et responsable pour tous nos \u00e9l\u00e8ves.<\/p>\n<p>C&#8217;est un \u00e9tablissement o\u00f9 le bien vivre ensemble est un des pilliers fondamentaux de notre m\u00e9thode p\u00e9dagogique.<\/p>\n<p>Enfin, le LFIS s&#8217;attache avec chacun de ses \u00e9l\u00e8ves \u00e0 construire des parcours d&#8217;apprentissage personnalis\u00e9s autour de la sant\u00e9, de l&#8217;orientation professionnelle, de la ciotyennet\u00e9, de l&#8217;art, de la culture ainsi que du sport<\/p>\n<p>[\/et_pb_text][\/et_pb_column][et_pb_column type=&#8221;1_2&#8243; _builder_version=&#8221;4.19.1&#8243; _module_preset=&#8221;default&#8221; background_enable_image=&#8221;off&#8221; global_colors_info=&#8221;{}&#8221;][et_pb_image src=&#8221;https:\/\/lfsevilla.com\/wp-content\/uploads\/2022\/11\/Projet-detablissement.jpg&#8221; title_text=&#8221;Projet-detablissement&#8221; url=&#8221;https:\/\/lfsevilla.com\/360\/liceo.html&#8221; url_new_window=&#8221;on&#8221; align=&#8221;center&#8221; disabled_on=&#8221;off|off|off&#8221; _builder_version=&#8221;4.19.1&#8243; _module_preset=&#8221;default&#8221; custom_margin=&#8221;||257px|||&#8221; global_colors_info=&#8221;{}&#8221;][\/et_pb_image][\/et_pb_column][\/et_pb_row][\/et_pb_section][et_pb_section fb_built=&#8221;1&#8243; admin_label=&#8221;2-\tM\u00c9THODE P\u00c9DAGOGIQUE&#8221; module_id=&#8221;methode-pedagogique&#8221; _builder_version=&#8221;4.19.4&#8243; _module_preset=&#8221;default&#8221; locked=&#8221;off&#8221; collapsed=&#8221;on&#8221; global_colors_info=&#8221;{}&#8221;][et_pb_row use_custom_gutter=&#8221;on&#8221; gutter_width=&#8221;1&#8243; make_equal=&#8221;on&#8221; _builder_version=&#8221;4.19.1&#8243; _module_preset=&#8221;default&#8221; width=&#8221;100%&#8221; max_width=&#8221;100%&#8221; collapsed=&#8221;off&#8221; global_colors_info=&#8221;{}&#8221;][et_pb_column type=&#8221;4_4&#8243; _builder_version=&#8221;4.19.1&#8243; _module_preset=&#8221;default&#8221; custom_padding=&#8221;5%|5%|5%|5%|true|true&#8221; global_colors_info=&#8221;{}&#8221;][et_pb_text admin_label=&#8221;Text&#8221; _builder_version=&#8221;4.19.1&#8243; text_font_size=&#8221;30px&#8221; background_enable_color=&#8221;off&#8221; background_size=&#8221;initial&#8221; background_position=&#8221;top_left&#8221; background_repeat=&#8221;repeat&#8221; text_orientation=&#8221;center&#8221; custom_margin=&#8221;-40px||20px||false|false&#8221; custom_padding=&#8221;||0px||false|false&#8221; header_3_font_size_tablet=&#8221;53px&#8221; header_3_font_size_phone=&#8221;45px&#8221; header_3_font_size_last_edited=&#8221;off|desktop&#8221; global_colors_info=&#8221;{}&#8221;]<\/p>\n<h2>M\u00c9THODE P\u00c9DAGOGIQUE<\/h2>\n<p>[\/et_pb_text][et_pb_text admin_label=&#8221;Text&#8221; _builder_version=&#8221;4.27.6&#8243; header_2_text_color=&#8221;#FFFFFF&#8221; header_2_font_size=&#8221;30px&#8221; background_enable_color=&#8221;off&#8221; background_size=&#8221;initial&#8221; background_position=&#8221;top_left&#8221; background_repeat=&#8221;repeat&#8221; text_orientation=&#8221;center&#8221; width=&#8221;70%&#8221; width_tablet=&#8221;70%&#8221; width_phone=&#8221;90%&#8221; width_last_edited=&#8221;on|phone&#8221; max_width=&#8221;70%&#8221; max_width_tablet=&#8221;70%&#8221; max_width_phone=&#8221;90%&#8221; max_width_last_edited=&#8221;on|phone&#8221; module_alignment=&#8221;center&#8221; custom_margin=&#8221;||20px||false|false&#8221; global_colors_info=&#8221;{}&#8221;]<\/p>\n<p>Nous visons une approche par comp\u00e9tences. Comp\u00e9tences pouvant \u00eatre acquises sur des cycles d\u2019apprentissage de trois ans comme le pr\u00e9voit le syst\u00e8me \u00e9ducatif fran\u00e7ais.<\/p>\n<p>La m\u00e9thode p\u00e9dagogique adopt\u00e9e s\u2019appuie sur les orientations et les programmes du minist\u00e8re de l\u2019\u00c9ducation nationale fran\u00e7ais, tout en prenant en compte les syst\u00e8mes \u00e9ducatifs qui cohabitent avec le syst\u00e8me fran\u00e7ais, notamment les syst\u00e8mes espagnol et anglo-saxon.<\/p>\n<p>[\/et_pb_text][et_pb_image src=&#8221;https:\/\/lfsevilla.com\/wp-content\/uploads\/2022\/11\/methode-pedagogique-1.jpg&#8221; title_text=&#8221;methode-pedagogique&#8221; align=&#8221;center&#8221; disabled_on=&#8221;off|off|off&#8221; admin_label=&#8221;imagen&#8221; _builder_version=&#8221;4.19.1&#8243; _module_preset=&#8221;default&#8221; global_colors_info=&#8221;{}&#8221;][\/et_pb_image][et_pb_text admin_label=&#8221;Text&#8221; _builder_version=&#8221;4.27.6&#8243; header_2_text_color=&#8221;#FFFFFF&#8221; header_2_font_size=&#8221;30px&#8221; background_enable_color=&#8221;off&#8221; background_size=&#8221;initial&#8221; background_position=&#8221;top_left&#8221; background_repeat=&#8221;repeat&#8221; text_orientation=&#8221;center&#8221; width=&#8221;70%&#8221; width_tablet=&#8221;70%&#8221; width_phone=&#8221;90%&#8221; width_last_edited=&#8221;on|phone&#8221; max_width=&#8221;70%&#8221; max_width_tablet=&#8221;70%&#8221; max_width_phone=&#8221;90%&#8221; max_width_last_edited=&#8221;on|phone&#8221; module_alignment=&#8221;center&#8221; custom_margin=&#8221;||20px||false|false&#8221; global_colors_info=&#8221;{}&#8221;]<\/p>\n<p>&nbsp;<\/p>\n<p>Dans cette dynamique d\u2019ouverture et d\u2019exigence, le Lyc\u00e9e fran\u00e7ais de S\u00e9ville est accr\u00e9dit\u00e9<strong> Cambridge International School depuis juin 2025<\/strong>, renfor\u00e7ant ainsi notre approche plurilingue et l\u2019ambition acad\u00e9mique propos\u00e9e aux \u00e9l\u00e8ves.<\/p>\n<p>Nous visons une approche par comp\u00e9tences, susceptibles d\u2019\u00eatre acquises sur des cycles d\u2019apprentissage de trois ans, conform\u00e9ment au syst\u00e8me \u00e9ducatif fran\u00e7ais.<\/p>\n<p>[\/et_pb_text][et_pb_text module_class=&#8221;botsModulo negro&#8221; _builder_version=&#8221;4.23.1&#8243; _module_preset=&#8221;default&#8221; locked=&#8221;off&#8221; global_colors_info=&#8221;{}&#8221;]<a href=\"https:\/\/lfsevilla.com\/fr\/equipe-educative\/\" class=\"equipoEducativo\">L&#8217;\u00e9quipe educative<\/a>[\/et_pb_text][\/et_pb_column][\/et_pb_row][\/et_pb_section][et_pb_section fb_built=&#8221;1&#8243; admin_label=&#8221;3-\tPLURILINGUISME&#8221; module_id=&#8221;plurilinguisme&#8221; _builder_version=&#8221;4.19.4&#8243; background_color=&#8221;#f1f2f6&#8243; custom_padding=&#8221;0px||0px||true|false&#8221; collapsed=&#8221;on&#8221; global_colors_info=&#8221;{}&#8221;][et_pb_row column_structure=&#8221;3_5,2_5&#8243; use_custom_gutter=&#8221;on&#8221; gutter_width=&#8221;1&#8243; make_equal=&#8221;on&#8221; _builder_version=&#8221;4.19.4&#8243; _module_preset=&#8221;default&#8221; width=&#8221;100%&#8221; max_width=&#8221;100%&#8221; custom_padding=&#8221;0px||0px||true|false&#8221; collapsed=&#8221;off&#8221; global_colors_info=&#8221;{}&#8221;][et_pb_column type=&#8221;3_5&#8243; _builder_version=&#8221;4.19.1&#8243; _module_preset=&#8221;default&#8221; background_color=&#8221;#477fb7&#8243; use_background_color_gradient=&#8221;on&#8221; background_color_gradient_direction=&#8221;90deg&#8221; background_color_gradient_stops=&#8221;#477fb7 0%|#093f72 100%&#8221; custom_padding=&#8221;5%|5%|5%|5%|true|true&#8221; global_colors_info=&#8221;{}&#8221;][et_pb_text admin_label=&#8221;Text&#8221; _builder_version=&#8221;4.19.1&#8243; text_text_color=&#8221;#FFFFFF&#8221; header_2_font=&#8221;||||||||&#8221; header_2_text_color=&#8221;#FFFFFF&#8221; background_enable_color=&#8221;off&#8221; background_size=&#8221;initial&#8221; background_position=&#8221;top_left&#8221; background_repeat=&#8221;repeat&#8221; custom_margin=&#8221;||20px||false|false&#8221; global_colors_info=&#8221;{}&#8221;]<\/p>\n<h2>PLURILINGUISME<\/h2>\n<p>[\/et_pb_text][et_pb_text admin_label=&#8221;Text&#8221; _builder_version=&#8221;4.23.1&#8243; text_text_color=&#8221;#FFFFFF&#8221; header_2_text_color=&#8221;#FFFFFF&#8221; header_2_font_size=&#8221;30px&#8221; header_3_text_color=&#8221;#FFFFFF&#8221; header_3_font_size=&#8221;25px&#8221; background_enable_color=&#8221;off&#8221; background_size=&#8221;initial&#8221; background_position=&#8221;top_left&#8221; background_repeat=&#8221;repeat&#8221; custom_margin=&#8221;|50px|20px||false|false&#8221; custom_margin_tablet=&#8221;|50px|20px||false|false&#8221; custom_margin_phone=&#8221;|15px|||false|false&#8221; custom_margin_last_edited=&#8221;on|phone&#8221; global_colors_info=&#8221;{}&#8221;]<\/p>\n<p>Le Lyc\u00e9e Fran\u00e7ais International de S\u00e9ville forme des \u00e9l\u00e8ves internationaux. Voil\u00e0 pourquoi l\u2019apprentissage des langues et en langues est essentiel dans notre projet p\u00e9dagogique.<\/p>\n<p>L\u2019enseignement des langues fran\u00e7aise, espagnole et anglaise est un des fondements de l\u2019apprentissage d\u2019une citoyennet\u00e9 ouverte et critique. Il permet de pr\u00e9parer les \u00e9l\u00e8ves aux d\u00e9fis de la communication dans un monde global et interconnect\u00e9, mais aussi de les initier \u00e0 la diversit\u00e9 culturelle.<\/p>\n<h3>Un parcours au plus pr\u00e8s des \u00e9l\u00e8ves<\/h3>\n<p>Au Lyc\u00e9e Fran\u00e7ais de S\u00e9ville, une attention soutenue et bienveillante est accord\u00e9e \u00e0 l\u2019\u00e9volution de chaque \u00e9l\u00e8ve, pour l\u2019accompagner dans ses progr\u00e8s, afin de le pr\u00e9parer aussi bien aux examens nationaux et certifications linguistiques qu\u2019il sera amen\u00e9 \u00e0 passer qu\u2019\u00e0 le doter de comp\u00e9tences pratiques dans chacune des langues.<\/p>\n<h3>Deux cultures, trois langues<\/h3>\n<p>Grandir au Lyc\u00e9e Fran\u00e7ais International de S\u00e9ville, c\u2019est grandir dans un environnement riche et vari\u00e9 o\u00f9 se m\u00ealent les cultures fran\u00e7aises, espagnoles et anglophones. Tout au long de leur scolarit\u00e9, les enfants auront la chance d\u2019apprendre en trois langues, leur permettant, au-del\u00e0 de l\u2019expression, d\u2019entra\u00eener leurs fonctions cognitives, et d\u2019adopter diff\u00e9rentes fa\u00e7ons d\u2019appr\u00e9hender le monde. Le lyc\u00e9e compte \u00e0 ce jour 25 nationalit\u00e9s diff\u00e9rentes.<\/p>\n<p>Homologu\u00e9 par le minist\u00e8re de l\u2019\u00c9ducation Nationale Fran\u00e7aise, les enseignants suivent les programmes fran\u00e7ais, de la petite section jusqu\u2019\u00e0 l\u2019obtention du <strong>baccalaur\u00e9at<\/strong>. D\u00e8s le CP et jusqu\u2019en terminale, les programmes de Lengua y literatura et de Sociales publi\u00e9s par la Comunidad de Andaluc\u00eda sont \u00e9galement enseign\u00e9s, permettant \u00e0 nos \u00e9l\u00e8ves d\u2019obtenir un <strong>Bachillerato par \u00e9quivalence du baccalaur\u00e9at fran\u00e7ais<\/strong>. Enfin, l\u2019apprentissage de l\u2019anglais commence d\u00e8s la petite section (3 ans). En fin de parcours, nos \u00e9l\u00e8ves ont un niveau d\u2019anglais de tr\u00e8s haut niveau leur permettant, s\u2019ils le souhaitent, d\u2019int\u00e9grer et de poursuivre leurs \u00e9tudes dans les <strong>universit\u00e9s anglo-saxonnes<\/strong>.<\/p>\n<p>[\/et_pb_text][et_pb_button button_url=&#8221;https:\/\/dulala.fr\/videos-sur-le-plurilinguisme-et-le-bilinguisme\/&#8221; url_new_window=&#8221;on&#8221; button_text=&#8221;Des questions sur le plurilinguisme &#8221; button_alignment=&#8221;center&#8221; module_class=&#8221;btnAbajo&#8221; _builder_version=&#8221;4.19.4&#8243; _module_preset=&#8221;default&#8221; custom_button=&#8221;on&#8221; button_text_color=&#8221;#FFFFFF&#8221; button_bg_color=&#8221;RGBA(255,255,255,0)&#8221; button_border_width=&#8221;3px&#8221; button_border_color=&#8221;#FFFFFF&#8221; button_icon=&#8221;&#xf059;||fa||900&#8243; button_on_hover=&#8221;off&#8221; custom_margin=&#8221;30px||||false|false&#8221; custom_padding=&#8221;||||false|false&#8221; locked=&#8221;off&#8221; global_colors_info=&#8221;{}&#8221;][\/et_pb_button][\/et_pb_column][et_pb_column type=&#8221;2_5&#8243; _builder_version=&#8221;4.19.4&#8243; _module_preset=&#8221;default&#8221; background_image=&#8221;https:\/\/lfsevilla.com\/wp-content\/uploads\/2023\/02\/lycee-Sevilla-1.jpg&#8221; background_position=&#8221;top_center&#8221; background_vertical_offset=&#8221;0%&#8221; global_colors_info=&#8221;{}&#8221;][et_pb_image src=&#8221;https:\/\/lfsevilla.com\/wp-content\/uploads\/2023\/02\/PHOTO-2023-02-01-14-51-23.jpg&#8221; title_text=&#8221;PHOTO-2023-02-01-14-51-23&#8243; url=&#8221;https:\/\/lfsevilla.com\/360\/liceo.html&#8221; url_new_window=&#8221;on&#8221; disabled_on=&#8221;off|off|off&#8221; _builder_version=&#8221;4.19.4&#8243; _module_preset=&#8221;default&#8221; custom_margin=&#8221;-150px||||false|false&#8221; custom_margin_tablet=&#8221;0px||||false|false&#8221; custom_margin_phone=&#8221;0px||||false|false&#8221; custom_margin_last_edited=&#8221;on|desktop&#8221; scroll_horizontal_motion=&#8221;0|50|50|100|-3|0|0&#8243; scroll_scaling_enable=&#8221;on&#8221; global_colors_info=&#8221;{}&#8221;][\/et_pb_image][\/et_pb_column][\/et_pb_row][et_pb_row use_custom_gutter=&#8221;on&#8221; gutter_width=&#8221;1&#8243; make_equal=&#8221;on&#8221; admin_label=&#8221;Les certifications en langues&#8221; module_id=&#8221;ciclos&#8221; _builder_version=&#8221;4.23.1&#8243; _module_preset=&#8221;default&#8221; background_color=&#8221;#FFFFFF&#8221; width=&#8221;100%&#8221; max_width=&#8221;100%&#8221; custom_padding=&#8221;0px||0px||true|false&#8221; locked=&#8221;off&#8221; collapsed=&#8221;on&#8221; global_colors_info=&#8221;{}&#8221;][et_pb_column type=&#8221;4_4&#8243; _builder_version=&#8221;4.23.1&#8243; _module_preset=&#8221;default&#8221; background_enable_color=&#8221;off&#8221; custom_padding=&#8221;5%|5%|5%|5%|true|true&#8221; global_colors_info=&#8221;{}&#8221;][et_pb_text admin_label=&#8221;Text&#8221; _builder_version=&#8221;4.23.1&#8243; header_2_text_align=&#8221;center&#8221; header_2_text_color=&#8221;#000000&#8243; header_2_font_size=&#8221;48px&#8221; custom_margin=&#8221;||||false|false&#8221; custom_padding=&#8221;||14px||false|false&#8221; header_2_font_size_tablet=&#8221;48px&#8221; header_2_font_size_phone=&#8221;34px&#8221; header_2_font_size_last_edited=&#8221;on|phone&#8221; global_colors_info=&#8221;{}&#8221;]<\/p>\n<h2>Cycles \u00e9ducatifs<\/h2>\n<p>[\/et_pb_text][\/et_pb_column][\/et_pb_row][\/et_pb_section][et_pb_section fb_built=&#8221;1&#8243; admin_label=&#8221;Maternelle&#8221; module_id=&#8221;maternelle&#8221; _builder_version=&#8221;4.19.1&#8243; _module_preset=&#8221;default&#8221; custom_padding=&#8221;0px||0px||true|false&#8221; locked=&#8221;off&#8221; collapsed=&#8221;on&#8221; global_colors_info=&#8221;{}&#8221;][et_pb_row column_structure=&#8221;1_3,2_3&#8243; use_custom_gutter=&#8221;on&#8221; gutter_width=&#8221;1&#8243; make_equal=&#8221;on&#8221; disabled_on=&#8221;on|on|off&#8221; _builder_version=&#8221;4.23.1&#8243; _module_preset=&#8221;default&#8221; width=&#8221;100%&#8221; max_width=&#8221;100%&#8221; custom_padding=&#8221;0px||0px||true|false&#8221; collapsed=&#8221;on&#8221; global_colors_info=&#8221;{}&#8221;][et_pb_column type=&#8221;1_3&#8243; _builder_version=&#8221;4.19.1&#8243; _module_preset=&#8221;default&#8221; background_enable_color=&#8221;off&#8221; use_background_color_gradient=&#8221;on&#8221; background_color_gradient_direction=&#8221;90deg&#8221; background_color_gradient_stops=&#8221;rgba(63,193,94,0.71) 0%|#27823c 100%&#8221; custom_padding=&#8221;3%|5%|3%|5%|true|true&#8221; global_colors_info=&#8221;{}&#8221;][et_pb_text _builder_version=&#8221;4.19.1&#8243; _module_preset=&#8221;default&#8221; header_2_text_color=&#8221;#FFFFFF&#8221; header_2_font_size=&#8221;48px&#8221; custom_margin=&#8221;||||false|false&#8221; custom_padding=&#8221;||||false|false&#8221; header_2_font_size_tablet=&#8221;48px&#8221; header_2_font_size_phone=&#8221;34px&#8221; header_2_font_size_last_edited=&#8221;on|phone&#8221; header_3_font_size_tablet=&#8221;42px&#8221; header_3_font_size_phone=&#8221;30px&#8221; header_3_font_size_last_edited=&#8221;off|desktop&#8221; global_colors_info=&#8221;{}&#8221;]<\/p>\n<h2>Maternelle<\/h2>\n<p>[\/et_pb_text][et_pb_text _builder_version=&#8221;4.19.1&#8243; _module_preset=&#8221;default&#8221; header_4_text_color=&#8221;#FFFFFF&#8221; header_4_line_height=&#8221;1.5em&#8221; custom_margin=&#8221;||||false|false&#8221; custom_padding=&#8221;||||false|false&#8221; header_2_font_size_tablet=&#8221;48px&#8221; header_2_font_size_phone=&#8221;34px&#8221; header_2_font_size_last_edited=&#8221;off|desktop&#8221; header_3_font_size_tablet=&#8221;42px&#8221; header_3_font_size_phone=&#8221;30px&#8221; header_3_font_size_last_edited=&#8221;off|desktop&#8221; global_colors_info=&#8221;{}&#8221;]<\/p>\n<h4>La maternelle, une \u00e9cole de l\u2019\u00e9panouissement, de la d\u00e9couverte, et du langage<\/h4>\n<p>[\/et_pb_text][\/et_pb_column][et_pb_column type=&#8221;2_3&#8243; module_class=&#8221;btnPersona&#8221; _builder_version=&#8221;4.19.1&#8243; _module_preset=&#8221;default&#8221; background_enable_image=&#8221;off&#8221; custom_padding=&#8221;5%|3%|5%|3%|true|true&#8221; global_colors_info=&#8221;{}&#8221;][et_pb_text admin_label=&#8221;Text&#8221; _builder_version=&#8221;4.19.4&#8243; header_2_text_color=&#8221;#FFFFFF&#8221; header_2_font_size=&#8221;30px&#8221; header_3_text_color=&#8221;#FFFFFF&#8221; header_3_font_size=&#8221;25px&#8221; background_enable_color=&#8221;off&#8221; background_size=&#8221;initial&#8221; background_position=&#8221;top_left&#8221; background_repeat=&#8221;repeat&#8221; custom_margin=&#8221;||20px||false|false&#8221; global_colors_info=&#8221;{}&#8221;]<\/p>\n<p>V\u00e9ritable particularit\u00e9 fran\u00e7aise, les enfants entrent \u00e0 l\u2019\u00e9cole maternelle \u00e0 partir de 2-3 ans. C\u2019est une \u00e9cole \u00e0 part enti\u00e8re, avec objectifs et programmes sp\u00e9cifiques. La Maternelle offre un environnement multilingue chaleureux, s\u00fbr et enrichissant pour les enfants \u00e2g\u00e9s de 3 \u00e0 5 ans, r\u00e9partis-en 3 niveaux :<\/p>\n<table class=\"bordeVerde\">\n<tbody>\n<tr>\n<td style=\"width: 100%; text-align: center;\"><strong>3-4 ans : Petite Section<\/strong><\/td>\n<\/tr>\n<tr>\n<td style=\"width: 100%; text-align: center;\"><strong>4-5 ans : Moyenne Section<\/strong><\/td>\n<\/tr>\n<tr>\n<td style=\"width: 100%; text-align: center;\"><strong>5-6 ans : Grande Section<\/strong><\/td>\n<\/tr>\n<\/tbody>\n<\/table>\n<p>Les enseignantes de fran\u00e7ais, d\u2019anglais et d\u2019espagnol, accompagn\u00e9es des assistantes sp\u00e9cialis\u00e9es dans la petite enfance proposent \u00e0 chaque enfant un cadre qui va lui permettre de d\u00e9couvrir, explorer, apprendre, d\u00e9velopper la confiance en soi et \u00e9panouir sa personnalit\u00e9.<\/p>\n<p>Nous veillons au bien-\u00eatre des \u00e9l\u00e8ves en leur donnant suffisamment de temps de repos et de r\u00e9cup\u00e9ration, les \u00e9l\u00e8ves de Petite Section b\u00e9n\u00e9ficiant d\u2019une sieste apr\u00e8s le d\u00e9jeuner.<\/p>\n<p>Sp\u00e9cificit\u00e9 des \u00e9tablissements fran\u00e7ais de l\u2019\u00e9tranger, l\u2019\u00e9cole Maternelle du Lyc\u00e9e fran\u00e7ais de S\u00e9ville permet \u00e9galement \u00e0 ses \u00e9l\u00e8ves de b\u00e9n\u00e9ficier d\u2019un enseignement de la langue locale, c\u2019est \u00e0 dire de l\u2019espagnol par un enseignant habilit\u00e9 par la Junta de Andaluc\u00eda. D\u00e8s la Petite Section, les enfants apprennent ou perfectionnent leur connaissance de cette langue par le biais d\u2019activit\u00e9s adapt\u00e9es \u00e0 leur \u00e2ge et \u00e0 leur niveau, ludiques et cr\u00e9atives.<\/p>\n<p>Les \u00e9l\u00e8ves non-francophones profitent d\u2019une immersion culturelle et linguistique ainsi que d\u2019un soutien en langue fran\u00e7aise gr\u00e2ce \u00e0 une prise en charge par un professeur de Fran\u00e7ais Langue \u00c9trang\u00e8re \u00e0 partir de la GS.<\/p>\n<p>Le curriculum de la maternelle s\u2019articule autour de 5 domaines d\u2019apprentissage :<\/p>\n<ol>\n<li>Mobiliser le langage dans toutes ses dimensions<\/li>\n<li>Agir, s\u2019exprimer, comprendre \u00e0 travers l\u2019activit\u00e9 physique<\/li>\n<li>Agir, s\u2019exprimer, comprendre \u00e0 travers les activit\u00e9s artistiques<\/li>\n<li>Construire les premiers outils pour structurer sa pens\u00e9e<\/li>\n<li>Explorer le monde<\/li>\n<\/ol>\n<p>Le d\u00e9tail de ces comp\u00e9tences abord\u00e9es peut \u00eatre consult\u00e9 sur <a href=\"https:\/\/eduscol.education.fr\/610\/presentation-de-l-ecole-maternelle\" target=\"_blank\" rel=\"noopener\">eduscol<\/a>.<\/p>\n<p>[\/et_pb_text][\/et_pb_column][\/et_pb_row][et_pb_row use_custom_gutter=&#8221;on&#8221; gutter_width=&#8221;1&#8243; make_equal=&#8221;on&#8221; disabled_on=&#8221;off|off|on&#8221; admin_label=&#8221;Fila m\u00f3vil&#8221; _builder_version=&#8221;4.19.1&#8243; _module_preset=&#8221;default&#8221; width=&#8221;100%&#8221; max_width=&#8221;100%&#8221; custom_padding=&#8221;0px||0px||true|false&#8221; collapsed=&#8221;on&#8221; global_colors_info=&#8221;{}&#8221;][et_pb_column type=&#8221;4_4&#8243; _builder_version=&#8221;4.19.1&#8243; _module_preset=&#8221;default&#8221; use_background_color_gradient=&#8221;on&#8221; background_color_gradient_direction=&#8221;90deg&#8221; background_color_gradient_stops=&#8221;rgba(63,193,94,0.71) 0%|#27823c 100%&#8221; background_enable_image=&#8221;off&#8221; custom_padding=&#8221;5%|3%|5%|3%|true|true&#8221; global_colors_info=&#8221;{}&#8221;][et_pb_text _builder_version=&#8221;4.19.1&#8243; _module_preset=&#8221;default&#8221; header_2_text_color=&#8221;#FFFFFF&#8221; header_2_font_size=&#8221;48px&#8221; custom_margin=&#8221;||||false|false&#8221; custom_padding=&#8221;||||false|false&#8221; header_2_font_size_tablet=&#8221;48px&#8221; header_2_font_size_phone=&#8221;34px&#8221; header_2_font_size_last_edited=&#8221;on|phone&#8221; header_3_font_size_tablet=&#8221;42px&#8221; header_3_font_size_phone=&#8221;30px&#8221; header_3_font_size_last_edited=&#8221;off|desktop&#8221; global_colors_info=&#8221;{}&#8221;]<\/p>\n<h2>Maternelle<\/h2>\n<p>[\/et_pb_text][et_pb_text _builder_version=&#8221;4.19.1&#8243; _module_preset=&#8221;default&#8221; header_4_text_color=&#8221;#FFFFFF&#8221; header_4_line_height=&#8221;1.5em&#8221; custom_margin=&#8221;||||false|false&#8221; custom_padding=&#8221;||||false|false&#8221; header_2_font_size_tablet=&#8221;48px&#8221; header_2_font_size_phone=&#8221;34px&#8221; header_2_font_size_last_edited=&#8221;off|desktop&#8221; header_3_font_size_tablet=&#8221;42px&#8221; header_3_font_size_phone=&#8221;30px&#8221; header_3_font_size_last_edited=&#8221;off|desktop&#8221; global_colors_info=&#8221;{}&#8221;]<\/p>\n<h4>La maternelle, une \u00e9cole de l\u2019\u00e9panouissement, de la d\u00e9couverte, et du langage<\/h4>\n<p>[\/et_pb_text][et_pb_text admin_label=&#8221;Text&#8221; _builder_version=&#8221;4.19.1&#8243; text_text_color=&#8221;#FFFFFF&#8221; header_2_text_color=&#8221;#FFFFFF&#8221; header_2_font_size=&#8221;30px&#8221; header_3_text_color=&#8221;#FFFFFF&#8221; header_3_font_size=&#8221;25px&#8221; background_enable_color=&#8221;off&#8221; background_size=&#8221;initial&#8221; background_position=&#8221;top_left&#8221; background_repeat=&#8221;repeat&#8221; custom_margin=&#8221;||20px||false|false&#8221; global_colors_info=&#8221;{}&#8221;]<\/p>\n<p>V\u00e9ritable particularit\u00e9 fran\u00e7aise, les enfants entrent \u00e0 l\u2019\u00e9cole maternelle \u00e0 partir de 2-3 ans. C\u2019est une \u00e9cole \u00e0 part enti\u00e8re, avec objectifs et programmes sp\u00e9cifiques. La Maternelle offre un environnement multilingue chaleureux, s\u00fbr et enrichissant pour les enfants \u00e2g\u00e9s de 3 \u00e0 5 ans, r\u00e9partis-en 3 niveaux :<\/p>\n<table border=\"1\" style=\"border-collapse: collapse; width: 100%;\">\n<tbody>\n<tr>\n<td style=\"width: 100%; text-align: center;\">3-4 ans : Petite Section<\/td>\n<\/tr>\n<tr>\n<td style=\"width: 100%; text-align: center;\">4-5 ans : Moyenne Section<\/td>\n<\/tr>\n<tr>\n<td style=\"width: 100%; text-align: center;\">5-6 ans : Grande Section<\/td>\n<\/tr>\n<\/tbody>\n<\/table>\n<p>Les enseignantes de fran\u00e7ais, d\u2019anglais et d\u2019espagnol, accompagn\u00e9es des assistantes sp\u00e9cialis\u00e9es dans la petite enfance proposent \u00e0 chaque enfant un cadre qui va lui permettre de d\u00e9couvrir, explorer, apprendre, d\u00e9velopper la confiance en soi et \u00e9panouir sa personnalit\u00e9.<\/p>\n<p>Nous veillons au bien-\u00eatre des \u00e9l\u00e8ves en leur donnant suffisamment de temps de repos et de r\u00e9cup\u00e9ration, les \u00e9l\u00e8ves de Petite Section b\u00e9n\u00e9ficiant d\u2019une sieste apr\u00e8s le d\u00e9jeuner.<\/p>\n<p>Sp\u00e9cificit\u00e9 des \u00e9tablissements fran\u00e7ais de l\u2019\u00e9tranger, l\u2019\u00e9cole Maternelle du Lyc\u00e9e fran\u00e7ais de S\u00e9ville permet \u00e9galement \u00e0 ses \u00e9l\u00e8ves de b\u00e9n\u00e9ficier d\u2019un enseignement de la langue locale, c\u2019est \u00e0 dire de l\u2019espagnol par un enseignant habilit\u00e9 par la Junta de Andaluc\u00eda. D\u00e8s la Petite Section, les enfants apprennent ou perfectionnent leur connaissance de cette langue par le biais d\u2019activit\u00e9s adapt\u00e9es \u00e0 leur \u00e2ge et \u00e0 leur niveau, ludiques et cr\u00e9atives.<\/p>\n<p>Les \u00e9l\u00e8ves non-francophones profitent d\u2019une immersion culturelle et linguistique ainsi que d\u2019un soutien en langue fran\u00e7aise gr\u00e2ce \u00e0 une prise en charge par un professeur de Fran\u00e7ais Langue \u00c9trang\u00e8re \u00e0 partir de la GS.<\/p>\n<p>Le curriculum de la maternelle s\u2019articule autour de 5 domaines d\u2019apprentissage :<\/p>\n<ol>\n<li>Mobiliser le langage dans toutes ses dimensions<\/li>\n<li>Agir, s\u2019exprimer, comprendre \u00e0 travers l\u2019activit\u00e9 physique<\/li>\n<li>Agir, s\u2019exprimer, comprendre \u00e0 travers les activit\u00e9s artistiques<\/li>\n<li>Construire les premiers outils pour structurer sa pens\u00e9e<\/li>\n<li>Explorer le monde<\/li>\n<\/ol>\n<p>Le d\u00e9tail de ces comp\u00e9tences abord\u00e9es peut \u00eatre consult\u00e9 sur <a href=\"https:\/\/eduscol.education.fr\/610\/presentation-de-l-ecole-maternelle\" target=\"_blank\" rel=\"noopener\">eduscol<\/a>.<\/p>\n<p>[\/et_pb_text][\/et_pb_column][\/et_pb_row][\/et_pb_section][et_pb_section fb_built=&#8221;1&#8243; admin_label=&#8221;\u00c9l\u00e9mentaire&#8221; module_id=&#8221;elementaire&#8221; _builder_version=&#8221;4.19.1&#8243; _module_preset=&#8221;default&#8221; custom_padding=&#8221;0px||0px||true|false&#8221; locked=&#8221;off&#8221; collapsed=&#8221;on&#8221; global_colors_info=&#8221;{}&#8221;][et_pb_row column_structure=&#8221;2_3,1_3&#8243; use_custom_gutter=&#8221;on&#8221; gutter_width=&#8221;1&#8243; make_equal=&#8221;on&#8221; disabled_on=&#8221;on|on|off&#8221; module_id=&#8221;primaria&#8221; _builder_version=&#8221;4.23.1&#8243; _module_preset=&#8221;default&#8221; width=&#8221;100%&#8221; max_width=&#8221;100%&#8221; custom_padding=&#8221;0px||0px||true|false&#8221; collapsed=&#8221;on&#8221; global_colors_info=&#8221;{}&#8221;][et_pb_column type=&#8221;2_3&#8243; module_class=&#8221;btnPersona&#8221; _builder_version=&#8221;4.19.1&#8243; _module_preset=&#8221;default&#8221; background_color=&#8221;#c2ceed&#8221; background_enable_image=&#8221;off&#8221; custom_padding=&#8221;5%|5%|5%|5%|true|true&#8221; global_colors_info=&#8221;{}&#8221;][et_pb_text admin_label=&#8221;Text&#8221; _builder_version=&#8221;4.19.1&#8243; text_text_color=&#8221;#000000&#8243; header_2_text_color=&#8221;#FFFFFF&#8221; header_2_font_size=&#8221;30px&#8221; header_3_text_color=&#8221;#FFFFFF&#8221; header_3_font_size=&#8221;25px&#8221; background_enable_color=&#8221;off&#8221; background_size=&#8221;initial&#8221; background_position=&#8221;top_left&#8221; background_repeat=&#8221;repeat&#8221; custom_margin=&#8221;||20px||false|false&#8221; global_colors_info=&#8221;{}&#8221;]<\/p>\n<p>\u00c0 l&#8217;\u00e9cole \u00e9l\u00e9mentaire, les \u00e9l\u00e8ves utilisent les bases acquises en Maternelle pour apprendre \u00e0 apprendre, les pr\u00e9parant intellectuellement et socialement pour les \u00e9tudes et la vie.<\/p>\n<p>Notre approche de l&#8217;enseignement trilingue ouvre des perspectives passionnantes dans le d\u00e9veloppement de leur esprit critique et les aide \u00e0 passer des observations concr\u00e8tes au raisonnement abstrait, un aspect fondamental de l&#8217;enseignement fran\u00e7ais.<\/p>\n<p>L\u2019\u00e9cole \u00e9l\u00e9mentaire a pour objectif d\u2019offrir aux \u00e9l\u00e8ves une solide base de comp\u00e9tences acad\u00e9miques comme lire, \u00e9crire, compter, calculer, r\u00e9soudre des probl\u00e8mes et parler plusieurs langues (fran\u00e7ais, espagnol et anglais), mais \u00e9galement des comp\u00e9tences sociales. Respecter ses pairs pour \u00e9tudier dans un environnement bienveillant et apprendre \u00e0 vivre ensemble dans une communaut\u00e9 multilingue et internationale.<\/p>\n<p>Les enseignements sont dispens\u00e9s par une \u00e9quipe d\u2019enseignants exp\u00e9riment\u00e9s et passionn\u00e9s, d\u00e9di\u00e9s \u00e0 la r\u00e9ussite des \u00e9l\u00e8ves et \u00e0 leur bien-\u00eatre.<\/p>\n<p>Le d\u00e9veloppement du langage est au c\u0153ur de notre \u00e9cole primaire. Pour devenir trilingues, les enfants doivent faire l\u2019exp\u00e9rience de nombreuses dimensions des deux langues (l\u2019\u00e9coute, la parole, la lecture et l\u2019\u00e9criture) dans un environnement motivant et rassurant qu\u2019ils comprennent. Nous consid\u00e9rons le trilinguisme comme une langue en soi et non comme le simple enseignement simultan\u00e9 de trois langues.<\/p>\n<p>Le but de l\u2019\u00e9cole \u00e9l\u00e9mentaire est de donner \u00e0 tous nos \u00e9l\u00e8ves une solide base en langue fran\u00e7aise, espagnole et anglaise (lecture et \u00e9criture) et en math\u00e9matiques (comptage, calcul, r\u00e9solution de probl\u00e8mes), tout en s\u2019adaptant au rythme d\u2019apprentissage et aux besoins de chaque enfant. \u00c9veiller le plaisir des \u00e9l\u00e8ves pour les apprentissages et leur faire acqu\u00e9rir progressivement les connaissances, les langues vivantes ainsi que les comp\u00e9tences sociales n\u00e9cessaires pour \u00e9voluer dans le monde futur sont au centre de nos ambitions.<\/p>\n<p>[\/et_pb_text][\/et_pb_column][et_pb_column type=&#8221;1_3&#8243; _builder_version=&#8221;4.19.1&#8243; _module_preset=&#8221;default&#8221; background_enable_color=&#8221;off&#8221; use_background_color_gradient=&#8221;on&#8221; background_color_gradient_direction=&#8221;120deg&#8221; background_color_gradient_stops=&#8221;#234daf 0%|#536bbc 100%&#8221; custom_padding=&#8221;3%|5%|3%|5%|true|true&#8221; global_colors_info=&#8221;{}&#8221;][et_pb_text _builder_version=&#8221;4.19.1&#8243; _module_preset=&#8221;default&#8221; header_2_text_color=&#8221;#FFFFFF&#8221; header_2_font_size=&#8221;48px&#8221; custom_margin=&#8221;||||false|false&#8221; custom_padding=&#8221;||||false|false&#8221; header_2_font_size_tablet=&#8221;48px&#8221; header_2_font_size_phone=&#8221;34px&#8221; header_2_font_size_last_edited=&#8221;on|phone&#8221; header_3_font_size_tablet=&#8221;42px&#8221; header_3_font_size_phone=&#8221;30px&#8221; header_3_font_size_last_edited=&#8221;off|desktop&#8221; global_colors_info=&#8221;{}&#8221;]<\/p>\n<h2>\u00c9l\u00e9mentaire<\/h2>\n<p>[\/et_pb_text][et_pb_text _builder_version=&#8221;4.19.1&#8243; _module_preset=&#8221;default&#8221; text_text_color=&#8221;#FFFFFF&#8221; header_4_text_color=&#8221;#FFFFFF&#8221; header_4_line_height=&#8221;1.5em&#8221; custom_margin=&#8221;||||false|false&#8221; custom_padding=&#8221;||||false|false&#8221; global_colors_info=&#8221;{}&#8221;]<\/p>\n<h4>Construire les apprentissages fondamentaux. Fournir une base solide pour la connaissance et la r\u00e9ussite scolaire<\/h4>\n<p>[\/et_pb_text][\/et_pb_column][\/et_pb_row][et_pb_row use_custom_gutter=&#8221;on&#8221; gutter_width=&#8221;1&#8243; make_equal=&#8221;on&#8221; disabled_on=&#8221;off|off|on&#8221; admin_label=&#8221;Fila m\u00f3vil&#8221; _builder_version=&#8221;4.19.1&#8243; _module_preset=&#8221;default&#8221; width=&#8221;100%&#8221; max_width=&#8221;100%&#8221; custom_padding=&#8221;0px||0px||true|false&#8221; collapsed=&#8221;on&#8221; global_colors_info=&#8221;{}&#8221;][et_pb_column type=&#8221;4_4&#8243; _builder_version=&#8221;4.19.1&#8243; _module_preset=&#8221;default&#8221; background_color=&#8221;#889cc9&#8243; use_background_color_gradient=&#8221;on&#8221; background_color_gradient_direction=&#8221;90deg&#8221; background_color_gradient_stops=&#8221;#889cc9 0%|#213b70 100%&#8221; background_enable_image=&#8221;off&#8221; custom_padding=&#8221;5%|3%|5%|3%|true|true&#8221; global_colors_info=&#8221;{}&#8221;][et_pb_text _builder_version=&#8221;4.19.1&#8243; _module_preset=&#8221;default&#8221; header_2_text_color=&#8221;#FFFFFF&#8221; header_2_font_size=&#8221;48px&#8221; custom_margin=&#8221;||||false|false&#8221; custom_padding=&#8221;||||false|false&#8221; header_2_font_size_tablet=&#8221;48px&#8221; header_2_font_size_phone=&#8221;34px&#8221; header_2_font_size_last_edited=&#8221;on|phone&#8221; header_3_font_size_tablet=&#8221;42px&#8221; header_3_font_size_phone=&#8221;30px&#8221; header_3_font_size_last_edited=&#8221;off|desktop&#8221; global_colors_info=&#8221;{}&#8221;]<\/p>\n<h2>\u00c9l\u00e9mentaire<\/h2>\n<p>[\/et_pb_text][et_pb_text _builder_version=&#8221;4.19.1&#8243; _module_preset=&#8221;default&#8221; header_4_text_color=&#8221;#FFFFFF&#8221; header_4_line_height=&#8221;1.5em&#8221; custom_margin=&#8221;||||false|false&#8221; custom_padding=&#8221;||||false|false&#8221; global_colors_info=&#8221;{}&#8221;]<\/p>\n<h4>Construire les apprentissages fondamentaux. Fournir une base solide pour la connaissance et la r\u00e9ussite scolaire<\/h4>\n<p>[\/et_pb_text][et_pb_text admin_label=&#8221;Text&#8221; _builder_version=&#8221;4.19.1&#8243; text_text_color=&#8221;#FFFFFF&#8221; header_2_text_color=&#8221;#FFFFFF&#8221; header_2_font_size=&#8221;30px&#8221; header_3_text_color=&#8221;#FFFFFF&#8221; header_3_font_size=&#8221;25px&#8221; background_enable_color=&#8221;off&#8221; background_size=&#8221;initial&#8221; background_position=&#8221;top_left&#8221; background_repeat=&#8221;repeat&#8221; custom_margin=&#8221;||20px||false|false&#8221; global_colors_info=&#8221;{}&#8221;]<\/p>\n<p>\u00c0 l&#8217;\u00e9cole \u00e9l\u00e9mentaire, les \u00e9l\u00e8ves utilisent les bases acquises en Maternelle pour apprendre \u00e0 apprendre, les pr\u00e9parant intellectuellement et socialement pour les \u00e9tudes et la vie.<\/p>\n<p>Notre approche de l&#8217;enseignement trilingue ouvre des perspectives passionnantes dans le d\u00e9veloppement de leur esprit critique et les aide \u00e0 passer des observations concr\u00e8tes au raisonnement abstrait, un aspect fondamental de l&#8217;enseignement fran\u00e7ais.<\/p>\n<p>L\u2019\u00e9cole \u00e9l\u00e9mentaire a pour objectif d\u2019offrir aux \u00e9l\u00e8ves une solide base de comp\u00e9tences acad\u00e9miques comme lire, \u00e9crire, compter, calculer, r\u00e9soudre des probl\u00e8mes et parler plusieurs langues (fran\u00e7ais, espagnol et anglais), mais \u00e9galement des comp\u00e9tences sociales. Respecter ses pairs pour \u00e9tudier dans un environnement bienveillant et apprendre \u00e0 vivre ensemble dans une communaut\u00e9 multilingue et internationale.<\/p>\n<p>Les enseignements sont dispens\u00e9s par une \u00e9quipe d\u2019enseignants exp\u00e9riment\u00e9s et passionn\u00e9s, d\u00e9di\u00e9s \u00e0 la r\u00e9ussite des \u00e9l\u00e8ves et \u00e0 leur bien-\u00eatre.<\/p>\n<p>Le d\u00e9veloppement du langage est au c\u0153ur de notre \u00e9cole primaire. Pour devenir trilingues, les enfants doivent faire l\u2019exp\u00e9rience de nombreuses dimensions des deux langues (l\u2019\u00e9coute, la parole, la lecture et l\u2019\u00e9criture) dans un environnement motivant et rassurant qu\u2019ils comprennent. Nous consid\u00e9rons le trilinguisme comme une langue en soi et non comme le simple enseignement simultan\u00e9 de trois langues.<\/p>\n<p>Le but de l\u2019\u00e9cole \u00e9l\u00e9mentaire est de donner \u00e0 tous nos \u00e9l\u00e8ves une solide base en langue fran\u00e7aise, espagnole et anglaise (lecture et \u00e9criture) et en math\u00e9matiques (comptage, calcul, r\u00e9solution de probl\u00e8mes), tout en s\u2019adaptant au rythme d\u2019apprentissage et aux besoins de chaque enfant. \u00c9veiller le plaisir des \u00e9l\u00e8ves pour les apprentissages et leur faire acqu\u00e9rir progressivement les connaissances, les langues vivantes ainsi que les comp\u00e9tences sociales n\u00e9cessaires pour \u00e9voluer dans le monde futur sont au centre de nos ambitions.<\/p>\n<p>[\/et_pb_text][\/et_pb_column][\/et_pb_row][\/et_pb_section][et_pb_section fb_built=&#8221;1&#8243; admin_label=&#8221;Coll\u00e8ge&#8221; module_id=&#8221;college-lycee&#8221; _builder_version=&#8221;4.19.1&#8243; _module_preset=&#8221;default&#8221; custom_padding=&#8221;0px||0px||true|false&#8221; locked=&#8221;off&#8221; collapsed=&#8221;on&#8221; global_colors_info=&#8221;{}&#8221;][et_pb_row column_structure=&#8221;1_3,2_3&#8243; use_custom_gutter=&#8221;on&#8221; gutter_width=&#8221;1&#8243; make_equal=&#8221;on&#8221; disabled_on=&#8221;on|on|off&#8221; _builder_version=&#8221;4.23.1&#8243; _module_preset=&#8221;default&#8221; width=&#8221;100%&#8221; max_width=&#8221;100%&#8221; custom_padding=&#8221;0px||0px||true|false&#8221; collapsed=&#8221;on&#8221; global_colors_info=&#8221;{}&#8221;][et_pb_column type=&#8221;1_3&#8243; _builder_version=&#8221;4.19.1&#8243; _module_preset=&#8221;default&#8221; background_enable_color=&#8221;off&#8221; use_background_color_gradient=&#8221;on&#8221; background_color_gradient_direction=&#8221;90deg&#8221; background_color_gradient_stops=&#8221;rgba(63,193,94,0.71) 0%|#27823c 100%&#8221; background_image=&#8221;https:\/\/lfsevilla.com\/wp-content\/uploads\/2022\/11\/10_razones-3.jpg&#8221; background_blend=&#8221;multiply&#8221; custom_padding=&#8221;3%|5%|3%|5%|true|true&#8221; global_colors_info=&#8221;{}&#8221;][et_pb_text _builder_version=&#8221;4.19.1&#8243; _module_preset=&#8221;default&#8221; header_2_text_color=&#8221;#FFFFFF&#8221; header_2_font_size=&#8221;48px&#8221; custom_margin=&#8221;||||false|false&#8221; custom_padding=&#8221;||||false|false&#8221; header_2_font_size_tablet=&#8221;48px&#8221; header_2_font_size_phone=&#8221;34px&#8221; header_2_font_size_last_edited=&#8221;on|phone&#8221; global_colors_info=&#8221;{}&#8221;]<\/p>\n<h2>Coll\u00e8ge<\/h2>\n<p>[\/et_pb_text][\/et_pb_column][et_pb_column type=&#8221;2_3&#8243; module_class=&#8221;btnPersona&#8221; _builder_version=&#8221;4.19.1&#8243; _module_preset=&#8221;default&#8221; background_enable_image=&#8221;off&#8221; custom_padding=&#8221;5%|3%|5%|3%|true|true&#8221; global_colors_info=&#8221;{}&#8221;][et_pb_text admin_label=&#8221;Text&#8221; _builder_version=&#8221;4.19.4&#8243; header_2_text_color=&#8221;#FFFFFF&#8221; header_2_font_size=&#8221;30px&#8221; header_3_text_color=&#8221;#FFFFFF&#8221; header_3_font_size=&#8221;25px&#8221; background_enable_color=&#8221;off&#8221; background_size=&#8221;initial&#8221; background_position=&#8221;top_left&#8221; background_repeat=&#8221;repeat&#8221; custom_margin=&#8221;||20px||false|false&#8221; global_colors_info=&#8221;{}&#8221;]<\/p>\n<p>Au niveau du coll\u00e8ge, le Lyc\u00e9e Fran\u00e7ais International de S\u00e9ville construit son mod\u00e8le d\u2019enseignement sur la base du programme fran\u00e7ais, connu et reconnu pour sa rigueur, et y int\u00e8gre les meilleures pratiques des styles d\u2019enseignement et d\u2019apprentissage espagnols et anglais le tout dans un contexte trilingue.<\/p>\n<p>Notre objectif est de cr\u00e9er un environnement p\u00e9dagogique riche o\u00f9 les \u00e9l\u00e8ves peuvent d\u00e9velopper des habitudes et des comp\u00e9tences d&#8217;apprentissage efficaces, d\u00e9couvrir leur esprit de collaboration et cultiver un esprit ouvert et curieux. Le coll\u00e8ge est une occasion pour les \u00e9l\u00e8ves de se connecter \u00e0 leurs valeurs uniques et \u00e0 leur vision de l&#8217;avenir, qui les aideront dans leur transition vers le lyc\u00e9e et au-del\u00e0.<\/p>\n<p>L\u2019entr\u00e9e au coll\u00e8ge marque l\u2019entr\u00e9e dans l\u2019enseignement secondaire. Le Lyc\u00e9e Fran\u00e7ais International de S\u00e9ville offre une scolarit\u00e9 au coll\u00e8ge qui respecte les programmes officiels du Minist\u00e8re fran\u00e7ais de l\u2019\u00e9ducation nationale.<\/p>\n<p>Elle comporte 4 ann\u00e9es, elles-m\u00eames organis\u00e9es en cycles.<\/p>\n<table class=\"bordeVerde\">\n<tbody>\n<tr>\n<td style=\"width: 100%; text-align: center;\"><strong>6\u00e8me<\/strong><\/td>\n<\/tr>\n<tr>\n<td style=\"width: 100%; text-align: center;\"><strong>5\u00e8me<\/strong><\/td>\n<\/tr>\n<tr>\n<td style=\"width: 100%; text-align: center;\"><strong>4\u00e8me<\/strong><\/td>\n<\/tr>\n<tr>\n<td style=\"width: 100%; text-align: center;\"><strong>3\u00e8me<\/strong><\/td>\n<\/tr>\n<\/tbody>\n<\/table>\n<p>La classe de 6\u00e8me est une ann\u00e9e de transition entre l\u2019enseignement primaire et l\u2019enseignement secondaire. Elle a pour objectif d\u2019affermir les apprentissages entrepris dans les deux premi\u00e8res ann\u00e9es du cycle 3. Au Lyc\u00e9e de S\u00e9ville, une attention particuli\u00e8re est port\u00e9e \u00e0 l\u2019accueil des \u00e9l\u00e8ves de 6\u00e8me, afin que la d\u00e9couverte de nouvelles disciplines, de nouvelles exigences et d\u2019une autre organisation du temps scolaire se passe dans les meilleures conditions possibles.<\/p>\n<p>Les classes de 5\u00e8me, 4\u00e8me et 3\u00e8me constituent le cycle 4 (cycle des approfondissements). Durant ces trois ann\u00e9es, les \u00e9l\u00e8ves approfondissent leurs connaissances et d\u00e9veloppent leurs comp\u00e9tences dans les diff\u00e9rentes disciplines et dans des parcours transversaux.<\/p>\n<p>Dans le cadre de leur parcours d\u2019orientation, les \u00e9l\u00e8ves r\u00e9fl\u00e9chissent peu \u00e0 peu \u00e0 leur projet d\u2019orientation. En classe de 3\u00e8me, les \u00e9l\u00e8ves se pr\u00e9parent aux \u00e9preuves du <strong>Dipl\u00f4me national du brevet<\/strong> (DNB) et \u00e0 leur entr\u00e9e en <strong>classe de Seconde<\/strong>.<\/p>\n<p>[\/et_pb_text][\/et_pb_column][\/et_pb_row][et_pb_row use_custom_gutter=&#8221;on&#8221; gutter_width=&#8221;1&#8243; make_equal=&#8221;on&#8221; disabled_on=&#8221;off|off|on&#8221; admin_label=&#8221;Fila m\u00f3vil&#8221; _builder_version=&#8221;4.19.1&#8243; _module_preset=&#8221;default&#8221; width=&#8221;100%&#8221; max_width=&#8221;100%&#8221; custom_padding=&#8221;0px||0px||true|false&#8221; collapsed=&#8221;on&#8221; global_colors_info=&#8221;{}&#8221;][et_pb_column type=&#8221;4_4&#8243; _builder_version=&#8221;4.19.1&#8243; _module_preset=&#8221;default&#8221; use_background_color_gradient=&#8221;on&#8221; background_color_gradient_stops=&#8221;#b2b069 0%|#89871c 100%&#8221; background_enable_image=&#8221;off&#8221; custom_padding=&#8221;5%|3%|5%|3%|true|true&#8221; global_colors_info=&#8221;{}&#8221;][et_pb_text _builder_version=&#8221;4.19.1&#8243; _module_preset=&#8221;default&#8221; header_2_text_color=&#8221;#FFFFFF&#8221; header_2_font_size=&#8221;48px&#8221; custom_margin=&#8221;||||false|false&#8221; custom_padding=&#8221;||||false|false&#8221; header_2_font_size_tablet=&#8221;48px&#8221; header_2_font_size_phone=&#8221;34px&#8221; header_2_font_size_last_edited=&#8221;on|phone&#8221; global_colors_info=&#8221;{}&#8221;]<\/p>\n<h2>Coll\u00e8ge<\/h2>\n<p>[\/et_pb_text][et_pb_text admin_label=&#8221;Text&#8221; _builder_version=&#8221;4.19.4&#8243; text_text_color=&#8221;#FFFFFF&#8221; header_2_text_color=&#8221;#FFFFFF&#8221; header_2_font_size=&#8221;30px&#8221; header_3_text_color=&#8221;#FFFFFF&#8221; header_3_font_size=&#8221;25px&#8221; background_enable_color=&#8221;off&#8221; background_size=&#8221;initial&#8221; background_position=&#8221;top_left&#8221; background_repeat=&#8221;repeat&#8221; custom_margin=&#8221;||20px||false|false&#8221; global_colors_info=&#8221;{}&#8221;]<\/p>\n<p>Au niveau du coll\u00e8ge, le Lyc\u00e9e Fran\u00e7ais de S\u00e9ville construit son mod\u00e8le d\u2019enseignement sur la base du programme fran\u00e7ais, connu et reconnu pour sa rigueur, et y int\u00e8gre les meilleures pratiques des styles d\u2019enseignement et d\u2019apprentissage espagnols et anglais le tout dans un contexte trilingue.<\/p>\n<p>Notre objectif est de cr\u00e9er un environnement p\u00e9dagogique riche o\u00f9 les \u00e9l\u00e8ves peuvent d\u00e9velopper des habitudes et des comp\u00e9tences d&#8217;apprentissage efficaces, d\u00e9couvrir leur esprit de collaboration et cultiver un esprit ouvert et curieux. Le coll\u00e8ge est une occasion pour les \u00e9l\u00e8ves de se connecter \u00e0 leurs valeurs uniques et \u00e0 leur vision de l&#8217;avenir, qui les aideront dans leur transition vers le lyc\u00e9e et au-del\u00e0.<\/p>\n<p>L\u2019entr\u00e9e au coll\u00e8ge marque l\u2019entr\u00e9e dans l\u2019enseignement secondaire. Le Lyc\u00e9e Fran\u00e7ais se se\u00b4ville offre une scolarit\u00e9 au coll\u00e8ge qui respecte les programmes officiels du Minist\u00e8re fran\u00e7ais de l\u2019\u00e9ducation nationale.<\/p>\n<p>Elle comporte 4 ann\u00e9es, elles-m\u00eames organis\u00e9es en cycles.<\/p>\n<table style=\"border-collapse: collapse; width: 100%;\" border=\"1\">\n<tbody>\n<tr>\n<td style=\"width: 100%; text-align: center;\">6\u00e8me<\/td>\n<\/tr>\n<tr>\n<td style=\"width: 100%; text-align: center;\">5\u00e8me<\/td>\n<\/tr>\n<tr>\n<td style=\"width: 100%; text-align: center;\">4\u00e8me<\/td>\n<\/tr>\n<tr>\n<td style=\"width: 100%; text-align: center;\">3\u00e8me<\/td>\n<\/tr>\n<\/tbody>\n<\/table>\n<p>La classe de 6\u00e8me est une ann\u00e9e de transition entre l\u2019enseignement primaire et l\u2019enseignement secondaire. Elle a pour objectif d\u2019affermir les apprentissages entrepris dans les deux premi\u00e8res ann\u00e9es du cycle 3. Au Lyc\u00e9e de S\u00e9ville, une attention particuli\u00e8re est port\u00e9e \u00e0 l\u2019accueil des \u00e9l\u00e8ves de 6\u00e8me, afin que la d\u00e9couverte de nouvelles disciplines, de nouvelles exigences et d\u2019une autre organisation du temps scolaire se passe dans les meilleures conditions possibles.<\/p>\n<p>Les classes de 5\u00e8me, 4\u00e8me et 3\u00e8me constituent le cycle 4 (cycle des approfondissements). Durant ces trois ann\u00e9es, les \u00e9l\u00e8ves approfondissent leurs connaissances et d\u00e9veloppent leurs comp\u00e9tences dans les diff\u00e9rentes disciplines et dans des parcours transversaux.<\/p>\n<p>Dans le cadre de leur parcours d\u2019orientation, les \u00e9l\u00e8ves r\u00e9fl\u00e9chissent peu \u00e0 peu \u00e0 leur projet d\u2019orientation. En classe de 3\u00e8me, les \u00e9l\u00e8ves se pr\u00e9parent aux \u00e9preuves du <strong>Dipl\u00f4me national du brevet<\/strong> (DNB) et \u00e0 leur entr\u00e9e en <strong>classe de Seconde<\/strong>.<\/p>\n<p>[\/et_pb_text][\/et_pb_column][\/et_pb_row][\/et_pb_section][et_pb_section fb_built=&#8221;1&#8243; admin_label=&#8221;Lyc\u00e9e&#8221; _builder_version=&#8221;4.19.1&#8243; _module_preset=&#8221;default&#8221; custom_padding=&#8221;0px||0px||true|false&#8221; locked=&#8221;off&#8221; collapsed=&#8221;on&#8221; global_colors_info=&#8221;{}&#8221;][et_pb_row column_structure=&#8221;2_3,1_3&#8243; use_custom_gutter=&#8221;on&#8221; gutter_width=&#8221;1&#8243; make_equal=&#8221;on&#8221; disabled_on=&#8221;on|on|off&#8221; module_id=&#8221;lycee&#8221; _builder_version=&#8221;4.23.1&#8243; _module_preset=&#8221;default&#8221; width=&#8221;100%&#8221; max_width=&#8221;100%&#8221; custom_padding=&#8221;0px||0px||true|false&#8221; collapsed=&#8221;off&#8221; global_colors_info=&#8221;{}&#8221;][et_pb_column type=&#8221;2_3&#8243; module_class=&#8221;btnPersona&#8221; _builder_version=&#8221;4.19.1&#8243; _module_preset=&#8221;default&#8221; background_color=&#8221;#e0c4c3&#8243; background_enable_image=&#8221;off&#8221; custom_padding=&#8221;5%|5%|5%|5%|true|true&#8221; global_colors_info=&#8221;{}&#8221;][et_pb_text admin_label=&#8221;Text&#8221; _builder_version=&#8221;4.19.4&#8243; background_enable_color=&#8221;off&#8221; background_size=&#8221;initial&#8221; background_position=&#8221;top_left&#8221; background_repeat=&#8221;repeat&#8221; custom_margin=&#8221;||20px||false|false&#8221; global_colors_info=&#8221;{}&#8221;]<\/p>\n<h3>LA SECONDE<\/h3>\n<p>C\u2019est une ann\u00e9e cl\u00e9 au cours de laquelle l\u2019\u00e9l\u00e8ve va tester ses go\u00fbts, ses aptitudes et ses comp\u00e9tences. Les \u00e9l\u00e8ves d\u00e9couvrent \u00e9galement 2 nouvelles disciplines :<\/p>\n<ul>\n<li>Sciences \u00e9conomiques et sociales (SES)<\/li>\n<li>Sciences num\u00e9riques et technologie (SNT)<\/li>\n<\/ul>\n<p>La charge de travail se r\u00e9partit de la mani\u00e8re suivante :<\/p>\n<ul>\n<li>29 h de cours obligatoires par semaine, y compris langue et litt\u00e9rature espagnole.<\/li>\n<li>jusqu\u2019\u00e0 3 h d\u2019un enseignement facultatif (Arts Plastiques, Cr\u00e9ation et innovation technologique)<\/li>\n<li>environ 12 h \u00e0 16 h de travail personnel.<\/li>\n<\/ul>\n<p><strong>Stage d\u2019observation en fin de seconde<\/strong><br \/>Un stage d\u2019observation facultatif est propos\u00e9 en fin de 2de.<\/p>\n<p><strong>Programme ADN<\/strong><br \/>Le programme ADN, permet aux \u00e9l\u00e8ves de 2nde d\u2019aller passer quelques semaines dans un autre \u00e9tablissement du r\u00e9seau AEFE dans le monde.<\/p>\n<p>&nbsp;<\/p>\n<h3>PREMI\u00c8RE et TERMINALE<\/h3>\n<p>\u00c0 partir de la rentr\u00e9e 2019 une r\u00e9forme du baccalaur\u00e9at fran\u00e7ais a \u00e9t\u00e9 mise en place.<\/p>\n<ul>\n<li>En 1\u00e8re et en Terminale, les \u00e9l\u00e8ves suivent deux types d\u2019enseignement :\n<ul>\n<li>les enseignements communs<\/li>\n<li>les enseignements de sp\u00e9cialit\u00e9<\/li>\n<\/ul>\n<\/li>\n<\/ul>\n<p><strong>Les enseignements communs sont :<\/strong><\/p>\n<ul>\n<li>Fran\u00e7ais (en 1\u00e8re) et Philosophie (en Terminale)<\/li>\n<li>Histoire-g\u00e9ographie<\/li>\n<li>\u00c9ducation morale et civique (EMC)<\/li>\n<li>Langue vivante A et Langue vivante B<\/li>\n<li>Enseignement scientifique<\/li>\n<li>\u00c9ducation physique et sportive (EPS)<\/li>\n<\/ul>\n<p><strong>Les enseignements de sp\u00e9cialit\u00e9 propos\u00e9s par le Lyc\u00e9e Fran\u00e7ais International Sevilla sont :<\/strong><\/p>\n<ul>\n<li>Histoire, g\u00e9ographie, g\u00e9opolitique et sciences politiques<\/li>\n<li>Math\u00e9matiques<\/li>\n<li>Physique \u2013 chimie<\/li>\n<li>Sciences de la vie et de la terre<\/li>\n<li>Sciences \u00e9conomiques et sociales<\/li>\n<\/ul>\n<p>Pour en savoir plus sur <a href=\"https:\/\/www.education.gouv.fr\/les-enseignements-de-premiere-et-terminale-generales-et-technologiques-8567\" target=\"_blank\" rel=\"noopener\">les programmes des classes de 1\u00e8re et de Terminale<\/a>.<\/p>\n<p><strong>En 1\u00e8re :<\/strong> L\u2019\u00e9l\u00e8ve choisit 3 enseignements de sp\u00e9cialit\u00e9.<\/p>\n<p><strong>En Terminale :<\/strong> L\u2019\u00e9l\u00e8ve poursuit l\u2019\u00e9tude de 2 de ses 3 enseignements de sp\u00e9cialit\u00e9.<\/p>\n<p>Les classes de 1\u00e8re et de Terminale constituent le cycle terminal dont l\u2019organisation a r\u00e9cemment \u00e9volu\u00e9. Il n\u2019y a en effet plus de s\u00e9rie (cf. L, ES, S) mais des enseignements de sp\u00e9cialit\u00e9 choisis par chaque lyc\u00e9en en fonction de ses go\u00fbts et de ses ambitions.<\/p>\n<p>[\/et_pb_text][\/et_pb_column][et_pb_column type=&#8221;1_3&#8243; _builder_version=&#8221;4.19.4&#8243; _module_preset=&#8221;default&#8221; background_enable_color=&#8221;off&#8221; use_background_color_gradient=&#8221;on&#8221; background_color_gradient_direction=&#8221;120deg&#8221; background_color_gradient_stops=&#8221;#a31d26 0%|#f46e77 100%&#8221; background_image=&#8221;https:\/\/lfsevilla.com\/wp-content\/uploads\/2023\/02\/lycee-2.jpg&#8221; background_blend=&#8221;multiply&#8221; custom_padding=&#8221;5%|5%|5%|3%|true|false&#8221; global_colors_info=&#8221;{}&#8221;][et_pb_text _builder_version=&#8221;4.19.1&#8243; _module_preset=&#8221;default&#8221; header_2_text_color=&#8221;#FFFFFF&#8221; header_2_font_size=&#8221;48px&#8221; custom_margin=&#8221;||||false|false&#8221; custom_padding=&#8221;||||false|false&#8221; header_2_font_size_tablet=&#8221;48px&#8221; header_2_font_size_phone=&#8221;34px&#8221; header_2_font_size_last_edited=&#8221;on|phone&#8221; global_colors_info=&#8221;{}&#8221;]<\/p>\n<h2>Lyc\u00e9e<\/h2>\n<p>[\/et_pb_text][et_pb_text _builder_version=&#8221;4.19.1&#8243; _module_preset=&#8221;default&#8221; header_4_text_color=&#8221;#FFFFFF&#8221; header_4_line_height=&#8221;1.5em&#8221; custom_margin=&#8221;||||false|false&#8221; custom_padding=&#8221;||||false|false&#8221; locked=&#8221;off&#8221; global_colors_info=&#8221;{}&#8221;]<\/p>\n<h4>Le programme de lyc\u00e9e de notre \u00e9tablissement pr\u00e9pare les \u00e9l\u00e8ves \u00e0 r\u00e9ussir leurs \u00e9tudes dans les \u00e9tablissements d\u2019enseignement sup\u00e9rieur et les universit\u00e9s du monde entier.<\/h4>\n<p>[\/et_pb_text][\/et_pb_column][\/et_pb_row][et_pb_row use_custom_gutter=&#8221;on&#8221; gutter_width=&#8221;1&#8243; make_equal=&#8221;on&#8221; disabled_on=&#8221;off|off|on&#8221; admin_label=&#8221;Fila m\u00f3vil&#8221; _builder_version=&#8221;4.19.1&#8243; _module_preset=&#8221;default&#8221; width=&#8221;100%&#8221; max_width=&#8221;100%&#8221; custom_padding=&#8221;0px||0px||true|false&#8221; collapsed=&#8221;off&#8221; global_colors_info=&#8221;{}&#8221;][et_pb_column type=&#8221;4_4&#8243; _builder_version=&#8221;4.19.1&#8243; _module_preset=&#8221;default&#8221; background_color=&#8221;#d3ac8f&#8221; use_background_color_gradient=&#8221;on&#8221; background_color_gradient_direction=&#8221;90deg&#8221; background_color_gradient_stops=&#8221;#d3ac8f 0%|#b76833 100%&#8221; background_enable_image=&#8221;off&#8221; custom_padding=&#8221;5%|3%|5%|3%|true|true&#8221; global_colors_info=&#8221;{}&#8221;][et_pb_text _builder_version=&#8221;4.19.1&#8243; _module_preset=&#8221;default&#8221; header_2_text_color=&#8221;#FFFFFF&#8221; header_2_font_size=&#8221;48px&#8221; custom_margin=&#8221;||||false|false&#8221; custom_padding=&#8221;||||false|false&#8221; header_2_font_size_tablet=&#8221;48px&#8221; header_2_font_size_phone=&#8221;34px&#8221; header_2_font_size_last_edited=&#8221;on|phone&#8221; global_colors_info=&#8221;{}&#8221;]<\/p>\n<h2>Lyc\u00e9e<\/h2>\n<p>[\/et_pb_text][et_pb_text _builder_version=&#8221;4.19.1&#8243; _module_preset=&#8221;default&#8221; header_4_text_color=&#8221;#FFFFFF&#8221; header_4_line_height=&#8221;1.5em&#8221; custom_margin=&#8221;||||false|false&#8221; custom_padding=&#8221;||||false|false&#8221; locked=&#8221;off&#8221; global_colors_info=&#8221;{}&#8221;]<\/p>\n<h4>Le programme de lyc\u00e9e de notre \u00e9tablissement pr\u00e9pare les \u00e9l\u00e8ves \u00e0 r\u00e9ussir leurs \u00e9tudes dans les \u00e9tablissements d\u2019enseignement sup\u00e9rieur et les universit\u00e9s du monde entier.<\/h4>\n<p>[\/et_pb_text][et_pb_text admin_label=&#8221;Text&#8221; _builder_version=&#8221;4.19.1&#8243; text_text_color=&#8221;#FFFFFF&#8221; header_3_text_color=&#8221;#FFFFFF&#8221; background_enable_color=&#8221;off&#8221; background_size=&#8221;initial&#8221; background_position=&#8221;top_left&#8221; background_repeat=&#8221;repeat&#8221; custom_margin=&#8221;||20px||false|false&#8221; global_colors_info=&#8221;{}&#8221;]<\/p>\n<h3>LA SECONDE<\/h3>\n<p>C\u2019est une ann\u00e9e cl\u00e9 au cours de laquelle l\u2019\u00e9l\u00e8ve va tester ses go\u00fbts, ses aptitudes et ses comp\u00e9tences. Les \u00e9l\u00e8ves d\u00e9couvrent \u00e9galement 2 nouvelles disciplines :<\/p>\n<ul>\n<li>Sciences \u00e9conomiques et sociales (SES)<\/li>\n<li>Sciences num\u00e9riques et technologie (SNT)<\/li>\n<\/ul>\n<p>La charge de travail se r\u00e9partit de la mani\u00e8re suivante :<\/p>\n<ul>\n<li>29 h de cours obligatoires par semaine, y compris langue et litt\u00e9rature espagnole.<\/li>\n<li>jusqu\u2019\u00e0 3 h d\u2019un enseignement facultatif (Arts Plastiques, Cr\u00e9ation et innovation technologique)<\/li>\n<li>environ 12 h \u00e0 16 h de travail personnel.<\/li>\n<\/ul>\n<p><strong>Stage d\u2019observation en fin de seconde<\/strong><br \/>Un stage d\u2019observation facultatif est propos\u00e9 en fin de 2de.<\/p>\n<p><strong>Programme ADN<\/strong><br \/>Le programme ADN, permet aux \u00e9l\u00e8ves de 2nde d\u2019aller passer quelques semaines dans un autre \u00e9tablissement du r\u00e9seau AEFE dans le monde.<\/p>\n<h3>PREMI\u00c8RE et TERMINALE<\/h3>\n<p>\u00c0 partir de la rentr\u00e9e 2019 une r\u00e9forme du baccalaur\u00e9at fran\u00e7ais a \u00e9t\u00e9 mise en place.<\/p>\n<ul>\n<li>En 1\u00e8re et en Terminale, les \u00e9l\u00e8ves suivent deux types d\u2019enseignement :\n<ul>\n<li>les enseignements communs<\/li>\n<li>les enseignements de sp\u00e9cialit\u00e9<\/li>\n<\/ul>\n<\/li>\n<\/ul>\n<p><strong>Les enseignements communs sont :<\/strong><\/p>\n<ul>\n<li>Fran\u00e7ais (en 1\u00e8re) et Philosophie (en Terminale)<\/li>\n<li>Histoire-g\u00e9ographie<\/li>\n<li>\u00c9ducation morale et civique (EMC)<\/li>\n<li>Langue vivante A et Langue vivante B<\/li>\n<li>Enseignement scientifique<\/li>\n<li>\u00c9ducation physique et sportive (EPS)<\/li>\n<\/ul>\n<p><strong>Les enseignements de sp\u00e9cialit\u00e9 propos\u00e9s par le Lyc\u00e9e Fran\u00e7ais Prins Henrik sont :<\/strong><\/p>\n<ul>\n<li>Histoire, g\u00e9ographie, g\u00e9opolitique et sciences politiques<\/li>\n<li>Math\u00e9matiques<\/li>\n<li>Physique \u2013 chimie<\/li>\n<li>Sciences de la vie et de la terre<\/li>\n<li>Sciences \u00e9conomiques et sociales<\/li>\n<\/ul>\n<p>Pour en savoir plus sur <a href=\"https:\/\/www.education.gouv.fr\/les-enseignements-de-premiere-et-terminale-generales-et-technologiques-8567\" target=\"_blank\" rel=\"noopener\">les programmes des classes de 1\u00e8re et de Terminale<\/a>.<\/p>\n<p><strong>En 1\u00e8re :<\/strong> L\u2019\u00e9l\u00e8ve choisit 3 enseignements de sp\u00e9cialit\u00e9.<\/p>\n<p><strong>En Terminale :<\/strong> L\u2019\u00e9l\u00e8ve poursuit l\u2019\u00e9tude de 2 de ses 3 enseignements de sp\u00e9cialit\u00e9.<\/p>\n<p>Les classes de 1\u00e8re et de Terminale constituent le cycle terminal dont l\u2019organisation a r\u00e9cemment \u00e9volu\u00e9. Il n\u2019y a en effet plus de s\u00e9rie (cf. L, ES, S) mais des enseignements de sp\u00e9cialit\u00e9 choisis par chaque lyc\u00e9en en fonction de ses go\u00fbts et de ses ambitions.<\/p>\n<p>[\/et_pb_text][\/et_pb_column][\/et_pb_row][\/et_pb_section][et_pb_section fb_built=&#8221;1&#8243; admin_label=&#8221;SECTION EUROP\u00c9ENNE&#8221; module_id=&#8221;section-europeenne&#8221; _builder_version=&#8221;4.19.1&#8243; background_enable_color=&#8221;off&#8221; custom_padding=&#8221;0px||0px||true|false&#8221; collapsed=&#8221;on&#8221; global_colors_info=&#8221;{}&#8221;][et_pb_row column_structure=&#8221;3_5,2_5&#8243; use_custom_gutter=&#8221;on&#8221; gutter_width=&#8221;1&#8243; make_equal=&#8221;on&#8221; admin_label=&#8221;Projet d\u2019\u00e9tablissement&#8221; _builder_version=&#8221;4.23.1&#8243; _module_preset=&#8221;default&#8221; width=&#8221;100%&#8221; max_width=&#8221;100%&#8221; custom_padding=&#8221;0px||0px||true|false&#8221; collapsed=&#8221;on&#8221; global_colors_info=&#8221;{}&#8221;][et_pb_column type=&#8221;3_5&#8243; _builder_version=&#8221;4.19.1&#8243; _module_preset=&#8221;default&#8221; background_enable_color=&#8221;off&#8221; custom_padding=&#8221;5%|5%|5%|5%|true|true&#8221; global_colors_info=&#8221;{}&#8221;][et_pb_text admin_label=&#8221;Text&#8221; _builder_version=&#8221;4.19.1&#8243; header_2_text_color=&#8221;#000000&#8243; header_2_font_size=&#8221;48px&#8221; custom_margin=&#8221;||||false|false&#8221; custom_padding=&#8221;||||false|false&#8221; header_2_font_size_tablet=&#8221;48px&#8221; header_2_font_size_phone=&#8221;34px&#8221; header_2_font_size_last_edited=&#8221;on|phone&#8221; global_colors_info=&#8221;{}&#8221;]<\/p>\n<h2>SECTION EUROP\u00c9ENNE<\/h2>\n<p>[\/et_pb_text][et_pb_text admin_label=&#8221;Text&#8221; _builder_version=&#8221;4.19.1&#8243; header_2_text_color=&#8221;#FFFFFF&#8221; header_2_font_size=&#8221;30px&#8221; background_enable_color=&#8221;off&#8221; background_size=&#8221;initial&#8221; background_position=&#8221;top_left&#8221; background_repeat=&#8221;repeat&#8221; custom_margin=&#8221;||20px||false|false&#8221; global_colors_info=&#8221;{}&#8221;]<\/p>\n<p>Le Lyc\u00e9e Fran\u00e7ais International de S\u00e9ville est heureux et fier d\u2019annoncer l\u2019ouverture de sa section europ\u00e9enne ANGLAIS en classe de 2nde \u00e0 la rentr\u00e9e 2022, dans la continuit\u00e9 du renforcement de la langue anglaise en 5\u00e8me-4\u00e8me-3\u00e8me lanc\u00e9 cette ann\u00e9e !<\/p>\n<p>Une tr\u00e8s belle opportunit\u00e9 pour nos \u00e9l\u00e8ves qui vont ainsi pouvoir renforcer leurs comp\u00e9tences linguistiques et les valoriser par l\u2019obtention d\u2019un Baccalaur\u00e9at mention europ\u00e9enne ANGLAIS.<\/p>\n<p>Les \u00e9l\u00e8ves de cette section europ\u00e9enne suivent certains enseignements particuliers pour lesquels ils sont regroup\u00e9s en dehors de leurs classes habituelles.<\/p>\n<p>Ces enseignements sp\u00e9cifiques sont fond\u00e9s sur les axes suivants :<\/p>\n<ul>\n<li>l&#8217;enseignement en langue \u00e9trang\u00e8re d&#8217;une partie du programme en math\u00e9matiques et physique-chimie<\/li>\n<li>la connaissance approfondie de la culture des pays anglophones.<\/li>\n<\/ul>\n<p>La scolarit\u00e9 en section europ\u00e9enne permettra \u00e0 nos \u00e9l\u00e8ves inscrits au baccalaur\u00e9at de se pr\u00e9senter \u00e0 une \u00e9valuation sp\u00e9cifique pour obtenir la mention &#8220;section europ\u00e9enne&#8221;, suivie de la d\u00e9signation de la langue sur leur dipl\u00f4me du baccalaur\u00e9at g\u00e9n\u00e9ral.<\/p>\n<p>[\/et_pb_text][\/et_pb_column][et_pb_column type=&#8221;2_5&#8243; _builder_version=&#8221;4.19.1&#8243; _module_preset=&#8221;default&#8221; background_image=&#8221;https:\/\/lfsevilla.com\/wp-content\/uploads\/2022\/11\/section-europeenne.jpg&#8221; global_colors_info=&#8221;{}&#8221;][\/et_pb_column][\/et_pb_row][\/et_pb_section][et_pb_section fb_built=&#8221;1&#8243; admin_label=&#8221;EXAMENS ET DIPLOMES&#8221; module_id=&#8221;certifications-diplomes&#8221; _builder_version=&#8221;4.19.1&#8243; _module_preset=&#8221;default&#8221; custom_padding=&#8221;0px||0px||true|false&#8221; collapsed=&#8221;on&#8221; global_colors_info=&#8221;{}&#8221;][et_pb_row use_custom_gutter=&#8221;on&#8221; gutter_width=&#8221;1&#8243; make_equal=&#8221;on&#8221; admin_label=&#8221;Les certifications en langues&#8221; _builder_version=&#8221;4.19.1&#8243; _module_preset=&#8221;default&#8221; width=&#8221;100%&#8221; max_width=&#8221;100%&#8221; custom_padding=&#8221;0px||0px||true|false&#8221; collapsed=&#8221;on&#8221; global_colors_info=&#8221;{}&#8221;][et_pb_column type=&#8221;4_4&#8243; _builder_version=&#8221;4.19.1&#8243; _module_preset=&#8221;default&#8221; custom_padding=&#8221;5%|5%|5%|5%|true|true&#8221; global_colors_info=&#8221;{}&#8221;][et_pb_text admin_label=&#8221;Text&#8221; _builder_version=&#8221;4.19.4&#8243; header_2_text_align=&#8221;center&#8221; header_2_text_color=&#8221;#000000&#8243; header_2_font_size=&#8221;48px&#8221; custom_margin=&#8221;||||false|false&#8221; custom_padding=&#8221;||14px||false|false&#8221; header_2_font_size_tablet=&#8221;48px&#8221; header_2_font_size_phone=&#8221;34px&#8221; header_2_font_size_last_edited=&#8221;on|phone&#8221; global_colors_info=&#8221;{}&#8221;]<\/p>\n<h2>EXAMENS ET DIPL\u00d4MES<\/h2>\n<p>[\/et_pb_text][et_pb_text admin_label=&#8221;Text&#8221; _builder_version=&#8221;4.23.1&#8243; background_enable_color=&#8221;off&#8221; background_size=&#8221;initial&#8221; background_position=&#8221;top_left&#8221; background_repeat=&#8221;repeat&#8221; text_orientation=&#8221;center&#8221; width=&#8221;70%&#8221; width_tablet=&#8221;70%&#8221; width_phone=&#8221;90%&#8221; width_last_edited=&#8221;on|phone&#8221; max_width=&#8221;70%&#8221; max_width_tablet=&#8221;70%&#8221; max_width_phone=&#8221;90%&#8221; max_width_last_edited=&#8221;on|phone&#8221; module_alignment=&#8221;center&#8221; custom_margin=&#8221;||20px||false|false&#8221; global_colors_info=&#8221;{}&#8221;]<\/p>\n<h4>Les certifications en langues<\/h4>\n<p>Le Lyc\u00e9e Fran\u00e7ais International de S\u00e9ville est centre officiel pour les certifications du Cambridge (professeurs habilit\u00e9s par l\u2019universit\u00e9 de Cambridge et pour les certifications DELF\/DALF (enseignants habilit\u00e9s par l\u2019Etat fran\u00e7ais). Pr\u00e9sentation \u00e0 un examen de certification \u00e0 la charge de l\u2019\u00e9tablissement au cours de la scolarit\u00e9.<\/p>\n<p>[\/et_pb_text][\/et_pb_column][\/et_pb_row][et_pb_row column_structure=&#8221;1_3,1_3,1_3&#8243; use_custom_gutter=&#8221;on&#8221; gutter_width=&#8221;1&#8243; make_equal=&#8221;on&#8221; admin_label=&#8221;langues&#8221; module_class=&#8221;idiomas&#8221; _builder_version=&#8221;4.23.1&#8243; _module_preset=&#8221;default&#8221; width=&#8221;100%&#8221; max_width=&#8221;100%&#8221; custom_padding=&#8221;0px||0px||true|false&#8221; collapsed=&#8221;on&#8221; global_colors_info=&#8221;{}&#8221;][et_pb_column type=&#8221;1_3&#8243; _builder_version=&#8221;4.19.1&#8243; _module_preset=&#8221;default&#8221; background_color=&#8221;#e8a55f&#8221; use_background_color_gradient=&#8221;on&#8221; background_color_gradient_direction=&#8221;90deg&#8221; background_color_gradient_stops=&#8221;#3d3f4f 0%|#5b579b 100%&#8221; custom_padding=&#8221;3%|3%|3%|5%|true|false&#8221; custom_css_main_element=&#8221;display: flex;||flex-direction: column;&#8221; global_colors_info=&#8221;{}&#8221;][et_pb_text admin_label=&#8221;Text&#8221; _builder_version=&#8221;4.19.1&#8243; text_text_color=&#8221;#FFFFFF&#8221; header_2_font=&#8221;||||||||&#8221; header_3_text_color=&#8221;#FFFFFF&#8221; background_enable_color=&#8221;off&#8221; background_size=&#8221;initial&#8221; background_position=&#8221;top_left&#8221; background_repeat=&#8221;repeat&#8221; custom_margin=&#8221;||20px||false|false&#8221; locked=&#8221;off&#8221; global_colors_info=&#8221;{}&#8221;]<\/p>\n<h3>Anglais :<\/h3>\n<p>[\/et_pb_text][et_pb_text admin_label=&#8221;Text&#8221; _builder_version=&#8221;4.19.1&#8243; text_text_color=&#8221;#FFFFFF&#8221; header_2_text_color=&#8221;#FFFFFF&#8221; header_2_font_size=&#8221;30px&#8221; background_enable_color=&#8221;off&#8221; background_size=&#8221;initial&#8221; background_position=&#8221;top_left&#8221; background_repeat=&#8221;repeat&#8221; custom_margin=&#8221;||20px||false|false&#8221; locked=&#8221;off&#8221; global_colors_info=&#8221;{}&#8221;]<\/p>\n<ul>\n<li>Certification de l\u2019universit\u00e9 de Cambridge<\/li>\n<li>5\u00ba : possibilit\u00e9 de se pr\u00e9senter aux \u00e9preuves de PET (B1)<\/li>\n<\/ul>\n<p>De la seconde \u00e0 la terminale : Possibilit\u00e9 de se pr\u00e9senter les \u00e9preuves aux \u00e9preuves First et CAE (C1).[\/et_pb_text][et_pb_button button_url=&#8221;https:\/\/www.cambridgeenglish.org\/fr\/exams-and-tests\/&#8221; url_new_window=&#8221;on&#8221; button_text=&#8221;En savoir plus&#8221; button_alignment=&#8221;center&#8221; _builder_version=&#8221;4.19.1&#8243; _module_preset=&#8221;default&#8221; custom_button=&#8221;on&#8221; button_text_color=&#8221;#FFFFFF&#8221; button_bg_color=&#8221;RGBA(255,255,255,0)&#8221; button_border_width=&#8221;3px&#8221; button_border_color=&#8221;#FFFFFF&#8221; button_on_hover=&#8221;off&#8221; global_colors_info=&#8221;{}&#8221;][\/et_pb_button][\/et_pb_column][et_pb_column type=&#8221;1_3&#8243; _builder_version=&#8221;4.19.1&#8243; _module_preset=&#8221;default&#8221; background_color=&#8221;#5e9ad6&#8243; use_background_color_gradient=&#8221;on&#8221; background_color_gradient_direction=&#8221;90deg&#8221; background_color_gradient_stops=&#8221;#5e9ad6 0%|#1e5296 100%&#8221; custom_padding=&#8221;3%|3%|3%|3%|true|true&#8221; custom_css_main_element=&#8221;display:flex;||flex-direction: column;&#8221; global_colors_info=&#8221;{}&#8221;][et_pb_text admin_label=&#8221;Text&#8221; _builder_version=&#8221;4.19.1&#8243; text_text_color=&#8221;#FFFFFF&#8221; header_2_font=&#8221;||||||||&#8221; header_3_text_color=&#8221;#FFFFFF&#8221; background_enable_color=&#8221;off&#8221; background_size=&#8221;initial&#8221; background_position=&#8221;top_left&#8221; background_repeat=&#8221;repeat&#8221; custom_margin=&#8221;||20px||false|false&#8221; locked=&#8221;off&#8221; global_colors_info=&#8221;{}&#8221;]<\/p>\n<h3>Fran\u00e7ais :<\/h3>\n<p>[\/et_pb_text][et_pb_text admin_label=&#8221;Text&#8221; _builder_version=&#8221;4.19.1&#8243; text_text_color=&#8221;#FFFFFF&#8221; header_2_text_color=&#8221;#FFFFFF&#8221; header_2_font_size=&#8221;30px&#8221; background_enable_color=&#8221;off&#8221; background_size=&#8221;initial&#8221; background_position=&#8221;top_left&#8221; background_repeat=&#8221;repeat&#8221; custom_margin=&#8221;||20px||false|false&#8221; locked=&#8221;off&#8221; global_colors_info=&#8221;{}&#8221;]Certification par la minist\u00e8re de l\u2019\u00c9ducation nationale.<\/p>\n<ul>\n<li>2de, 1\u00e8re et terminale : Pr\u00e9sentation au DELF B2<\/li>\n<li>1\u00ba ou terminale : DALF C1<\/li>\n<\/ul>\n<p>[\/et_pb_text][et_pb_button button_url=&#8221;https:\/\/www.france-education-international.fr\/hub\/diplomes-tests?langue=fr&#8221; url_new_window=&#8221;on&#8221; button_text=&#8221;En savoir plus&#8221; button_alignment=&#8221;center&#8221; _builder_version=&#8221;4.19.4&#8243; _module_preset=&#8221;default&#8221; custom_button=&#8221;on&#8221; button_text_color=&#8221;#FFFFFF&#8221; button_bg_color=&#8221;RGBA(255,255,255,0)&#8221; button_border_width=&#8221;3px&#8221; button_border_color=&#8221;#FFFFFF&#8221; button_on_hover=&#8221;off&#8221; global_colors_info=&#8221;{}&#8221;][\/et_pb_button][\/et_pb_column][et_pb_column type=&#8221;1_3&#8243; _builder_version=&#8221;4.19.1&#8243; _module_preset=&#8221;default&#8221; background_color=&#8221;#698e4f&#8221; use_background_color_gradient=&#8221;on&#8221; background_color_gradient_direction=&#8221;90deg&#8221; background_color_gradient_stops=&#8221;#698e4f 0%|#35660e 100%&#8221; custom_padding=&#8221;3%|3%|3%|3%|true|true&#8221; custom_css_main_element=&#8221;display:flex;||flex-direction: column;&#8221; global_colors_info=&#8221;{}&#8221;][et_pb_text admin_label=&#8221;Text&#8221; _builder_version=&#8221;4.19.1&#8243; text_text_color=&#8221;#FFFFFF&#8221; header_2_font=&#8221;||||||||&#8221; header_3_text_color=&#8221;#FFFFFF&#8221; background_enable_color=&#8221;off&#8221; background_size=&#8221;initial&#8221; background_position=&#8221;top_left&#8221; background_repeat=&#8221;repeat&#8221; custom_margin=&#8221;||20px||false|false&#8221; locked=&#8221;off&#8221; global_colors_info=&#8221;{}&#8221;]<\/p>\n<h3>Espagnol :<\/h3>\n<p>[\/et_pb_text][et_pb_text admin_label=&#8221;Text&#8221; _builder_version=&#8221;4.19.1&#8243; text_text_color=&#8221;#FFFFFF&#8221; header_2_text_color=&#8221;#FFFFFF&#8221; header_2_font_size=&#8221;30px&#8221; background_enable_color=&#8221;off&#8221; background_size=&#8221;initial&#8221; background_position=&#8221;top_left&#8221; background_repeat=&#8221;repeat&#8221; custom_margin=&#8221;||20px||false|false&#8221; locked=&#8221;off&#8221; global_colors_info=&#8221;{}&#8221;]Les \u00e9l\u00e8ves de nationalit\u00e9 fran\u00e7aise ont la possibilit\u00e9 de se pr\u00e9senter au DELE[\/et_pb_text][et_pb_button button_url=&#8221;https:\/\/www.dele.org\/french\/&#8221; url_new_window=&#8221;on&#8221; button_text=&#8221;En savoir plus&#8221; button_alignment=&#8221;center&#8221; module_class=&#8221;btnAbajo&#8221; _builder_version=&#8221;4.19.1&#8243; _module_preset=&#8221;default&#8221; custom_button=&#8221;on&#8221; button_text_color=&#8221;#FFFFFF&#8221; button_bg_color=&#8221;RGBA(255,255,255,0)&#8221; button_border_width=&#8221;3px&#8221; button_border_color=&#8221;#FFFFFF&#8221; button_on_hover=&#8221;off&#8221; global_colors_info=&#8221;{}&#8221;][\/et_pb_button][\/et_pb_column][\/et_pb_row][et_pb_row _builder_version=&#8221;4.23.1&#8243; _module_preset=&#8221;default&#8221; global_colors_info=&#8221;{}&#8221;][et_pb_column type=&#8221;4_4&#8243; _builder_version=&#8221;4.23.1&#8243; _module_preset=&#8221;default&#8221; global_colors_info=&#8221;{}&#8221;][\/et_pb_column][\/et_pb_row][et_pb_row column_structure=&#8221;1_2,1_2&#8243; use_custom_gutter=&#8221;on&#8221; gutter_width=&#8221;1&#8243; make_equal=&#8221;on&#8221; admin_label=&#8221;Le Dipl\u00f4me National du Brevet&#8221; _builder_version=&#8221;4.23.1&#8243; _module_preset=&#8221;default&#8221; width=&#8221;100%&#8221; max_width=&#8221;100%&#8221; custom_padding=&#8221;0px||0px||true|false&#8221; locked=&#8221;off&#8221; collapsed=&#8221;on&#8221; global_colors_info=&#8221;{}&#8221;][et_pb_column type=&#8221;1_2&#8243; _builder_version=&#8221;4.19.1&#8243; _module_preset=&#8221;default&#8221; background_color=&#8221;#41a596&#8243; use_background_color_gradient=&#8221;on&#8221; background_color_gradient_direction=&#8221;90deg&#8221; background_color_gradient_stops=&#8221;#41a596 0%|#147063 100%&#8221; custom_padding=&#8221;3%|5%|3%|5%|true|true&#8221; global_colors_info=&#8221;{}&#8221;][et_pb_text admin_label=&#8221;Text&#8221; _builder_version=&#8221;4.19.1&#8243; text_text_color=&#8221;#FFFFFF&#8221; header_2_font=&#8221;||||||||&#8221; header_3_text_color=&#8221;#FFFFFF&#8221; background_enable_color=&#8221;off&#8221; background_size=&#8221;initial&#8221; background_position=&#8221;top_left&#8221; background_repeat=&#8221;repeat&#8221; custom_margin=&#8221;||20px||false|false&#8221; locked=&#8221;off&#8221; global_colors_info=&#8221;{}&#8221;]<\/p>\n<h3>Le Dipl\u00f4me National du Brevet<\/h3>\n<p>[\/et_pb_text][et_pb_text _builder_version=&#8221;4.19.1&#8243; _module_preset=&#8221;default&#8221; text_text_color=&#8221;#FFFFFF&#8221; header_2_text_color=&#8221;#000000&#8243; header_2_font_size=&#8221;48px&#8221; header_3_text_color=&#8221;#FFFFFF&#8221; header_3_font_size=&#8221;42px&#8221; header_4_text_color=&#8221;#FFFFFF&#8221; header_4_font_size=&#8221;19px&#8221; header_4_line_height=&#8221;1.5em&#8221; custom_margin=&#8221;||||false|false&#8221; custom_padding=&#8221;||||false|false&#8221; header_2_font_size_tablet=&#8221;48px&#8221; header_2_font_size_phone=&#8221;34px&#8221; header_2_font_size_last_edited=&#8221;on|phone&#8221; header_3_font_size_tablet=&#8221;42px&#8221; header_3_font_size_phone=&#8221;30px&#8221; header_3_font_size_last_edited=&#8221;on|phone&#8221; global_colors_info=&#8221;{}&#8221;]<\/p>\n<p>Le DNB \u00e9value les connaissances et comp\u00e9tences acquises \u00e0 la fin du coll\u00e8ge (classe de 3\u00e8me). Il s\u2019obtient \u00e0 partir du contr\u00f4le continu, d\u2019un examen final portant sur mati\u00e8res : Fran\u00e7ais, Histoire et g\u00e9ographie, Sciences, Math\u00e9matiques et d\u2019une \u00e9preuve orale sur un objet d\u2019\u00e9tude choisi par l\u2019\u00e9l\u00e8ve.<br \/>Son obtention repose pour moiti\u00e9 sur l\u2019\u00e9valuation du socle commun, en contr\u00f4le continu ; pour l\u2019autre moiti\u00e9 sur cinq \u00e9preuves finales (\u00e9preuves \u00e9crites en fran\u00e7ais, math\u00e9matiques, histoire et g\u00e9ographie, sciences ; une \u00e9preuve orale sur un projet men\u00e9 durant l\u2019ann\u00e9e).<\/p>\n<p>[\/et_pb_text][\/et_pb_column][et_pb_column type=&#8221;1_2&#8243; _builder_version=&#8221;4.19.1&#8243; _module_preset=&#8221;default&#8221; background_image=&#8221;https:\/\/lfsevilla.com\/wp-content\/uploads\/2020\/11\/WhatsApp-Image-2020-11-20-at-21.38.56.jpeg&#8221; global_colors_info=&#8221;{}&#8221;][\/et_pb_column][\/et_pb_row][et_pb_row column_structure=&#8221;1_2,1_2&#8243; use_custom_gutter=&#8221;on&#8221; gutter_width=&#8221;1&#8243; make_equal=&#8221;on&#8221; admin_label=&#8221;Le Baccalaur\u00e9at&#8221; _builder_version=&#8221;4.23.1&#8243; _module_preset=&#8221;default&#8221; width=&#8221;100%&#8221; max_width=&#8221;100%&#8221; custom_padding=&#8221;0px||0px||true|false&#8221; locked=&#8221;off&#8221; collapsed=&#8221;on&#8221; global_colors_info=&#8221;{}&#8221;][et_pb_column type=&#8221;1_2&#8243; _builder_version=&#8221;4.19.1&#8243; _module_preset=&#8221;default&#8221; background_enable_color=&#8221;off&#8221; background_image=&#8221;https:\/\/lfsevilla.com\/wp-content\/uploads\/2022\/06\/Fotos-2022-AF-15-2.jpg&#8221; background_size=&#8221;initial&#8221; custom_padding=&#8221;||||false|false&#8221; global_colors_info=&#8221;{}&#8221;][\/et_pb_column][et_pb_column type=&#8221;1_2&#8243; _builder_version=&#8221;4.19.1&#8243; _module_preset=&#8221;default&#8221; background_color=&#8221;#5a527c&#8221; use_background_color_gradient=&#8221;on&#8221; background_color_gradient_direction=&#8221;90deg&#8221; background_color_gradient_stops=&#8221;#6d8fa5 0%|#4b5796 100%&#8221; background_enable_image=&#8221;off&#8221; custom_padding=&#8221;3%|5%|3%|5%|true|true&#8221; global_colors_info=&#8221;{}&#8221;][et_pb_text admin_label=&#8221;Text&#8221; _builder_version=&#8221;4.19.1&#8243; text_text_color=&#8221;#FFFFFF&#8221; header_2_font=&#8221;||||||||&#8221; header_3_text_color=&#8221;#FFFFFF&#8221; background_enable_color=&#8221;off&#8221; background_size=&#8221;initial&#8221; background_position=&#8221;top_left&#8221; background_repeat=&#8221;repeat&#8221; custom_margin=&#8221;||20px||false|false&#8221; locked=&#8221;off&#8221; global_colors_info=&#8221;{}&#8221;]<\/p>\n<h3>Le Baccalaur\u00e9at<\/h3>\n<p>[\/et_pb_text][et_pb_text _builder_version=&#8221;4.19.1&#8243; _module_preset=&#8221;default&#8221; text_text_color=&#8221;#FFFFFF&#8221; header_2_text_color=&#8221;#000000&#8243; header_2_font_size=&#8221;48px&#8221; header_3_text_color=&#8221;#FFFFFF&#8221; header_3_font_size=&#8221;42px&#8221; header_4_text_color=&#8221;#FFFFFF&#8221; header_4_font_size=&#8221;19px&#8221; header_4_line_height=&#8221;1.5em&#8221; custom_margin=&#8221;||||false|false&#8221; custom_padding=&#8221;||||false|false&#8221; header_2_font_size_tablet=&#8221;48px&#8221; header_2_font_size_phone=&#8221;34px&#8221; header_2_font_size_last_edited=&#8221;on|phone&#8221; header_3_font_size_tablet=&#8221;42px&#8221; header_3_font_size_phone=&#8221;30px&#8221; header_3_font_size_last_edited=&#8221;on|phone&#8221; global_colors_info=&#8221;{}&#8221;]<\/p>\n<p>Le baccalaur\u00e9at est l\u2019examen terminal des \u00e9tudes secondaires, il permet aux \u00e9l\u00e8ves de mieux pr\u00e9parer leur r\u00e9ussite dans les \u00e9tudes sup\u00e9rieures, de valoriser l\u2019engagement r\u00e9gulier dans leur travail, de les accompagner dans leur projet d\u2019orientation avec une libert\u00e9 dans le choix dans les enseignements suivis.<\/p>\n<p>Le Lyc\u00e9e Fran\u00e7ais International de S\u00e9ville propose cinq sp\u00e9cialit\u00e9s pour le baccalaur\u00e9at g\u00e9n\u00e9ral (math\u00e9matiques ; physique-Chimie ; sciences et vie de la terre , histoire-g\u00e9ographie-g\u00e9opolitique-sciences politiques ; sciences \u00e9conomiques et sociales)<\/p>\n<p>[\/et_pb_text][et_pb_divider show_divider=&#8221;off&#8221; _builder_version=&#8221;4.19.1&#8243; _module_preset=&#8221;default&#8221; global_colors_info=&#8221;{}&#8221;][\/et_pb_divider][et_pb_button button_url=&#8221;https:\/\/www.education.gouv.fr\/reussir-au-lycee\/tout-savoir-sur-le-baccalaureat-les-reponses-vos-questions-325499&#8243; url_new_window=&#8221;on&#8221; button_text=&#8221;Pour plus d\u2019informations&#8221; button_alignment=&#8221;center&#8221; module_class=&#8221;btnAbajo&#8221; _builder_version=&#8221;4.19.4&#8243; _module_preset=&#8221;default&#8221; custom_button=&#8221;on&#8221; button_text_color=&#8221;#FFFFFF&#8221; button_bg_color=&#8221;RGBA(255,255,255,0)&#8221; button_border_width=&#8221;3px&#8221; button_border_color=&#8221;#FFFFFF&#8221; button_on_hover=&#8221;off&#8221; global_colors_info=&#8221;{}&#8221;][\/et_pb_button][\/et_pb_column][\/et_pb_row][\/et_pb_section][et_pb_section fb_built=&#8221;1&#8243; admin_label=&#8221;APR\u00c8S LE BACCCALAUR\u00c9AT&#8221; module_id=&#8221;apres-lfs&#8221; _builder_version=&#8221;4.19.1&#8243; _module_preset=&#8221;default&#8221; custom_padding=&#8221;||0px||false|false&#8221; collapsed=&#8221;on&#8221; global_colors_info=&#8221;{}&#8221;][et_pb_row use_custom_gutter=&#8221;on&#8221; gutter_width=&#8221;1&#8243; make_equal=&#8221;on&#8221; _builder_version=&#8221;4.19.1&#8243; _module_preset=&#8221;default&#8221; width=&#8221;100%&#8221; max_width=&#8221;100%&#8221; custom_padding=&#8221;0px||0px||true|false&#8221; collapsed=&#8221;on&#8221; global_colors_info=&#8221;{}&#8221;][et_pb_column type=&#8221;4_4&#8243; _builder_version=&#8221;4.19.1&#8243; _module_preset=&#8221;default&#8221; custom_padding=&#8221;5%|5%|5%|5%|true|true&#8221; global_colors_info=&#8221;{}&#8221;][et_pb_text admin_label=&#8221;Text&#8221; _builder_version=&#8221;4.19.1&#8243; text_font_size=&#8221;30px&#8221; background_enable_color=&#8221;off&#8221; background_size=&#8221;initial&#8221; background_position=&#8221;top_left&#8221; background_repeat=&#8221;repeat&#8221; text_orientation=&#8221;center&#8221; custom_margin=&#8221;||20px||false|false&#8221; global_colors_info=&#8221;{}&#8221;]<\/p>\n<h2>APR\u00c8S LE BACCCALAUR\u00c9AT<\/h2>\n<p>[\/et_pb_text][et_pb_text admin_label=&#8221;Text&#8221; _builder_version=&#8221;4.19.1&#8243; header_2_text_color=&#8221;#FFFFFF&#8221; header_2_font_size=&#8221;30px&#8221; background_enable_color=&#8221;off&#8221; background_size=&#8221;initial&#8221; background_position=&#8221;top_left&#8221; background_repeat=&#8221;repeat&#8221; text_orientation=&#8221;center&#8221; width=&#8221;77%&#8221; max_width=&#8221;77%&#8221; module_alignment=&#8221;center&#8221; custom_margin=&#8221;||20px||false|false&#8221; global_colors_info=&#8221;{}&#8221;]<\/p>\n<p>Le Baccalaur\u00e9at fran\u00e7ais permet l\u2019acc\u00e8s aux \u00e9tudes sup\u00e9rieures, en France, en Espagne, dans les pays europ\u00e9ens et anglo saxons.<\/p>\n<p>Il donne un acc\u00e8s direct \u00e0 l\u2019universit\u00e9 espagnole, avec une conversion de notes obtenues au baccalaur\u00e9at vers une \u00ab nota de acceso \u00bb de l\u2019\u00e9l\u00e8ve.<\/p>\n<p>Le lyc\u00e9e pr\u00e9pare \u00e9galement les \u00e9l\u00e8ves volontaires aux \u00e9preuves de la phase sp\u00e9cifique de la Selectividad, deux \u00e9preuves choisies. Ces deux \u00e9preuves apportent au candidat un maximum de 4 points qui s\u2019ajoutent \u00e0 la credencial pour obtenir une nota de acceso sur 14.<\/p>\n<p>[\/et_pb_text][et_pb_button button_url=&#8221;\/wp-content\/uploads\/2023\/02\/cartographie_doubles_diplomes_france_espagne_2021.pdf&#8221; url_new_window=&#8221;on&#8221; button_text=&#8221;Liste des doubles dipl\u00f4mes France \u2013 Espagne&#8221; button_alignment=&#8221;center&#8221; _builder_version=&#8221;4.19.4&#8243; _module_preset=&#8221;default&#8221; custom_button=&#8221;on&#8221; button_text_size=&#8221;19px&#8221; button_text_color=&#8221;#000000&#8243; button_bg_color=&#8221;#FFFFFF&#8221; button_border_width=&#8221;3px&#8221; button_border_color=&#8221;#000000&#8243; button_icon=&#8221;&#x49;||divi||400&#8243; button_on_hover=&#8221;off&#8221; custom_margin=&#8221;50px||||false|false&#8221; global_colors_info=&#8221;{}&#8221; button_text_color__hover_enabled=&#8221;on|hover&#8221; button_text_color__hover=&#8221;#000000&#8243; button_border_color__hover_enabled=&#8221;on|desktop&#8221; button_border_color__hover=&#8221;#000000&#8243;][\/et_pb_button][\/et_pb_column][\/et_pb_row][et_pb_row column_structure=&#8221;1_3,1_3,1_3&#8243; use_custom_gutter=&#8221;on&#8221; gutter_width=&#8221;1&#8243; make_equal=&#8221;on&#8221; _builder_version=&#8221;4.19.4&#8243; _module_preset=&#8221;default&#8221; width=&#8221;100%&#8221; max_width=&#8221;100%&#8221; min_height=&#8221;400px&#8221; min_height_tablet=&#8221;400px&#8221; min_height_phone=&#8221;auto&#8221; min_height_last_edited=&#8221;on|phone&#8221; custom_padding=&#8221;60px||60px||true|false&#8221; locked=&#8221;off&#8221; collapsed=&#8221;off&#8221; global_colors_info=&#8221;{}&#8221;][et_pb_column type=&#8221;1_3&#8243; _builder_version=&#8221;4.19.1&#8243; _module_preset=&#8221;default&#8221; background_enable_color=&#8221;off&#8221; background_image=&#8221;https:\/\/lfsevilla.com\/wp-content\/uploads\/2022\/11\/bkg-bandera-francia.jpg&#8221; parallax=&#8221;on&#8221; background_enable_video_mp4=&#8221;off&#8221; custom_padding=&#8221;5%|5%|5%|5%|true|true&#8221; link_option_url=&#8221;https:\/\/www.youtube.com\/watch?v=badnYZtJtuk&#8221; custom_css_main_element=&#8221;display:flex;||flex-direction: column;||align-items: center;||justify-content: center;&#8221; global_colors_info=&#8221;{}&#8221;][et_pb_button button_url=&#8221;https:\/\/www.campusfrance.org\/fr\/etablissements-enseignement-superieur-France&#8221; url_new_window=&#8221;on&#8221; button_text=&#8221;\u00c9tudier en France&#8221; button_alignment=&#8221;center&#8221; _builder_version=&#8221;4.19.4&#8243; _module_preset=&#8221;default&#8221; custom_button=&#8221;on&#8221; button_text_size=&#8221;19px&#8221; button_text_color=&#8221;#FFFFFF&#8221; button_bg_color=&#8221;rgba(54,91,147,0.67)&#8221; button_border_width=&#8221;3px&#8221; button_border_color=&#8221;#FFFFFF&#8221; button_icon=&#8221;&#x49;||divi||400&#8243; button_on_hover=&#8221;off&#8221; custom_margin=&#8221;50px||50px||true|false&#8221; button_text_shadow_style=&#8221;preset2&#8243; button_text_shadow_horizontal_length=&#8221;0.11em&#8221; button_text_shadow_vertical_length=&#8221;0.16em&#8221; button_text_shadow_blur_strength=&#8221;1.6em&#8221; button_text_shadow_color=&#8221;#000000&#8243; global_colors_info=&#8221;{}&#8221; button_text_color__hover_enabled=&#8221;on|hover&#8221; button_text_color__hover=&#8221;#000000&#8243; button_border_color__hover_enabled=&#8221;on|desktop&#8221; button_border_color__hover=&#8221;#000000&#8243;][\/et_pb_button][\/et_pb_column][et_pb_column type=&#8221;1_3&#8243; _builder_version=&#8221;4.19.1&#8243; _module_preset=&#8221;default&#8221; background_image=&#8221;https:\/\/lfsevilla.com\/wp-content\/uploads\/2022\/11\/bkg-bandera-espana.jpg&#8221; parallax=&#8221;on&#8221; custom_padding=&#8221;5%|5%|5%|5%|true|true&#8221; custom_css_main_element=&#8221;display:flex;||flex-direction: column;||align-items: center;||justify-content: center;&#8221; global_colors_info=&#8221;{}&#8221;][et_pb_button button_url=&#8221;\/fr\/etudier-en-espagne\/&#8221; button_text=&#8221;\u00c9tudier en Espagne&#8221; button_alignment=&#8221;center&#8221; _builder_version=&#8221;4.19.4&#8243; _module_preset=&#8221;default&#8221; custom_button=&#8221;on&#8221; button_text_size=&#8221;19px&#8221; button_text_color=&#8221;#FFFFFF&#8221; button_bg_color=&#8221;rgba(54,91,147,0.67)&#8221; button_border_width=&#8221;3px&#8221; button_border_color=&#8221;#FFFFFF&#8221; button_icon=&#8221;&#x49;||divi||400&#8243; button_on_hover=&#8221;off&#8221; custom_margin=&#8221;50px||50px||true|false&#8221; button_text_shadow_style=&#8221;preset2&#8243; button_text_shadow_horizontal_length=&#8221;0.11em&#8221; button_text_shadow_vertical_length=&#8221;0.16em&#8221; button_text_shadow_blur_strength=&#8221;1.6em&#8221; button_text_shadow_color=&#8221;#000000&#8243; global_colors_info=&#8221;{}&#8221; button_text_color__hover=&#8221;#000000&#8243; button_text_color__hover_enabled=&#8221;on|hover&#8221; button_border_color__hover=&#8221;#000000&#8243; button_border_color__hover_enabled=&#8221;on|desktop&#8221;][\/et_pb_button][\/et_pb_column][et_pb_column type=&#8221;1_3&#8243; _builder_version=&#8221;4.19.4&#8243; _module_preset=&#8221;default&#8221; background_image=&#8221;https:\/\/lfsevilla.com\/wp-content\/uploads\/2022\/11\/section-europeenne.jpg&#8221; parallax=&#8221;on&#8221; custom_padding=&#8221;5%|5%|5%|5%|true|true&#8221; custom_css_main_element=&#8221;display:flex;||flex-direction: column;||align-items: center;||justify-content: center;&#8221; global_colors_info=&#8221;{}&#8221;][et_pb_button button_url=&#8221;https:\/\/www.etudionsaletranger.fr\/etudier-au-canada\/etudier-au-canada-apres-le-bac&#8221; url_new_window=&#8221;on&#8221; button_text=&#8221;\u00c9tudier \u00e0 l&#8217;international&#8221; button_alignment=&#8221;center&#8221; _builder_version=&#8221;4.19.4&#8243; _module_preset=&#8221;default&#8221; custom_button=&#8221;on&#8221; button_text_size=&#8221;19px&#8221; button_text_color=&#8221;#FFFFFF&#8221; button_bg_color=&#8221;rgba(54,91,147,0.67)&#8221; button_border_width=&#8221;3px&#8221; button_border_color=&#8221;#FFFFFF&#8221; button_icon=&#8221;&#x49;||divi||400&#8243; button_on_hover=&#8221;off&#8221; custom_margin=&#8221;50px||50px||true|false&#8221; button_text_shadow_style=&#8221;preset2&#8243; button_text_shadow_horizontal_length=&#8221;0.11em&#8221; button_text_shadow_vertical_length=&#8221;0.16em&#8221; button_text_shadow_blur_strength=&#8221;1.6em&#8221; button_text_shadow_color=&#8221;#000000&#8243; global_colors_info=&#8221;{}&#8221; button_text_color__hover=&#8221;#000000&#8243; button_text_color__hover_enabled=&#8221;on|hover&#8221; button_border_color__hover=&#8221;#000000&#8243; button_border_color__hover_enabled=&#8221;on|desktop&#8221;][\/et_pb_button][\/et_pb_column][\/et_pb_row][\/et_pb_section]<\/p>\n","protected":false},"excerpt":{"rendered":"<p>Notre Lyc\u00e9eLYC\u00c9E FRAN\u00c7AISinternational de S\u00e9villeLe Lyc\u00e9e Fran\u00e7ais International de S\u00e9ville appartient au grand r\u00e9seau mondial de l\u2019enseignement fran\u00e7ais \u00e0 l\u2019\u00e9tranger. Il est g\u00e9r\u00e9 le groupe \u00e9ducatif Odyssey \u00e9ducation. Odyssey Education est un groupe fran\u00e7ais d\u2019\u00e9ducation internationale dont les \u00e9tablissements \u00e0 travers le monde offrent, de la maternelle au lyc\u00e9e, une scolarit\u00e9 d\u2019excellence alliant aux programmes [&hellip;]<\/p>\n","protected":false},"author":5,"featured_media":0,"parent":0,"menu_order":0,"comment_status":"closed","ping_status":"closed","template":"","meta":{"_et_pb_use_builder":"on","_et_pb_old_content":"","_et_gb_content_width":"","footnotes":""},"class_list":["post-10957","page","type-page","status-publish","hentry"],"yoast_head":"<!-- This site is optimized with the Yoast SEO plugin v27.0 - https:\/\/yoast.com\/product\/yoast-seo-wordpress\/ -->\n<title>Notre \u00e9tablissement - Lyc\u00e9e Fran\u00e7ais de S\u00e9ville | Colegio privado biling\u00fce en Sevilla<\/title>\n<meta name=\"robots\" content=\"index, follow, max-snippet:-1, max-image-preview:large, max-video-preview:-1\" \/>\n<link rel=\"canonical\" href=\"https:\/\/lfsevilla.com\/nuestro-liceo\/\" \/>\n<meta property=\"og:locale\" content=\"fr_FR\" \/>\n<meta property=\"og:type\" content=\"article\" \/>\n<meta property=\"og:title\" content=\"Notre \u00e9tablissement - Lyc\u00e9e Fran\u00e7ais de S\u00e9ville | Colegio privado biling\u00fce en Sevilla\" \/>\n<meta property=\"og:description\" content=\"Notre Lyc\u00e9eLYC\u00c9E FRAN\u00c7AISinternational de S\u00e9villeLe Lyc\u00e9e Fran\u00e7ais International de S\u00e9ville appartient au grand r\u00e9seau mondial de l\u2019enseignement fran\u00e7ais \u00e0 l\u2019\u00e9tranger. Il est g\u00e9r\u00e9 le groupe \u00e9ducatif Odyssey \u00e9ducation. Odyssey Education est un groupe fran\u00e7ais d\u2019\u00e9ducation internationale dont les \u00e9tablissements \u00e0 travers le monde offrent, de la maternelle au lyc\u00e9e, une scolarit\u00e9 d\u2019excellence alliant aux programmes [&hellip;]\" \/>\n<meta property=\"og:url\" content=\"https:\/\/lfsevilla.com\/nuestro-liceo\/\" \/>\n<meta property=\"og:site_name\" content=\"Lyc\u00e9e Fran\u00e7ais de S\u00e9ville | Colegio privado biling\u00fce en Sevilla\" \/>\n<meta property=\"article:publisher\" content=\"https:\/\/www.facebook.com\/LiceoFrancesSevilla\/\" \/>\n<meta property=\"article:modified_time\" content=\"2026-03-11T13:26:38+00:00\" \/>\n<meta property=\"og:image\" content=\"https:\/\/lfsevilla.com\/wp-content\/uploads\/2023\/05\/Logo-Liceo-Frances-de-Sevilla.jpg\" \/>\n\t<meta property=\"og:image:width\" content=\"326\" \/>\n\t<meta property=\"og:image:height\" content=\"158\" \/>\n\t<meta property=\"og:image:type\" content=\"image\/jpeg\" \/>\n<meta name=\"twitter:card\" content=\"summary_large_image\" \/>\n<meta name=\"twitter:site\" content=\"@lfsevilla\" \/>\n<meta name=\"twitter:label1\" content=\"Dur\u00e9e de lecture estim\u00e9e\" \/>\n\t<meta name=\"twitter:data1\" content=\"25 minutes\" \/>\n<script type=\"application\/ld+json\" class=\"yoast-schema-graph\">{\"@context\":\"https:\/\/schema.org\",\"@graph\":[{\"@type\":\"WebPage\",\"@id\":\"https:\/\/lfsevilla.com\/nuestro-liceo\/\",\"url\":\"https:\/\/lfsevilla.com\/nuestro-liceo\/\",\"name\":\"Notre \u00e9tablissement - Lyc\u00e9e Fran\u00e7ais de S\u00e9ville | Colegio privado biling\u00fce en Sevilla\",\"isPartOf\":{\"@id\":\"https:\/\/lfsevilla.com\/#website\"},\"datePublished\":\"2022-11-23T14:21:38+00:00\",\"dateModified\":\"2026-03-11T13:26:38+00:00\",\"breadcrumb\":{\"@id\":\"https:\/\/lfsevilla.com\/nuestro-liceo\/#breadcrumb\"},\"inLanguage\":\"fr-FR\",\"potentialAction\":[{\"@type\":\"ReadAction\",\"target\":[\"https:\/\/lfsevilla.com\/nuestro-liceo\/\"]}]},{\"@type\":\"BreadcrumbList\",\"@id\":\"https:\/\/lfsevilla.com\/nuestro-liceo\/#breadcrumb\",\"itemListElement\":[{\"@type\":\"ListItem\",\"position\":1,\"name\":\"Portada\",\"item\":\"https:\/\/lfsevilla.com\/fr\/\"},{\"@type\":\"ListItem\",\"position\":2,\"name\":\"Notre \u00e9tablissement\"}]},{\"@type\":\"WebSite\",\"@id\":\"https:\/\/lfsevilla.com\/#website\",\"url\":\"https:\/\/lfsevilla.com\/\",\"name\":\"Lyc\u00e9e Fran\u00e7ais de S\u00e9ville | Colegio privado internacional triling\u00fce en Sevilla\",\"description\":\"El Liceo franc\u00e9s de Sevilla ofrece una ense\u00f1anza pluriling\u00fce (ingl\u00e9s, franc\u00e9s y espa\u00f1ol), multicultural y respetuosa con las libertades individuales.\",\"publisher\":{\"@id\":\"https:\/\/lfsevilla.com\/#organization\"},\"potentialAction\":[{\"@type\":\"SearchAction\",\"target\":{\"@type\":\"EntryPoint\",\"urlTemplate\":\"https:\/\/lfsevilla.com\/?s={search_term_string}\"},\"query-input\":{\"@type\":\"PropertyValueSpecification\",\"valueRequired\":true,\"valueName\":\"search_term_string\"}}],\"inLanguage\":\"fr-FR\"},{\"@type\":\"Organization\",\"@id\":\"https:\/\/lfsevilla.com\/#organization\",\"name\":\"Lyc\u00e9e Fran\u00e7ais International de S\u00e9ville\",\"url\":\"https:\/\/lfsevilla.com\/\",\"logo\":{\"@type\":\"ImageObject\",\"inLanguage\":\"fr-FR\",\"@id\":\"https:\/\/lfsevilla.com\/#\/schema\/logo\/image\/\",\"url\":\"https:\/\/lfsevilla.com\/wp-content\/uploads\/2023\/05\/Logo-Liceo-Frances-de-Sevilla-223x223-1.jpg\",\"contentUrl\":\"https:\/\/lfsevilla.com\/wp-content\/uploads\/2023\/05\/Logo-Liceo-Frances-de-Sevilla-223x223-1.jpg\",\"width\":223,\"height\":223,\"caption\":\"Lyc\u00e9e Fran\u00e7ais International de S\u00e9ville\"},\"image\":{\"@id\":\"https:\/\/lfsevilla.com\/#\/schema\/logo\/image\/\"},\"sameAs\":[\"https:\/\/www.facebook.com\/LiceoFrancesSevilla\/\",\"https:\/\/x.com\/lfsevilla\",\"https:\/\/www.linkedin.com\/company\/liceo-francs-internacional-de-sevilla\/\",\"https:\/\/www.instagram.com\/liceofrancessevilla\/\",\"https:\/\/www.youtube.com\/@liceofrancessevilla1124\"]}]}<\/script>\n<!-- \/ Yoast SEO plugin. -->","yoast_head_json":{"title":"Notre \u00e9tablissement - Lyc\u00e9e Fran\u00e7ais de S\u00e9ville | Colegio privado biling\u00fce en Sevilla","robots":{"index":"index","follow":"follow","max-snippet":"max-snippet:-1","max-image-preview":"max-image-preview:large","max-video-preview":"max-video-preview:-1"},"canonical":"https:\/\/lfsevilla.com\/nuestro-liceo\/","og_locale":"fr_FR","og_type":"article","og_title":"Notre \u00e9tablissement - Lyc\u00e9e Fran\u00e7ais de S\u00e9ville | Colegio privado biling\u00fce en Sevilla","og_description":"Notre Lyc\u00e9eLYC\u00c9E FRAN\u00c7AISinternational de S\u00e9villeLe Lyc\u00e9e Fran\u00e7ais International de S\u00e9ville appartient au grand r\u00e9seau mondial de l\u2019enseignement fran\u00e7ais \u00e0 l\u2019\u00e9tranger. Il est g\u00e9r\u00e9 le groupe \u00e9ducatif Odyssey \u00e9ducation. Odyssey Education est un groupe fran\u00e7ais d\u2019\u00e9ducation internationale dont les \u00e9tablissements \u00e0 travers le monde offrent, de la maternelle au lyc\u00e9e, une scolarit\u00e9 d\u2019excellence alliant aux programmes [&hellip;]","og_url":"https:\/\/lfsevilla.com\/nuestro-liceo\/","og_site_name":"Lyc\u00e9e Fran\u00e7ais de S\u00e9ville | Colegio privado biling\u00fce en Sevilla","article_publisher":"https:\/\/www.facebook.com\/LiceoFrancesSevilla\/","article_modified_time":"2026-03-11T13:26:38+00:00","og_image":[{"width":326,"height":158,"url":"https:\/\/lfsevilla.com\/wp-content\/uploads\/2023\/05\/Logo-Liceo-Frances-de-Sevilla.jpg","type":"image\/jpeg"}],"twitter_card":"summary_large_image","twitter_site":"@lfsevilla","twitter_misc":{"Dur\u00e9e de lecture estim\u00e9e":"25 minutes"},"schema":{"@context":"https:\/\/schema.org","@graph":[{"@type":"WebPage","@id":"https:\/\/lfsevilla.com\/nuestro-liceo\/","url":"https:\/\/lfsevilla.com\/nuestro-liceo\/","name":"Notre \u00e9tablissement - Lyc\u00e9e Fran\u00e7ais de S\u00e9ville | Colegio privado biling\u00fce en Sevilla","isPartOf":{"@id":"https:\/\/lfsevilla.com\/#website"},"datePublished":"2022-11-23T14:21:38+00:00","dateModified":"2026-03-11T13:26:38+00:00","breadcrumb":{"@id":"https:\/\/lfsevilla.com\/nuestro-liceo\/#breadcrumb"},"inLanguage":"fr-FR","potentialAction":[{"@type":"ReadAction","target":["https:\/\/lfsevilla.com\/nuestro-liceo\/"]}]},{"@type":"BreadcrumbList","@id":"https:\/\/lfsevilla.com\/nuestro-liceo\/#breadcrumb","itemListElement":[{"@type":"ListItem","position":1,"name":"Portada","item":"https:\/\/lfsevilla.com\/fr\/"},{"@type":"ListItem","position":2,"name":"Notre \u00e9tablissement"}]},{"@type":"WebSite","@id":"https:\/\/lfsevilla.com\/#website","url":"https:\/\/lfsevilla.com\/","name":"Lyc\u00e9e Fran\u00e7ais de S\u00e9ville | Colegio privado internacional triling\u00fce en Sevilla","description":"El Liceo franc\u00e9s de Sevilla ofrece una ense\u00f1anza pluriling\u00fce (ingl\u00e9s, franc\u00e9s y espa\u00f1ol), multicultural y respetuosa con las libertades individuales.","publisher":{"@id":"https:\/\/lfsevilla.com\/#organization"},"potentialAction":[{"@type":"SearchAction","target":{"@type":"EntryPoint","urlTemplate":"https:\/\/lfsevilla.com\/?s={search_term_string}"},"query-input":{"@type":"PropertyValueSpecification","valueRequired":true,"valueName":"search_term_string"}}],"inLanguage":"fr-FR"},{"@type":"Organization","@id":"https:\/\/lfsevilla.com\/#organization","name":"Lyc\u00e9e Fran\u00e7ais International de S\u00e9ville","url":"https:\/\/lfsevilla.com\/","logo":{"@type":"ImageObject","inLanguage":"fr-FR","@id":"https:\/\/lfsevilla.com\/#\/schema\/logo\/image\/","url":"https:\/\/lfsevilla.com\/wp-content\/uploads\/2023\/05\/Logo-Liceo-Frances-de-Sevilla-223x223-1.jpg","contentUrl":"https:\/\/lfsevilla.com\/wp-content\/uploads\/2023\/05\/Logo-Liceo-Frances-de-Sevilla-223x223-1.jpg","width":223,"height":223,"caption":"Lyc\u00e9e Fran\u00e7ais International de S\u00e9ville"},"image":{"@id":"https:\/\/lfsevilla.com\/#\/schema\/logo\/image\/"},"sameAs":["https:\/\/www.facebook.com\/LiceoFrancesSevilla\/","https:\/\/x.com\/lfsevilla","https:\/\/www.linkedin.com\/company\/liceo-francs-internacional-de-sevilla\/","https:\/\/www.instagram.com\/liceofrancessevilla\/","https:\/\/www.youtube.com\/@liceofrancessevilla1124"]}]}},"_links":{"self":[{"href":"https:\/\/lfsevilla.com\/fr\/wp-json\/wp\/v2\/pages\/10957","targetHints":{"allow":["GET"]}}],"collection":[{"href":"https:\/\/lfsevilla.com\/fr\/wp-json\/wp\/v2\/pages"}],"about":[{"href":"https:\/\/lfsevilla.com\/fr\/wp-json\/wp\/v2\/types\/page"}],"author":[{"embeddable":true,"href":"https:\/\/lfsevilla.com\/fr\/wp-json\/wp\/v2\/users\/5"}],"replies":[{"embeddable":true,"href":"https:\/\/lfsevilla.com\/fr\/wp-json\/wp\/v2\/comments?post=10957"}],"version-history":[{"count":239,"href":"https:\/\/lfsevilla.com\/fr\/wp-json\/wp\/v2\/pages\/10957\/revisions"}],"predecessor-version":[{"id":16423,"href":"https:\/\/lfsevilla.com\/fr\/wp-json\/wp\/v2\/pages\/10957\/revisions\/16423"}],"wp:attachment":[{"href":"https:\/\/lfsevilla.com\/fr\/wp-json\/wp\/v2\/media?parent=10957"}],"curies":[{"name":"wp","href":"https:\/\/api.w.org\/{rel}","templated":true}]}}