{"version":"1.0","provider_name":"Lyc\u00e9e Fran\u00e7ais de S\u00e9ville | Colegio privado biling\u00fce en Sevilla","provider_url":"https:\/\/lfsevilla.com\/fr\/","title":"L\u2019ESMUSE s\u2019int\u00e8gre au Lyc\u00e9e Fran\u00e7ais de S\u00e9ville - Lyc\u00e9e Fran\u00e7ais de S\u00e9ville | Colegio privado biling\u00fce en Sevilla","type":"rich","width":600,"height":338,"html":"<blockquote class=\"wp-embedded-content\" data-secret=\"auAyNVx6tu\"><a href=\"https:\/\/lfsevilla.com\/fr\/lesmuse-sintegre-au-lycee-francais-de-seville\/\">L\u2019ESMUSE s\u2019int\u00e8gre au Lyc\u00e9e Fran\u00e7ais de S\u00e9ville<\/a><\/blockquote><iframe sandbox=\"allow-scripts\" security=\"restricted\" src=\"https:\/\/lfsevilla.com\/fr\/lesmuse-sintegre-au-lycee-francais-de-seville\/embed\/#?secret=auAyNVx6tu\" width=\"600\" height=\"338\" title=\"\u00ab\u00a0L\u2019ESMUSE s\u2019int\u00e8gre au Lyc\u00e9e Fran\u00e7ais de S\u00e9ville\u00a0\u00bb &#8212; Lyc\u00e9e Fran\u00e7ais de S\u00e9ville | Colegio privado biling\u00fce en Sevilla\" data-secret=\"auAyNVx6tu\" frameborder=\"0\" marginwidth=\"0\" marginheight=\"0\" scrolling=\"no\" class=\"wp-embedded-content\"><\/iframe><script type=\"text\/javascript\">\n\/* <![CDATA[ *\/\n\/*! This file is auto-generated *\/\n!function(d,l){\"use strict\";l.querySelector&&d.addEventListener&&\"undefined\"!=typeof URL&&(d.wp=d.wp||{},d.wp.receiveEmbedMessage||(d.wp.receiveEmbedMessage=function(e){var t=e.data;if((t||t.secret||t.message||t.value)&&!\/[^a-zA-Z0-9]\/.test(t.secret)){for(var s,r,n,a=l.querySelectorAll('iframe[data-secret=\"'+t.secret+'\"]'),o=l.querySelectorAll('blockquote[data-secret=\"'+t.secret+'\"]'),c=new RegExp(\"^https?:$\",\"i\"),i=0;i<o.length;i++)o[i].style.display=\"none\";for(i=0;i<a.length;i++)s=a[i],e.source===s.contentWindow&&(s.removeAttribute(\"style\"),\"height\"===t.message?(1e3<(r=parseInt(t.value,10))?r=1e3:~~r<200&&(r=200),s.height=r):\"link\"===t.message&&(r=new URL(s.getAttribute(\"src\")),n=new URL(t.value),c.test(n.protocol))&&n.host===r.host&&l.activeElement===s&&(d.top.location.href=t.value))}},d.addEventListener(\"message\",d.wp.receiveEmbedMessage,!1),l.addEventListener(\"DOMContentLoaded\",function(){for(var e,t,s=l.querySelectorAll(\"iframe.wp-embedded-content\"),r=0;r<s.length;r++)(t=(e=s[r]).getAttribute(\"data-secret\"))||(t=Math.random().toString(36).substring(2,12),e.src+=\"#?secret=\"+t,e.setAttribute(\"data-secret\",t)),e.contentWindow.postMessage({message:\"ready\",secret:t},\"*\")},!1)))}(window,document);\n\/* ]]> *\/\n<\/script>\n","thumbnail_url":"https:\/\/lfsevilla.com\/wp-content\/uploads\/2024\/09\/IMG20240912161230-scaled.jpg","thumbnail_width":2560,"thumbnail_height":1928,"description":"L\u2019ESMUSE s\u2019int\u00e8gre au Lyc\u00e9e Fran\u00e7ais de S\u00e9ville &#13; \u00a0 Nous avons le plaisir d\u2019annoncer que, \u00e0 partir de cette ann\u00e9e, l\u2019\u00c9cole de Musique de S\u00e9ville (ESMUSE) s\u2019int\u00e8gre pleinement \u00e0 notre \u00e9tablissement, offrant \u00e0 nos \u00e9l\u00e8ves une opportunit\u00e9 unique de d\u00e9velopper leurs comp\u00e9tences musicales dans un cadre \u00e9ducatif de qualit\u00e9. L\u2019ESMUSE est une institution reconnue pour [&hellip;]"}