{"version":"1.0","provider_name":"Lyc\u00e9e Fran\u00e7ais de S\u00e9ville | Colegio privado biling\u00fce en Sevilla","provider_url":"https:\/\/lfsevilla.com\/fr\/","title":"\u00a1F\u00e9licitations \u00e0 la Promotion 2024! - Lyc\u00e9e Fran\u00e7ais de S\u00e9ville | Colegio privado biling\u00fce en Sevilla","type":"rich","width":600,"height":338,"html":"<blockquote class=\"wp-embedded-content\" data-secret=\"7PhNvotuPq\"><a href=\"https:\/\/lfsevilla.com\/fr\/felicitations-a-la-promotion-2024\/\">\u00a1F\u00e9licitations \u00e0 la Promotion 2024!<\/a><\/blockquote><iframe sandbox=\"allow-scripts\" security=\"restricted\" src=\"https:\/\/lfsevilla.com\/fr\/felicitations-a-la-promotion-2024\/embed\/#?secret=7PhNvotuPq\" width=\"600\" height=\"338\" title=\"\u00ab\u00a0\u00a1F\u00e9licitations \u00e0 la Promotion 2024!\u00a0\u00bb &#8212; Lyc\u00e9e Fran\u00e7ais de S\u00e9ville | Colegio privado biling\u00fce en Sevilla\" data-secret=\"7PhNvotuPq\" frameborder=\"0\" marginwidth=\"0\" marginheight=\"0\" scrolling=\"no\" class=\"wp-embedded-content\"><\/iframe><script type=\"text\/javascript\">\n\/* <![CDATA[ *\/\n\/*! This file is auto-generated *\/\n!function(d,l){\"use strict\";l.querySelector&&d.addEventListener&&\"undefined\"!=typeof URL&&(d.wp=d.wp||{},d.wp.receiveEmbedMessage||(d.wp.receiveEmbedMessage=function(e){var t=e.data;if((t||t.secret||t.message||t.value)&&!\/[^a-zA-Z0-9]\/.test(t.secret)){for(var s,r,n,a=l.querySelectorAll('iframe[data-secret=\"'+t.secret+'\"]'),o=l.querySelectorAll('blockquote[data-secret=\"'+t.secret+'\"]'),c=new RegExp(\"^https?:$\",\"i\"),i=0;i<o.length;i++)o[i].style.display=\"none\";for(i=0;i<a.length;i++)s=a[i],e.source===s.contentWindow&&(s.removeAttribute(\"style\"),\"height\"===t.message?(1e3<(r=parseInt(t.value,10))?r=1e3:~~r<200&&(r=200),s.height=r):\"link\"===t.message&&(r=new URL(s.getAttribute(\"src\")),n=new URL(t.value),c.test(n.protocol))&&n.host===r.host&&l.activeElement===s&&(d.top.location.href=t.value))}},d.addEventListener(\"message\",d.wp.receiveEmbedMessage,!1),l.addEventListener(\"DOMContentLoaded\",function(){for(var e,t,s=l.querySelectorAll(\"iframe.wp-embedded-content\"),r=0;r<s.length;r++)(t=(e=s[r]).getAttribute(\"data-secret\"))||(t=Math.random().toString(36).substring(2,12),e.src+=\"#?secret=\"+t,e.setAttribute(\"data-secret\",t)),e.contentWindow.postMessage({message:\"ready\",secret:t},\"*\")},!1)))}(window,document);\n\/* ]]> *\/\n<\/script>\n","thumbnail_url":"https:\/\/lfsevilla.com\/wp-content\/uploads\/2024\/06\/Diseno-sin-titulo-1-1024x682.png","thumbnail_width":1024,"thumbnail_height":682,"description":"Nous sommes immens\u00e9ment fiers de vous, non seulement pour vos r\u00e9ussites acad\u00e9miques, mais aussi pour votre solidarit\u00e9, votre sens de la citoyennet\u00e9, votre bienveillance et tout ce que vous avez apport\u00e9 au Lyc\u00e9e, votre Lyc\u00e9e, au fil des ann\u00e9es. C&#8217;est un moment significatif dans vos vies, une \u00e9tape qui marque le d\u00e9but de nouvelles aventures [&hellip;]"}