{"version":"1.0","provider_name":"Lyc\u00e9e Fran\u00e7ais de S\u00e9ville | Colegio privado biling\u00fce en Sevilla","provider_url":"https:\/\/lfsevilla.com\/fr\/","title":"\u00c9change International : Nos \u00c9l\u00e8ves de Seconde D\u00e9couvrent Toronto - Lyc\u00e9e Fran\u00e7ais de S\u00e9ville | Colegio privado biling\u00fce en Sevilla","type":"rich","width":600,"height":338,"html":"<blockquote class=\"wp-embedded-content\" data-secret=\"BsJjTPXdhf\"><a href=\"https:\/\/lfsevilla.com\/fr\/echange-international-nos-eleves-de-seconde-decouvrent-toronto\/\">\u00c9change International : Nos \u00c9l\u00e8ves de Seconde D\u00e9couvrent Toronto<\/a><\/blockquote><iframe sandbox=\"allow-scripts\" security=\"restricted\" src=\"https:\/\/lfsevilla.com\/fr\/echange-international-nos-eleves-de-seconde-decouvrent-toronto\/embed\/#?secret=BsJjTPXdhf\" width=\"600\" height=\"338\" title=\"\u00ab\u00a0\u00c9change International : Nos \u00c9l\u00e8ves de Seconde D\u00e9couvrent Toronto\u00a0\u00bb &#8212; Lyc\u00e9e Fran\u00e7ais de S\u00e9ville | Colegio privado biling\u00fce en Sevilla\" data-secret=\"BsJjTPXdhf\" frameborder=\"0\" marginwidth=\"0\" marginheight=\"0\" scrolling=\"no\" class=\"wp-embedded-content\"><\/iframe><script type=\"text\/javascript\">\n\/* <![CDATA[ *\/\n\/*! This file is auto-generated *\/\n!function(d,l){\"use strict\";l.querySelector&&d.addEventListener&&\"undefined\"!=typeof URL&&(d.wp=d.wp||{},d.wp.receiveEmbedMessage||(d.wp.receiveEmbedMessage=function(e){var t=e.data;if((t||t.secret||t.message||t.value)&&!\/[^a-zA-Z0-9]\/.test(t.secret)){for(var s,r,n,a=l.querySelectorAll('iframe[data-secret=\"'+t.secret+'\"]'),o=l.querySelectorAll('blockquote[data-secret=\"'+t.secret+'\"]'),c=new RegExp(\"^https?:$\",\"i\"),i=0;i<o.length;i++)o[i].style.display=\"none\";for(i=0;i<a.length;i++)s=a[i],e.source===s.contentWindow&&(s.removeAttribute(\"style\"),\"height\"===t.message?(1e3<(r=parseInt(t.value,10))?r=1e3:~~r<200&&(r=200),s.height=r):\"link\"===t.message&&(r=new URL(s.getAttribute(\"src\")),n=new URL(t.value),c.test(n.protocol))&&n.host===r.host&&l.activeElement===s&&(d.top.location.href=t.value))}},d.addEventListener(\"message\",d.wp.receiveEmbedMessage,!1),l.addEventListener(\"DOMContentLoaded\",function(){for(var e,t,s=l.querySelectorAll(\"iframe.wp-embedded-content\"),r=0;r<s.length;r++)(t=(e=s[r]).getAttribute(\"data-secret\"))||(t=Math.random().toString(36).substring(2,12),e.src+=\"#?secret=\"+t,e.setAttribute(\"data-secret\",t)),e.contentWindow.postMessage({message:\"ready\",secret:t},\"*\")},!1)))}(window,document);\n\/* ]]> *\/\n<\/script>\n","thumbnail_url":"https:\/\/lfsevilla.com\/wp-content\/uploads\/2025\/05\/Salida-a-Toronto-Seconde-scaled.jpg","thumbnail_width":1920,"thumbnail_height":2560,"description":"En ce moment, un groupe d\u2019\u00e9l\u00e8ves de Seconde du Lyc\u00e9e Fran\u00e7ais International de S\u00e9ville vit une exp\u00e9rience inoubliable : un voyage d\u2019\u00e9change scolaire \u00e0 Toronto, au Canada. Tout au long de leur s\u00e9jour, nos \u00e9l\u00e8ves d\u00e9veloppent leurs comp\u00e9tences linguistiques en fran\u00e7ais et en anglais, tout en d\u00e9couvrant la culture canadienne de mani\u00e8re authentique. H\u00e9berg\u00e9s dans [&hellip;]"}