{"version":"1.0","provider_name":"Lyc\u00e9e Fran\u00e7ais de S\u00e9ville | Colegio privado biling\u00fce en Sevilla","provider_url":"https:\/\/lfsevilla.com\/fr\/","title":"Campagne Solidaire - Lyc\u00e9e Fran\u00e7ais de S\u00e9ville | Colegio privado biling\u00fce en Sevilla","type":"rich","width":600,"height":338,"html":"<blockquote class=\"wp-embedded-content\" data-secret=\"eDRYmKfBqK\"><a href=\"https:\/\/lfsevilla.com\/fr\/campagne-solidaire\/\">Campagne Solidaire<\/a><\/blockquote><iframe sandbox=\"allow-scripts\" security=\"restricted\" src=\"https:\/\/lfsevilla.com\/fr\/campagne-solidaire\/embed\/#?secret=eDRYmKfBqK\" width=\"600\" height=\"338\" title=\"\u00ab\u00a0Campagne Solidaire\u00a0\u00bb &#8212; Lyc\u00e9e Fran\u00e7ais de S\u00e9ville | Colegio privado biling\u00fce en Sevilla\" data-secret=\"eDRYmKfBqK\" frameborder=\"0\" marginwidth=\"0\" marginheight=\"0\" scrolling=\"no\" class=\"wp-embedded-content\"><\/iframe><script type=\"text\/javascript\">\n\/* <![CDATA[ *\/\n\/*! This file is auto-generated *\/\n!function(d,l){\"use strict\";l.querySelector&&d.addEventListener&&\"undefined\"!=typeof URL&&(d.wp=d.wp||{},d.wp.receiveEmbedMessage||(d.wp.receiveEmbedMessage=function(e){var t=e.data;if((t||t.secret||t.message||t.value)&&!\/[^a-zA-Z0-9]\/.test(t.secret)){for(var s,r,n,a=l.querySelectorAll('iframe[data-secret=\"'+t.secret+'\"]'),o=l.querySelectorAll('blockquote[data-secret=\"'+t.secret+'\"]'),c=new RegExp(\"^https?:$\",\"i\"),i=0;i<o.length;i++)o[i].style.display=\"none\";for(i=0;i<a.length;i++)s=a[i],e.source===s.contentWindow&&(s.removeAttribute(\"style\"),\"height\"===t.message?(1e3<(r=parseInt(t.value,10))?r=1e3:~~r<200&&(r=200),s.height=r):\"link\"===t.message&&(r=new URL(s.getAttribute(\"src\")),n=new URL(t.value),c.test(n.protocol))&&n.host===r.host&&l.activeElement===s&&(d.top.location.href=t.value))}},d.addEventListener(\"message\",d.wp.receiveEmbedMessage,!1),l.addEventListener(\"DOMContentLoaded\",function(){for(var e,t,s=l.querySelectorAll(\"iframe.wp-embedded-content\"),r=0;r<s.length;r++)(t=(e=s[r]).getAttribute(\"data-secret\"))||(t=Math.random().toString(36).substring(2,12),e.src+=\"#?secret=\"+t,e.setAttribute(\"data-secret\",t)),e.contentWindow.postMessage({message:\"ready\",secret:t},\"*\")},!1)))}(window,document);\n\/* ]]> *\/\n<\/script>\n","thumbnail_url":"https:\/\/lfsevilla.com\/wp-content\/uploads\/2021\/12\/Cartel-Solidario-1-scaled-e1639306576427.jpg","thumbnail_width":1810,"thumbnail_height":2560,"description":"Le lyce\u0301e a de\u0301cide\u0301 de s\u2019engager aux co\u0302te\u0301s de la banque alimentaire de Se\u0301ville et de l\u2019as- sociation Amigos del Parque del Alamillo pour contribuer a\u0300 ce que tous les enfants et familles puissent passer d\u2019heureux moments. Nous vous donnons rendez-vous a\u0300 l\u2019entre\u0301e du lyce\u0301e de 8h15 a\u0300 9h pour collecter des aliments non pe\u0301rissables [&hellip;]"}