{"version":"1.0","provider_name":"Lyc\u00e9e Fran\u00e7ais de S\u00e9ville | Colegio privado biling\u00fce en Sevilla","provider_url":"https:\/\/lfsevilla.com\/fr\/","title":"- Lyc\u00e9e Fran\u00e7ais de S\u00e9ville | Colegio privado biling\u00fce en Sevilla","type":"rich","width":600,"height":338,"html":"<blockquote class=\"wp-embedded-content\" data-secret=\"5nSpVyyRli\"><a href=\"https:\/\/lfsevilla.com\/fr\/2544\/\"><\/a><\/blockquote><iframe sandbox=\"allow-scripts\" security=\"restricted\" src=\"https:\/\/lfsevilla.com\/fr\/2544\/embed\/#?secret=5nSpVyyRli\" width=\"600\" height=\"338\" title=\"\u00ab\u00a0\u00a0\u00bb &#8212; Lyc\u00e9e Fran\u00e7ais de S\u00e9ville | Colegio privado biling\u00fce en Sevilla\" data-secret=\"5nSpVyyRli\" frameborder=\"0\" marginwidth=\"0\" marginheight=\"0\" scrolling=\"no\" class=\"wp-embedded-content\"><\/iframe><script type=\"text\/javascript\">\n\/* <![CDATA[ *\/\n\/*! This file is auto-generated *\/\n!function(d,l){\"use strict\";l.querySelector&&d.addEventListener&&\"undefined\"!=typeof URL&&(d.wp=d.wp||{},d.wp.receiveEmbedMessage||(d.wp.receiveEmbedMessage=function(e){var t=e.data;if((t||t.secret||t.message||t.value)&&!\/[^a-zA-Z0-9]\/.test(t.secret)){for(var s,r,n,a=l.querySelectorAll('iframe[data-secret=\"'+t.secret+'\"]'),o=l.querySelectorAll('blockquote[data-secret=\"'+t.secret+'\"]'),c=new RegExp(\"^https?:$\",\"i\"),i=0;i<o.length;i++)o[i].style.display=\"none\";for(i=0;i<a.length;i++)s=a[i],e.source===s.contentWindow&&(s.removeAttribute(\"style\"),\"height\"===t.message?(1e3<(r=parseInt(t.value,10))?r=1e3:~~r<200&&(r=200),s.height=r):\"link\"===t.message&&(r=new URL(s.getAttribute(\"src\")),n=new URL(t.value),c.test(n.protocol))&&n.host===r.host&&l.activeElement===s&&(d.top.location.href=t.value))}},d.addEventListener(\"message\",d.wp.receiveEmbedMessage,!1),l.addEventListener(\"DOMContentLoaded\",function(){for(var e,t,s=l.querySelectorAll(\"iframe.wp-embedded-content\"),r=0;r<s.length;r++)(t=(e=s[r]).getAttribute(\"data-secret\"))||(t=Math.random().toString(36).substring(2,12),e.src+=\"#?secret=\"+t,e.setAttribute(\"data-secret\",t)),e.contentWindow.postMessage({message:\"ready\",secret:t},\"*\")},!1)))}(window,document);\n\/* ]]> *\/\n<\/script>\n","thumbnail_url":"https:\/\/lfsevilla.com\/wp-content\/uploads\/2018\/11\/TALLER-MES-NOV18-1.jpg","thumbnail_width":2480,"thumbnail_height":3507,"description":"L&#8217;AMPA des petits r\u00e9alisera ce mardi 27 novembre, \u00e0 10:15 heure, l&#8217;atelier du mois &#8216; S&#8217;\u00e9veiller du corps &#8216;. \u00a0Cet atelier est offert \u00e0 tous les parents d&#8217;enfants entre 0 et 3 ans d&#8217;\u00e2ge. L&#8217;entr\u00e9e est libre et l&#8217;atelier se d\u00e9veloppera dans les trois langues \u00e9tudi\u00e9es au Lyc\u00e9e Fran\u00e7ais de S\u00e9ville,Le Fran\u00e7ais, l&#8217;Espagnol et \u00a0l&#8217;Anglais. [&hellip;]"}